{"id":256,"date":"2014-11-06T10:25:30","date_gmt":"2014-11-06T09:25:30","guid":{"rendered":"http:\/\/lausitzer-museenland.de\/?page_id=256"},"modified":"2023-11-23T13:34:16","modified_gmt":"2023-11-23T12:34:16","slug":"stadt-und-industriemuseum-guben","status":"publish","type":"page","link":"http:\/\/www.lausitzer-museenland.de\/cs\/muzea\/mesto-a-prumysl-muzeum-guben\/","title":{"rendered":"Gubensk\u00e9 m\u011bstsk\u00e9 a pr\u016fmyslov\u00e9 muzeum \/ M\u011bs\u0107a\u0144ski a industrijowy muzej Gubin"},"content":{"rendered":"<p><a href=\"#galerie_industrie_guben\">Galerie | <\/a><a href=\"#austellungen_industrie_guben\">V\u00fdstavy<\/a><a href=\"#galerie_industrie_guben\"> | <\/a><a href=\"#kinderangebot_industrie_guben\">Nab\u00eddky pro d\u011bti<\/a><a href=\"#galerie_industrie_guben\"><br \/>\n<\/a><a href=\"https:\/\/www.lausitzer-museenland.de\/wp-content\/uploads\/2020\/11\/SIM-Guben2020.png\"><img loading=\"lazy\" class=\"aligncenter size-full wp-image-53201\" src=\"https:\/\/www.lausitzer-museenland.de\/wp-content\/uploads\/2020\/11\/SIM-Guben2020.png\" alt=\"SIM karta Guben2020\" width=\"750\" height=\"381\" srcset=\"https:\/\/www.lausitzer-museenland.de\/wp-content\/uploads\/2020\/11\/SIM-Guben2020.png 750w, https:\/\/www.lausitzer-museenland.de\/wp-content\/uploads\/2020\/11\/SIM-Guben2020-300x152.png 300w\" sizes=\"(max-width: 750px) 100vw, 750px\" \/><\/a><a href=\"#galerie_industrie_guben\"><br \/>\n<strong>Modern\u00ed expozice v historick\u00e9 tov\u00e1rn\u00ed budov\u011b<\/strong><\/a><\/p>\n<h3>Situace budovy \/ pozemku<\/h3>\n<p>B\u00fdval\u00e9 Technick\u00e9 muzeum klobou\u010dnick\u00e9ho pr\u016fmyslu se nach\u00e1z\u00ed v pam\u00e1tkov\u011b chr\u00e1n\u011bn\u00e9 tov\u00e1rn\u00ed budov\u011b v historick\u00e9m are\u00e1lu b\u00fdval\u00e9 tov\u00e1rny \"Carl-Gottlob-Wilke-Hutfabrik\". Tov\u00e1rna byla postavena v roce 1864 a slavnostn\u011b otev\u0159ena v roce 1867. V r\u00e1mci rozvoje vnit\u0159n\u00edho m\u011bsta Guben na Nise byla budova renovov\u00e1na a otev\u0159ena 8. \u010dervence 2006 na \"Promenade am Dreieck\" na Gasstra\u00dfe. Nov\u011b navr\u017een\u00fd komplex budov zahrnuje m\u011bstsk\u00e9 a pr\u016fmyslov\u00e9 muzeum, gubenskou radnici s centrem slu\u017eeb, m\u011bstskou knihovnu a hudebn\u00ed \u0161kolu, dal\u0161\u00ed v\u00fdstavn\u00ed prostory a impozantn\u00ed budovu b\u00fdval\u00e9 barv\u00edrny - dne\u0161n\u00ed \"Alte F\u00e4rberei\" - s \u0161irokou nab\u00eddkou akc\u00ed.<\/p>\n<h3>Charakteristika<\/h3>\n<p>B\u00fdval\u00e1 tov\u00e1rna na klobouky Carla Gottloba Wilkeho, n\u011bmeck\u00e9ho vyn\u00e1lezce vln\u011bn\u00e9ho plst\u011bn\u00e9ho klobouku odoln\u00e9ho proti pov\u011btrnostn\u00edm vliv\u016fm, p\u0159edstavuje d\u00edky inovativn\u00edm designov\u00fdm n\u00e1pad\u016fm a modern\u00edm m\u00e9di\u00edm novou a pravd\u011bpodobn\u011b jedine\u010dnou v\u00fdstavu. Pod 14 velkolep\u00fdmi tematick\u00fdmi klobouky, kter\u00e9 maj\u00ed vyvol\u00e1vat asociace s kloboukem, mohou n\u00e1v\u0161t\u011bvn\u00edci na plo\u0161e p\u0159ibli\u017en\u011b 450 m\u00b2 poznat mnohotv\u00e1rnou historii m\u011bsta Guben a jeho pr\u016fmyslu v n\u011bm\u010din\u011b a pol\u0161tin\u011b. P\u00edsemn\u00fd pr\u016fvodce muzeem je k dispozici v angli\u010dtin\u011b. Historick\u00e9 poznatky o d\u011bjin\u00e1ch m\u011bsta a informace o v\u00fdrob\u011b klobouk\u016f v Gubenu si m\u016f\u017eete vyzkou\u0161et r\u016fzn\u00fdmi zp\u016fsoby, nap\u0159. prost\u0159ednictv\u00edm p\u0159\u00edb\u011bh\u016f, kter\u00e9 si m\u016f\u017eete poslechnout a nad kter\u00fdmi m\u016f\u017eete \u017easnout, zaj\u00edmavost\u00ed, kter\u00e9 si m\u016f\u017eete p\u0159e\u010d\u00edst a prohl\u00e9dnout, historie, kter\u00e9 se m\u016f\u017eete dotknout, a klobouk\u016f, kter\u00e9 si m\u016f\u017eete vyzkou\u0161et ve \"Virtu\u00e1ln\u00ed a skute\u010dn\u00e9 kloboukov\u00e9 zku\u0161ebn\u011b\". Novinkou je prezentace sv\u011bta z\u00e1\u017eitk\u016f ve virtu\u00e1ln\u00ed realit\u011b prost\u0159ednictv\u00edm br\u00fdl\u00ed VR. Na nich je k vid\u011bn\u00ed speci\u00e1ln\u011b nato\u010den\u00fd 360\u00b0 3D obrazov\u00fd film o muzeu a pam\u00e1tk\u00e1ch partnersk\u00e9ho m\u011bsta Guben-Gubin a digit\u00e1ln\u00ed 3D v\u00fdstava o star\u00fdch \u0159emeslech. N\u011bkolik star\u00fdch stroj\u016f, kter\u00e9 se pou\u017e\u00edvaly k v\u00fdrob\u011b klobouk\u016f, je za\u010dlen\u011bno do st\u00e1l\u00e9 expozice a je k vid\u011bn\u00ed v mal\u00e9 v\u00fdstavn\u00ed m\u00edstnosti naproti M\u011bstsk\u00e9mu a pr\u016fmyslov\u00e9mu muzeu. Ve speci\u00e1ln\u00ed v\u00fdstavn\u00ed m\u00edstnosti muzea a v b\u00fdval\u00e9 kloboukov\u00e9 kav\u00e1rn\u011b, kter\u00e1 byla p\u0159em\u011bn\u011bna na muzejn\u00ed galerii, se pravideln\u011b konaj\u00ed obm\u011b\u0148ovan\u00e9 v\u00fdstavy, zejm\u00e9na o historii Gubenu, a po\u0159\u00e1daj\u00ed se zde speci\u00e1ln\u00ed akce.<\/p>\n<h3>Speci\u00e1ln\u00ed v\u00fdstavy \/ doprovodn\u00e9 nab\u00eddky<a id=\"austellungen_industrie_guben\"><\/a><\/h3>\n<p>Speci\u00e1ln\u00ed v\u00fdstavy se konaj\u00ed p\u0159i zvl\u00e1\u0161tn\u00edch p\u0159\u00edle\u017eitostech a sv\u00e1tc\u00edch, nap\u0159. o Velikonoc\u00edch nebo V\u00e1noc\u00edch.<\/p>\n<ul>\n<li>V\u00fdstavu, kter\u00e1 stoj\u00ed za zhl\u00e9dnut\u00ed, dopl\u0148uje muzejn\u00ed vzd\u011bl\u00e1vac\u00ed prostor a depozit\u00e1\u0159 historick\u00fdch klobou\u010dnick\u00fdch stroj\u016f.<\/li>\n<li>Jako humorn\u00e9 zakon\u010den\u00ed prohl\u00eddky slou\u017e\u00ed v\u011bt\u0161in\u011b n\u00e1v\u0161t\u011bvn\u00edk\u016f virtu\u00e1ln\u00ed kloboukov\u00e1 degusta\u010dn\u00ed stanice.<\/li>\n<li>Nov\u011b navr\u017een\u00fd komplex budov zahrnuje gubenskou radnici s centrem slu\u017eeb, m\u011bstskou knihovnu a hudebn\u00ed \u0161kolu s rozs\u00e1hlou nab\u00eddkou akc\u00ed.<\/li>\n<\/ul>\n<h3>Nab\u00eddky pro d\u011bti - S Kobim do muzea<a id=\"kinderangebot_industrie_guben\"><\/a><\/h3>\n<p>Kobi - duch mal\u00e9ho domu - je v muzeu jako doma. Bydl\u00ed tam v ba\u010dkor\u00e1ch pod kamny. O p\u016flnoci odposlouch\u00e1v\u00e1 star\u00e9 muzejn\u00ed expon\u00e1ty, kdy\u017e si vypr\u00e1v\u011bj\u00ed p\u0159\u00edb\u011bhy z minulosti. Tyto vzru\u0161uj\u00edc\u00ed p\u0159\u00edb\u011bhy vypr\u00e1v\u00ed pracovn\u00edk\u016fm muzea, kte\u0159\u00ed je pak p\u0159ed\u00e1vaj\u00ed d\u011btem - p\u0159\u00edb\u011bhy ze star\u00fdch, d\u00e1vn\u00fdch \u010das\u016f.<\/p>\n<p>Kobi nab\u00edz\u00ed:<\/p>\n<div>\n<h5>1. muzejn\u00ed rallye (pozn\u00e1v\u00e1n\u00ed muzea hravou formou)<\/h5>\n<div data-post-id='museumsrallye' class='insert-page insert-page-museumsrallye'>\t\t\t\t\t<p>Muzejn\u00ed rallye je ur\u010dena k tomu, aby se n\u00e1v\u0161t\u011bva m\u011bstsk\u00e9ho a pr\u016fmyslov\u00e9ho muzea v Gubenu stala pro d\u011bti a ml\u00e1de\u017e mimo\u0159\u00e1dnou ud\u00e1lost\u00ed. Po sezn\u00e1men\u00ed s obsahem muzea \u017e\u00e1ci obdr\u017e\u00ed dotazn\u00edky a nyn\u00ed si mohou v\u00fdstavu prohl\u00e9dnout samostatn\u011b. D\u00edky pozorn\u00e9 n\u00e1v\u0161t\u011bv\u011b lze vy\u0159e\u0161it v\u0161echny ot\u00e1zky a podpo\u0159it udr\u017eitelnost n\u00e1v\u0161t\u011bvy.<\/p>\n<p>Pot\u00e9 budou dotazn\u00edky vyhodnoceny spole\u010dn\u011b s pracovn\u00edky muzea a n\u00e1sledovat bude mal\u00e9 \"slavnostn\u00ed p\u0159ed\u00e1n\u00ed cen\" (certifik\u00e1ty zajist\u00ed muzeum).<\/p>\n<p>Nab\u00eddka prob\u00edh\u00e1 v interi\u00e9ru a je ur\u010dena \u0161kol\u00e1k\u016fm.<br \/>\nt\u0159\u00edd 5 a\u017e 8.<br \/>\nTerm\u00edny: dle dohody<br \/>\nP\u0159edb\u011b\u017en\u00e1 registrace: alespo\u0148 2 dny p\u0159edem<br \/>\nDoba trv\u00e1n\u00ed: p\u0159ibli\u017en\u011b 1 hodina<br \/>\nVelikost skupiny: 5 a\u017e 30 osob<br \/>\nVstupn\u00e9 na osobu: 1,50 \u20ac (\u0161koly v Gubenu maj\u00ed vstup zdarma)<\/p>\n<p><a title=\"Gubensk\u00e9 m\u011bstsk\u00e9 a pr\u016fmyslov\u00e9 muzeum \/ M\u011bs\u0107a\u0144ski a industrijowy muzej Gubin\" href=\"\/museen\/stadt-und-industriemuseum-guben\/\">M\u011bstsk\u00e9 a pr\u016fmyslov\u00e9 muzeum Guben<\/a><\/p>\n\t\t\t\t\t<\/div>\n<h5>2. vysv\u011bd\u010den\u00ed<\/h5>\n<div data-post-id='projekttag-im-stadt-und-industriemuseum-guben' class='insert-page insert-page-projekttag-im-stadt-und-industriemuseum-guben'>\t\t\t\t\t<p>\u017d\u00e1ky p\u0159iv\u00edt\u00e1 pracovn\u00edk muzea a kr\u00e1tce je p\u0159edstav\u00ed. Pot\u00e9 t\u0159\u00eddn\u00ed u\u010ditel p\u0159evezme t\u0159\u00eddu a p\u0159ed\u00e1 vysv\u011bd\u010den\u00ed. Pot\u00e9 si \u017e\u00e1ci mohou vyzkou\u0161et r\u016fzn\u00e9 klobouky a pokr\u00fdvky hlavy na \"Opravdov\u00e9 kloboukov\u00e9 zku\u0161ebn\u011b\" (mo\u017enost fotografov\u00e1n\u00ed doprovodem).<\/p>\n<p>Dal\u0161\u00ed\/dopl\u0148kov\u00e9 nab\u00eddky lze vyu\u017e\u00edt na vy\u017e\u00e1d\u00e1n\u00ed.<\/p>\n<p>Nab\u00eddka prob\u00edh\u00e1 v interi\u00e9ru a je ur\u010dena \u0161kol\u00e1k\u016fm.<br \/>\nt\u0159\u00edd 1 a\u017e 10.<br \/>\nTerm\u00edny: po dohod\u011b v den vyd\u00e1n\u00ed zpr\u00e1vy<br \/>\nP\u0159edb\u011b\u017en\u00e1 registrace: alespo\u0148 2 m\u011bs\u00edce p\u0159edem<br \/>\nDoba trv\u00e1n\u00ed: p\u0159ibli\u017en\u011b 45 minut<br \/>\nVelikost skupiny: a\u017e 30 osob<br \/>\nVstupn\u00e9 na osobu: 1,50 \u20ac (\u0161koly v Gubenu maj\u00ed vstup zdarma)<\/p>\n<p><a title=\"Gubensk\u00e9 m\u011bstsk\u00e9 a pr\u016fmyslov\u00e9 muzeum \/ M\u011bs\u0107a\u0144ski a industrijowy muzej Gubin\" href=\"\/museen\/stadt-und-industriemuseum-guben\/\">M\u011bstsk\u00e9 a pr\u016fmyslov\u00e9 muzeum Guben<\/a><\/p>\n\t\t\t\t\t<\/div>\n<h5>3. v\u00fdroba klobouk\u016f<\/h5>\n<div data-post-id='hutherstellung' class='insert-page insert-page-hutherstellung'>\t\t\t\t\t<p>S n\u016f\u017ekami, lepidlem, prav\u00edtkem, tu\u017ekou, kartonem a lepenkou na \u0161ablony se pod dohledem vyr\u00e1b\u011bj\u00ed klobouky. Pot\u0159ebn\u00e9 materi\u00e1ly si m\u016f\u017eete p\u0159in\u00e9st s sebou nebo je poskytne muzeum. \u017d\u00e1ci by m\u011bli um\u011bt zach\u00e1zet s n\u016f\u017ekami a lepidlem.<\/p>\n<p>Nab\u00eddka prob\u00edh\u00e1 v interi\u00e9ru a je ur\u010dena \u0161kol\u00e1k\u016fm.<br \/>\nt\u0159\u00edd 1 a\u017e 7.<br \/>\nTerm\u00edny: dle dohody<br \/>\nP\u0159edb\u011b\u017en\u00e1 registrace: alespo\u0148 2 t\u00fddny p\u0159edem<br \/>\nDoba trv\u00e1n\u00ed: p\u0159ibli\u017en\u011b 1 hodina<br \/>\nVelikost skupiny: a\u017e 25 osob<br \/>\nVstupn\u00e9 na osobu: 1,50 \u20ac (\u0161koly v Gubenu maj\u00ed vstup zdarma)<br \/>\nP\u0159\u00edsp\u011bvek na materi\u00e1l na osobu: 2,00 \u20ac<\/p>\n<p><em>Dal\u0161\u00ed pozn\u00e1mky k nab\u00eddce:<\/em><br \/>\nPodle sazebn\u00edku poplatk\u016f vyb\u00edr\u00e1me za prom\u00edt\u00e1n\u00ed filmu 15,00 \u20ac, \u0161koly v Gubenu maj\u00ed vstup zdarma. Po dohod\u011b m\u016f\u017ee muzeum poskytnout pot\u0159ebn\u00e9 pracovn\u00ed materi\u00e1ly, v takov\u00e9m p\u0159\u00edpad\u011b je cena 2,00 \u20ac na osobu.<\/p>\n<p><a title=\"Gubensk\u00e9 m\u011bstsk\u00e9 a pr\u016fmyslov\u00e9 muzeum \/ M\u011bs\u0107a\u0144ski a industrijowy muzej Gubin\" href=\"\/museen\/stadt-und-industriemuseum-guben\/\">M\u011bstsk\u00e9 a pr\u016fmyslov\u00e9 muzeum Guben<\/a><\/p>\n\t\t\t\t\t<\/div>\n<h5>4. \"Jak se d\u011bl\u00e1 klobouk\" - prom\u00edt\u00e1n\u00ed filmu o v\u00fdrob\u011b klobouku<\/h5>\n<div data-post-id='wie-ein-hut-entsteht' class='insert-page insert-page-wie-ein-hut-entsteht'>\t\t\t\t\t<p>V r\u00e1mci n\u00e1v\u0161t\u011bvy muzea je d\u011btem a ml\u00e1de\u017ei prom\u00edt\u00e1n film (DVD) o v\u00fdrob\u011b klobouk\u016f v b\u00fdval\u00e9m z\u00e1vod\u011b VEB Hutwerke Guben. Film dopl\u0148uje v\u00fdstavu t\u00edm, \u017ee ilustruje n\u00e1ro\u010dnou pr\u00e1ci p\u0159i v\u00fdrob\u011b klobouk\u016f (d\u00e9lka filmu cca 20 minut).<\/p>\n<p>Nab\u00eddka se kon\u00e1 v interi\u00e9ru a je zam\u011b\u0159ena na<br \/>\nP\u0159ed\u0161koln\u00ed d\u011bti a \u017e\u00e1ci do 10. t\u0159\u00eddy.<br \/>\nTerm\u00edny: dle dohody<br \/>\nP\u0159edb\u011b\u017en\u00e1 registrace: alespo\u0148 2 dny p\u0159edem<br \/>\nDoba trv\u00e1n\u00ed: 1 a\u017e 2,5 hodiny<br \/>\nVelikost skupiny: 5 a\u017e 30 osob<br \/>\nVstupn\u00e9 na osobu: 1,50 \u20ac (\u0161koly a \u0161kolky v Gubenu maj\u00ed vstup zdarma).<br \/>\nZa prom\u00edt\u00e1n\u00ed filmu bude vyb\u00edr\u00e1n p\u0159\u00edsp\u011bvek na n\u00e1klady ve v\u00fd\u0161i 15,00 \u20ac.<\/p>\n<p><a title=\"Gubensk\u00e9 m\u011bstsk\u00e9 a pr\u016fmyslov\u00e9 muzeum \/ M\u011bs\u0107a\u0144ski a industrijowy muzej Gubin\" href=\"\/museen\/stadt-und-industriemuseum-guben\/\">M\u011bstsk\u00e9 a pr\u016fmyslov\u00e9 muzeum Guben<\/a><\/p>\n\t\t\t\t\t<\/div>\n<h5>5. ochutn\u00e1vkov\u00e1 stanice prav\u00fdch klobouk\u016f<\/h5>\n<div data-post-id='echte-hutprobierstation' class='insert-page insert-page-echte-hutprobierstation'>\t\t\t\t\t<p>T\u0159\u00edda bude kr\u00e1tce pou\u010dena a pot\u00e9 si \u017e\u00e1ci mohou vybrat klobouky a pokr\u00fdvky hlavy z bohat\u00e9 nab\u00eddky na stanovi\u0161ti pro zkou\u0161en\u00ed klobouk\u016f. Fotografov\u00e1n\u00ed doprovodn\u00fdmi osobami je mo\u017en\u00e9.<\/p>\n<p>Nab\u00eddka prob\u00edh\u00e1 v interi\u00e9ru a je ur\u010dena d\u011btem p\u0159ed\u0161koln\u00edho v\u011bku a \u017e\u00e1k\u016fm do 10. t\u0159\u00eddy.<br \/>\nTerm\u00edny: dle dohody<br \/>\nP\u0159edb\u011b\u017en\u00e1 registrace: alespo\u0148 2 dny p\u0159edem<br \/>\nDoba trv\u00e1n\u00ed: 1 a\u017e 1,5 hodiny<br \/>\nVelikost skupiny: 5 a\u017e 30 osob<br \/>\nVstupn\u00e9 na osobu: 1,50 \u20ac (\u0161koly a \u0161kolky v Gubenu maj\u00ed vstup zdarma).<\/p>\n<p><a title=\"Gubensk\u00e9 m\u011bstsk\u00e9 a pr\u016fmyslov\u00e9 muzeum \/ M\u011bs\u0107a\u0144ski a industrijowy muzej Gubin\" href=\"\/museen\/stadt-und-industriemuseum-guben\/\">M\u011bstsk\u00e9 a pr\u016fmyslov\u00e9 muzeum Guben<\/a><\/p>\n\t\t\t\t\t<\/div>\n<h5>6. fotografov\u00e1n\u00ed na degusta\u010dn\u00ed stanici \"Prav\u00fd klobouk<\/h5>\n<div data-post-id='echten-hutprobierstation' class='insert-page insert-page-echten-hutprobierstation'>\t\t\t\t\t<p>T\u0159\u00edda je kr\u00e1tce pou\u010dena a studenti si vyberou klobouky a pokr\u00fdvky hlavy z \u0161irok\u00e9 nab\u00eddky na stanovi\u0161ti pro zkou\u0161en\u00ed klobouk\u016f a zap\u00f3zuj\u00ed \"amat\u00e9rsk\u00e9mu fotografovi\". Fotografie si mohou ulo\u017eit na pam\u011b\u0165ovou kartu, kterou si p\u0159inesou s sebou, a pozd\u011bji si je sami vyvolat nebo poslat e-mailem.<\/p>\n<p>Nab\u00eddka prob\u00edh\u00e1 v interi\u00e9ru a je ur\u010dena \u0161kol\u00e1k\u016fm.<br \/>\nt\u0159\u00edd 1 a\u017e 10.<br \/>\nTerm\u00edny: dle dohody<br \/>\nP\u0159edb\u011b\u017en\u00e1 registrace: alespo\u0148 2 dny p\u0159edem<br \/>\nDoba trv\u00e1n\u00ed: 1 a\u017e 1,5 hodiny<br \/>\nVelikost skupiny: a\u017e 30 osob<br \/>\nVstupn\u00e9 na osobu: 1,50 \u20ac (\u0161koly v Gubenu maj\u00ed vstup zdarma)<\/p>\n<p><a title=\"Gubensk\u00e9 m\u011bstsk\u00e9 a pr\u016fmyslov\u00e9 muzeum \/ M\u011bs\u0107a\u0144ski a industrijowy muzej Gubin\" href=\"\/museen\/stadt-und-industriemuseum-guben\/\">M\u011bstsk\u00e9 a pr\u016fmyslov\u00e9 muzeum Guben<\/a><\/p>\n\t\t\t\t\t<\/div>\n<h5>7. plst\u011bn\u00ed<\/h5>\n<div data-post-id='filzen' class='insert-page insert-page-filzen'>\t\t\t\t\t<p>S pomoc\u00ed vln\u011bn\u00e9 plsti, speci\u00e1ln\u00edch plst\u00edc\u00edch jehel, vykrajov\u00e1tek na su\u0161enky (p\u0159\u00edpadn\u011b vlastnoru\u010dn\u011b vyroben\u00fdch kartonov\u00fdch tvar\u016f), bublinkov\u00e9 f\u00f3lie a polystyrenu mohou \u017e\u00e1ci pod dohledem vyr\u00e1b\u011bt r\u016fzn\u00e9 plst\u011bn\u00e9 figurky. Hotov\u00e9 figurky jsou tak\u00e9 vhodn\u00e9 k dal\u0161\u00edmu zpracov\u00e1n\u00ed jako p\u0159\u00edv\u011bsky na kl\u00ed\u010de, v\u00e1no\u010dn\u00ed a\/nebo velikono\u010dn\u00ed ozdoby a k dekorativn\u00edmu zdoben\u00ed klobouk\u016f. Studenti by ji\u017e m\u011bli m\u00edt ur\u010dit\u00e9 zku\u0161enosti s jehlami.<\/p>\n<p>Nab\u00eddka prob\u00edh\u00e1 v interi\u00e9ru a je ur\u010dena \u0161kol\u00e1k\u016fm.<br \/>\nt\u0159\u00edd 1 a\u017e 7.<br \/>\nTerm\u00edny: dle dohody<br \/>\nP\u0159edb\u011b\u017en\u00e1 registrace: alespo\u0148 2 t\u00fddny p\u0159edem<br \/>\nDoba trv\u00e1n\u00ed: p\u0159ibli\u017en\u011b 1 hodina<br \/>\nVelikost skupiny: a\u017e 25 osob<br \/>\nVstupn\u00e9 na osobu: 1,50 \u20ac (\u0161koly v Gubenu maj\u00ed vstup zdarma)<br \/>\nP\u0159\u00edsp\u011bvek na materi\u00e1l na osobu: 1,00 a\u017e 2,00 \u20ac<\/p>\n<p>Dal\u0161\u00ed pozn\u00e1mky k nab\u00eddce:<br \/>\nNa pr\u00e1ci s ostr\u00fdmi jehlami by m\u011bli dohl\u00ed\u017eet o\u0161et\u0159ovatel\u00e9.<br \/>\nMateri\u00e1l m\u016f\u017ee poskytnout muzeum. V takov\u00e9m p\u0159\u00edpad\u011b je t\u0159eba uhradit p\u0159\u00edsp\u011bvek na v\u00fddaje.<\/p>\n<p><a title=\"Gubensk\u00e9 m\u011bstsk\u00e9 a pr\u016fmyslov\u00e9 muzeum \/ M\u011bs\u0107a\u0144ski a industrijowy muzej Gubin\" href=\"\/museen\/stadt-und-industriemuseum-guben\/\">M\u011bstsk\u00e9 a pr\u016fmyslov\u00e9 muzeum Guben<\/a><\/p>\n\t\t\t\t\t<\/div>\n<h3><\/h3>\n<h3><\/h3>\n<h3>Galerie<a id=\"galerie_industrie_guben\"><\/a><\/h3>\n<div id=\"envira-gallery-wrap-53195\" class=\"envira-gallery-wrap envira-gallery-theme-base envira-lightbox-theme-base\" itemscope itemtype=\"https:\/\/schema.org\/ImageGallery\"><div data-row-height=\"150\" data-gallery-theme=\"normal\" id=\"envira-gallery-53195\" class=\"envira-gallery-public envira-gallery-justified-public envira-gallery-0-columns envira-clear enviratope envira-gallery-css-animations\" data-envira-columns=\"0\"><div id=\"envira-gallery-item-53198\" class=\"envira-gallery-item enviratope-item envira-gallery-item-1 envira-lazy-load\" style=\"padding-left: 5px; padding-bottom: 10px; padding-right: 5px;\"  itemscope itemtype=\"https:\/\/schema.org\/ImageObject\"><div class=\"envira-gallery-item-inner\"><div class=\"envira-gallery-position-overlay  envira-gallery-top-left\"><\/div><div class=\"envira-gallery-position-overlay  envira-gallery-top-right\"><\/div><div class=\"envira-gallery-position-overlay  envira-gallery-bottom-left\"><\/div><div class=\"envira-gallery-position-overlay  envira-gallery-bottom-right\"><\/div><a href=\"https:\/\/www.lausitzer-museenland.de\/wp-content\/uploads\/2020\/11\/Stadtmuseum-Guben2020-28.jpg\" class=\"envira-gallery-53195 envira-gallery-link\" rel=\"enviragallery53195\" title=\"M\u011bstsk\u00e9 a pr\u016fmyslov\u00e9 muzeum Guben Foto: Bernd Choritz\" data-envira-caption=\"Stadt- und Industriemuseum Guben Foto: Bernd Choritz\" data-envira-retina=\"\" data-thumbnail=\"\"  itemprop=\"contentUrl\"><img id=\"envira-gallery-image-53198\" class=\"envira-gallery-image envira-gallery-image-1 envira-normal envira-lazy\" data-envira-index=\"1\" src=\"https:\/\/www.lausitzer-museenland.de\/wp-content\/uploads\/2020\/11\/Stadtmuseum-Guben2020-28-1024x683.jpg\" data-envira-src=\"https:\/\/www.lausitzer-museenland.de\/wp-content\/uploads\/2020\/11\/Stadtmuseum-Guben2020-28-1024x683.jpg\" data-envira-gallery-id=\"53195\" data-envira-item-id=\"53198\" data-envira-caption=\"Stadt- und Industriemuseum Guben Foto: Bernd Choritz\" alt=\"\" title=\"M\u011bstsk\u00e9 a pr\u016fmyslov\u00e9 muzeum Guben Foto: Bernd Choritz\"  itemprop=\"thumbnailUrl\" data-envira-srcset=\"https:\/\/www.lausitzer-museenland.de\/wp-content\/uploads\/2020\/11\/Stadtmuseum-Guben2020-28-1024x683.jpg 400w,https:\/\/www.lausitzer-museenland.de\/wp-content\/uploads\/2020\/11\/Stadtmuseum-Guben2020-28-1024x683.jpg 2x\" data-envira-width=\"300\" data-envira-height=\"200\" srcset=\"data:image\/gif;base64,R0lGODlhAQABAIAAAP\/\/\/\/\/\/\/yH5BAEKAAEALAAAAAABAAEAAAICTAEAOw==\" data-safe-src=\"data:image\/gif;base64,R0lGODlhAQABAIAAAP\/\/\/\/\/\/\/yH5BAEKAAEALAAAAAABAAEAAAICTAEAOw==\" \/><\/a><\/div><\/div><div id=\"envira-gallery-item-53196\" class=\"envira-gallery-item enviratope-item envira-gallery-item-2 envira-lazy-load\" style=\"padding-left: 5px; padding-bottom: 10px; padding-right: 5px;\"  itemscope itemtype=\"https:\/\/schema.org\/ImageObject\"><div class=\"envira-gallery-item-inner\"><div class=\"envira-gallery-position-overlay  envira-gallery-top-left\"><\/div><div class=\"envira-gallery-position-overlay  envira-gallery-top-right\"><\/div><div class=\"envira-gallery-position-overlay  envira-gallery-bottom-left\"><\/div><div class=\"envira-gallery-position-overlay  envira-gallery-bottom-right\"><\/div><a href=\"https:\/\/www.lausitzer-museenland.de\/wp-content\/uploads\/2020\/11\/Stadtmuseum-Guben2020-3.jpg\" class=\"envira-gallery-53195 envira-gallery-link\" rel=\"enviragallery53195\" title=\"V\u00fdstava 01 Foto: Bernd Choritz\" data-envira-caption=\"Ausstellung 01 Foto: Bernd Choritz\" data-envira-retina=\"\" data-thumbnail=\"\"  itemprop=\"contentUrl\"><img id=\"envira-gallery-image-53196\" class=\"envira-gallery-image envira-gallery-image-2 envira-normal envira-lazy\" data-envira-index=\"2\" src=\"https:\/\/www.lausitzer-museenland.de\/wp-content\/uploads\/2020\/11\/Stadtmuseum-Guben2020-3-1024x683.jpg\" data-envira-src=\"https:\/\/www.lausitzer-museenland.de\/wp-content\/uploads\/2020\/11\/Stadtmuseum-Guben2020-3-1024x683.jpg\" data-envira-gallery-id=\"53195\" data-envira-item-id=\"53196\" data-envira-caption=\"Ausstellung 01 Foto: Bernd Choritz\" alt=\"\" title=\"V\u00fdstava 01 Foto: Bernd Choritz\"  itemprop=\"thumbnailUrl\" data-envira-srcset=\"https:\/\/www.lausitzer-museenland.de\/wp-content\/uploads\/2020\/11\/Stadtmuseum-Guben2020-3-1024x683.jpg 400w,https:\/\/www.lausitzer-museenland.de\/wp-content\/uploads\/2020\/11\/Stadtmuseum-Guben2020-3-1024x683.jpg 2x\" data-envira-width=\"300\" data-envira-height=\"200\" srcset=\"data:image\/gif;base64,R0lGODlhAQABAIAAAP\/\/\/\/\/\/\/yH5BAEKAAEALAAAAAABAAEAAAICTAEAOw==\" data-safe-src=\"data:image\/gif;base64,R0lGODlhAQABAIAAAP\/\/\/\/\/\/\/yH5BAEKAAEALAAAAAABAAEAAAICTAEAOw==\" \/><\/a><\/div><\/div><div id=\"envira-gallery-item-53197\" class=\"envira-gallery-item enviratope-item envira-gallery-item-3 envira-lazy-load\" style=\"padding-left: 5px; padding-bottom: 10px; padding-right: 5px;\"  itemscope itemtype=\"https:\/\/schema.org\/ImageObject\"><div class=\"envira-gallery-item-inner\"><div class=\"envira-gallery-position-overlay  envira-gallery-top-left\"><\/div><div class=\"envira-gallery-position-overlay  envira-gallery-top-right\"><\/div><div class=\"envira-gallery-position-overlay  envira-gallery-bottom-left\"><\/div><div class=\"envira-gallery-position-overlay  envira-gallery-bottom-right\"><\/div><a href=\"https:\/\/www.lausitzer-museenland.de\/wp-content\/uploads\/2020\/11\/Stadtmuseum-Guben2020-10.jpg\" class=\"envira-gallery-53195 envira-gallery-link\" rel=\"enviragallery53195\" title=\"V\u00fdstava 02 Foto: Bernd Choritz\" data-envira-caption=\"Ausstellung 02 Foto: Bernd Choritz\" data-envira-retina=\"\" data-thumbnail=\"\"  itemprop=\"contentUrl\"><img id=\"envira-gallery-image-53197\" class=\"envira-gallery-image envira-gallery-image-3 envira-normal envira-lazy\" data-envira-index=\"3\" src=\"https:\/\/www.lausitzer-museenland.de\/wp-content\/uploads\/2020\/11\/Stadtmuseum-Guben2020-10-1024x683.jpg\" data-envira-src=\"https:\/\/www.lausitzer-museenland.de\/wp-content\/uploads\/2020\/11\/Stadtmuseum-Guben2020-10-1024x683.jpg\" data-envira-gallery-id=\"53195\" data-envira-item-id=\"53197\" data-envira-caption=\"Ausstellung 02 Foto: Bernd Choritz\" alt=\"\" title=\"V\u00fdstava 02 Foto: Bernd Choritz\"  itemprop=\"thumbnailUrl\" data-envira-srcset=\"https:\/\/www.lausitzer-museenland.de\/wp-content\/uploads\/2020\/11\/Stadtmuseum-Guben2020-10-1024x683.jpg 400w,https:\/\/www.lausitzer-museenland.de\/wp-content\/uploads\/2020\/11\/Stadtmuseum-Guben2020-10-1024x683.jpg 2x\" data-envira-width=\"300\" data-envira-height=\"200\" srcset=\"data:image\/gif;base64,R0lGODlhAQABAIAAAP\/\/\/\/\/\/\/yH5BAEKAAEALAAAAAABAAEAAAICTAEAOw==\" data-safe-src=\"data:image\/gif;base64,R0lGODlhAQABAIAAAP\/\/\/\/\/\/\/yH5BAEKAAEALAAAAAABAAEAAAICTAEAOw==\" \/><\/a><\/div><\/div><div id=\"envira-gallery-item-53199\" class=\"envira-gallery-item enviratope-item envira-gallery-item-4 envira-lazy-load\" style=\"padding-left: 5px; padding-bottom: 10px; padding-right: 5px;\"  itemscope itemtype=\"https:\/\/schema.org\/ImageObject\"><div class=\"envira-gallery-item-inner\"><div class=\"envira-gallery-position-overlay  envira-gallery-top-left\"><\/div><div class=\"envira-gallery-position-overlay  envira-gallery-top-right\"><\/div><div class=\"envira-gallery-position-overlay  envira-gallery-bottom-left\"><\/div><div class=\"envira-gallery-position-overlay  envira-gallery-bottom-right\"><\/div><a href=\"https:\/\/www.lausitzer-museenland.de\/wp-content\/uploads\/2020\/11\/Stadtmuseum-Guben2020-21.jpg\" class=\"envira-gallery-53195 envira-gallery-link\" rel=\"enviragallery53195\" title=\"Speci\u00e1ln\u00ed v\u00fdstava Foto: Bernd Choritz\" data-envira-caption=\"Sonderausstellung Foto: Bernd Choritz\" data-envira-retina=\"\" data-thumbnail=\"\"  itemprop=\"contentUrl\"><img id=\"envira-gallery-image-53199\" class=\"envira-gallery-image envira-gallery-image-4 envira-normal envira-lazy\" data-envira-index=\"4\" src=\"https:\/\/www.lausitzer-museenland.de\/wp-content\/uploads\/2020\/11\/Stadtmuseum-Guben2020-21-1024x683.jpg\" data-envira-src=\"https:\/\/www.lausitzer-museenland.de\/wp-content\/uploads\/2020\/11\/Stadtmuseum-Guben2020-21-1024x683.jpg\" data-envira-gallery-id=\"53195\" data-envira-item-id=\"53199\" data-envira-caption=\"Sonderausstellung Foto: Bernd Choritz\" alt=\"\" title=\"Speci\u00e1ln\u00ed v\u00fdstava Foto: Bernd Choritz\"  itemprop=\"thumbnailUrl\" data-envira-srcset=\"https:\/\/www.lausitzer-museenland.de\/wp-content\/uploads\/2020\/11\/Stadtmuseum-Guben2020-21-1024x683.jpg 400w,https:\/\/www.lausitzer-museenland.de\/wp-content\/uploads\/2020\/11\/Stadtmuseum-Guben2020-21-1024x683.jpg 2x\" data-envira-width=\"300\" data-envira-height=\"200\" srcset=\"data:image\/gif;base64,R0lGODlhAQABAIAAAP\/\/\/\/\/\/\/yH5BAEKAAEALAAAAAABAAEAAAICTAEAOw==\" data-safe-src=\"data:image\/gif;base64,R0lGODlhAQABAIAAAP\/\/\/\/\/\/\/yH5BAEKAAEALAAAAAABAAEAAAICTAEAOw==\" \/><\/a><\/div><\/div><\/div><\/div><noscript><img src=\"https:\/\/www.lausitzer-museenland.de\/wp-content\/uploads\/2020\/11\/Stadtmuseum-Guben2020-28.jpg\" alt=\"\" \/><img src=\"https:\/\/www.lausitzer-museenland.de\/wp-content\/uploads\/2020\/11\/Stadtmuseum-Guben2020-3.jpg\" alt=\"\" \/><img src=\"https:\/\/www.lausitzer-museenland.de\/wp-content\/uploads\/2020\/11\/Stadtmuseum-Guben2020-10.jpg\" alt=\"\" \/><img src=\"https:\/\/www.lausitzer-museenland.de\/wp-content\/uploads\/2020\/11\/Stadtmuseum-Guben2020-21.jpg\" alt=\"\" \/><\/noscript>\n<\/div>","protected":false},"excerpt":{"rendered":"<p>Galerie | V\u00fdstavy | Nab\u00eddka pro d\u011bti Modern\u00ed expozice v historick\u00e9 tov\u00e1rn\u00ed budov\u011b Situace v budov\u011b \/ are\u00e1lu B\u00fdval\u00e9 technick\u00e9 muzeum klobou\u010dnick\u00e9ho pr\u016fmyslu se nach\u00e1z\u00ed v pam\u00e1tkov\u011b chr\u00e1n\u011bn\u00e9 tov\u00e1rn\u00ed budov\u011b v historick\u00e9m are\u00e1lu b\u00fdval\u00e9 tov\u00e1rny \"Carl-Gottlob-Wilke-Hutfabrik\". Tov\u00e1rna byla postavena v roce 1864 a slavnostn\u011b otev\u0159ena v roce 1867. V r\u00e1mci rozvoje vnit\u0159n\u00edho m\u011bsta Guben v Nise byla tato budova zrekonstruov\u00e1na a<\/p>","protected":false},"author":13,"featured_media":0,"parent":113,"menu_order":0,"comment_status":"closed","ping_status":"closed","template":"","meta":[],"_links":{"self":[{"href":"http:\/\/www.lausitzer-museenland.de\/cs\/wp-json\/wp\/v2\/pages\/256"}],"collection":[{"href":"http:\/\/www.lausitzer-museenland.de\/cs\/wp-json\/wp\/v2\/pages"}],"about":[{"href":"http:\/\/www.lausitzer-museenland.de\/cs\/wp-json\/wp\/v2\/types\/page"}],"author":[{"embeddable":true,"href":"http:\/\/www.lausitzer-museenland.de\/cs\/wp-json\/wp\/v2\/users\/13"}],"replies":[{"embeddable":true,"href":"http:\/\/www.lausitzer-museenland.de\/cs\/wp-json\/wp\/v2\/comments?post=256"}],"version-history":[{"count":24,"href":"http:\/\/www.lausitzer-museenland.de\/cs\/wp-json\/wp\/v2\/pages\/256\/revisions"}],"predecessor-version":[{"id":54893,"href":"http:\/\/www.lausitzer-museenland.de\/cs\/wp-json\/wp\/v2\/pages\/256\/revisions\/54893"}],"up":[{"embeddable":true,"href":"http:\/\/www.lausitzer-museenland.de\/cs\/wp-json\/wp\/v2\/pages\/113"}],"wp:attachment":[{"href":"http:\/\/www.lausitzer-museenland.de\/cs\/wp-json\/wp\/v2\/media?parent=256"}],"curies":[{"name":"wp","href":"https:\/\/api.w.org\/{rel}","templated":true}]}}