{"id":139,"date":"2014-11-05T17:01:38","date_gmt":"2014-11-05T16:01:38","guid":{"rendered":"http:\/\/lausitzer-museenland.de\/?page_id=139"},"modified":"2023-11-30T13:06:52","modified_gmt":"2023-11-30T12:06:52","slug":"erwin-strittmatter-gedenkstaette-der-laden-bohsdorf","status":"publish","type":"page","link":"http:\/\/www.lausitzer-museenland.de\/dsb\/museen\/erwin-strittmatter-gedenkstaette-der-laden-bohsdorf\/","title":{"rendered":"Erwin-Strittmatter-Gedenkst\u00e4tte \u201eDer Laden\u201c Bohsdorf \/ Wopomni\u0161\u0107o Erwina Strittmattera \u201eLoda\u201c B\u00f3\u0161ojce"},"content":{"rendered":"<p><a href=\"#galerie_laden\">Galeria<\/a> |\u00a0<a href=\"#ausstellung_laden\">Ausstellungen<\/a>\u00a0|\u00a0<a href=\"#kinderangebot_laden\">Oferty dla dzieci\u00a0<\/a><img loading=\"lazy\" class=\"enigma_img_responsive alignnone wp-image-1247\" src=\"https:\/\/www.lausitzer-museenland.de\/wp-content\/uploads\/2014\/11\/13.jpg\" alt=\"1\" width=\"800\" height=\"398\" srcset=\"https:\/\/www.lausitzer-museenland.de\/wp-content\/uploads\/2014\/11\/13.jpg 402w, https:\/\/www.lausitzer-museenland.de\/wp-content\/uploads\/2014\/11\/13-300x149.jpg 300w, https:\/\/www.lausitzer-museenland.de\/wp-content\/uploads\/2014\/11\/13-100x49.jpg 100w, https:\/\/www.lausitzer-museenland.de\/wp-content\/uploads\/2014\/11\/13-150x74.jpg 150w, https:\/\/www.lausitzer-museenland.de\/wp-content\/uploads\/2014\/11\/13-200x99.jpg 200w\" sizes=\"(max-width: 800px) 100vw, 800px\" \/><\/p>\n<\/p>\n<p>Domownjow\u011bdne wopomni\u0161\u0107o z literarno-historiskeju zb\u011brku \u2013 originalne m\u011bstno znateje romanoweje trilogije \u201cLoda\u201d<\/p>\n<p>Cyglany bydle\u0144ski dom z lodu a p\u015bizamknjoneju pjaca\u0155nju na Wejsnej droze 37 jo se 1895 natwari\u0142 a jo se kupi\u0142 p\u015bez starjej\u0161eju Strittmattera w juniju 1919 w\u00f3t p\u015bisw\u00f3j\u017abnych. A\u017e na 31. december jo se wejsna loda z pjaka\u0155nju w\u00f3t familije wjad\u0142a. W\u00f3t 30. januara 1999 jo m\u00f3\u017eno do \u201cLody\u201d ako muzealne wopomni\u0161\u0107o wogl\u011bda\u015b.<\/p>\n<p>&nbsp;<\/p>\n<p>\u201cLoda\u201d &#8211; ako awtentiske m\u011bstno statkowanja Erwina Strittmattera a jogo familije \u2013 jo p\u00f3 wu\u017eywanju originalnego wug\u00f3towanja wjelgin blisko tej p\u015bedawa\u0155ni 20ych a 30ych l\u011bt, jadnotliwe eksponaty p\u00f3chadaju z casa krotko p\u00f3 w\u00f3jnje. To\u015b ta historiska wejsna loda abo \u201cloda za kolonialne w\u00f3ry\u201d tw\u00f3ri j\u011bdro b\u00f3\u0161ojskego wopomni\u0161\u0107a. W susednem rumje, ken\u017e jo n\u011bga k pjaca\u0155ni s\u0142u\u0161a\u0142, se pokazujo ma\u0142a wustaje\u0144ca w\u00f3 familiji, w\u00f3 historiskem wob\u0142uku trilogije \u201cLoda\u201d a w\u00f3 statkowanju Erwina Strittmattera.<\/p>\n<p>Wustaje\u0144ski wobce\u0155k jo se mjaztym roz\u0161yri\u0142 na n\u011bgaj\u0161ne bydle\u0144ske rumy. W medijowem rumje, n\u011bgaj\u0161nej spa\u0144skej \u015bp\u011b g\u00f3lcowu, jo m\u00f3\u017eno filmy w\u00f3 Erwinje Strittmatterje wi\u017ae\u015b abo w\u00f3ts\u0142ucha\u0144ske knig\u0142y \u201cLoda 1-3\u201d a \u201cPony Pedro\u201d s\u0142ucha\u015b, k\u00f3tare\u017e jo Erwin Geschonneck cyta\u0142.<\/p>\n<p>W\u00f3t 2014 su eksponaty n\u011bgaj\u0161nego \u201cWo\u0142owego kut\u0161aka\u201d (wustaje\u0144ca Krechlockojc w Jarje\u0161ku) w bro\u017eni Strittmatterojc by\u015ba wi\u017ae\u015b.<\/p>\n<p>\n<p><strong>Heimatkundliche Gedenkst\u00e4tte mit literaturhistorischer Sammlung &#8211; Originalschauplatz der bekannten Romantriologie &#8222;Der Laden&#8220;<\/strong><\/p>\n<h4><\/h4>\n<h3>-<\/h3>\n<div>Das Backstein-Wohnhaus mit Ladengesch\u00e4ft und angeschlossener Backstube an der Dorfstra\u00dfe 37 wurde um 1895 erbaut und durch die Eltern Strittmatters im Juni 1919 von Verwandten erworben. Bis zum 31. Dezember 1949 wurde der Dorfladen mit B\u00e4ckerei von der Familie gef\u00fchrt. Seit dem 30. Januar 1999 ist \u201eDer Laden\u201c als museale Gedenkst\u00e4tte zu besichtigen.<\/div>\n<div><\/div>\n<h3>-<\/h3>\n<div>\u201eDer Laden\u201c &#8211; als ein authentischer Ort des Wirkens Erwin Strittmatters und seiner Familie &#8211; ist unter Verwendung von Originalausstattung der Verkaufseinrichtung der 20er und 30er Jahre nachempfunden, einzelne Exponate stammen aus der Nachkriegszeit. Dieser historische Dorf- bzw. \u201eKolonialwarenladen\u201c bildet das Kernst\u00fcck der Bohsdorfer Gedenkst\u00e4tte. Im angrenzenden Raum, der einst zur Backstube geh\u00f6rte, wird eine kleine Ausstellung zur Familie, zum historischen Umfeld der \u201eLaden\u201c-Trilogie sowie zum Schaffen von Erwin Strittmatter gezeigt.<br \/>\nDer Ausstellungsbereich ist inzwischen auf die ehemaligen Wohnr\u00e4ume ausgedehnt worden. Im Medienraum, der fr\u00fcheren Jungenschlafstube, k\u00f6nnen jetzt Filme zu Erwin Strittmatter angesehen oder den von Erwin Geschonneck gelesenen H\u00f6rb\u00fcchern &#8222;Laden 1-3&#8220; und &#8222;Pony Pedro&#8220; gelauscht werden.<br \/>\nSeit 2014 befinden sich die Exponate des ehemaligen &#8222;Ochsenkutscher&#8220;\u00a0 (Ausstellung der Familie Krechlock in Jerischke) in der Scheune des\u00a0Strittmatter-Anwesens.<\/div>\n<div><\/div>\n<h3>-<a id=\"ausstellung_laden\"><\/a><\/h3>\n<div>\n<ul>\n<li>In der Begegnungsst\u00e4tte erhalten Gruppen die M\u00f6glichkeit, Dia- oder Videovorf\u00fchrungen rund um die Filmproduktion (Jo Beyer) zu erleben (Videovorf\u00fchrung 8,- \u20ac).<\/li>\n<li>Gef\u00fchrte Rundwanderung: F\u00fcr interessierte Besucher ist in Bohsdorf ein 1,7 km ausgeschilderter Rundwanderweg gekennzeichnet, auf dem noch weitere historische St\u00e4tten der Romantrilogie zu besichtigen sind. Gef\u00fchrte Wanderungen von 1 oder 2 Stunden werden ab 10 Personen nach vorheriger Anmeldung durchgef\u00fchrt.<\/li>\n<\/ul>\n<\/div>\n<h3>Angebote f\u00fcr Kinder &#8211; Mit Kobi ins Museum<a id=\"kinderangebot_laden\"><\/a><\/h3>\n<p>Kobi \u2013 der kleine Hausgeist \u2013 ist im Museum zu Hause.\u00a0Dort wohnt er im Pantoffel unterm Ofen. Um Mitternacht belauscht er die alten Museumsst\u00fccke, wenn sie von fr\u00fcher erz\u00e4hlen.Diese spannenden Geschichten plaudert er an die Museumsmitarbeiter aus, und diese erz\u00e4hlen sie den Kindern weiter \u2013 Begebenheiten aus alter, alter Zeit.<\/p>\n<p>Kobi-Angebot:<\/p>\n<div>\n<h5>\u00a0Auf den Spuren Erwin Strittmatters in Bohsdorf<\/h5>\n<div data-post-id='auf-den-spuren-erwin-strittmatters-in-bohsdorf' class='insert-page insert-page-auf-den-spuren-erwin-strittmatters-in-bohsdorf'>\t\t\t\t\t<p>Kinder und Jugendliche sollen an authentischen Orten in Bohsdorf mit dem Leben und Schaffen des Dichters Erwin Strittmatter vertraut gemacht werden, dabei erste Anregungen \u00fcber die Sch\u00f6nheit seiner Sprache erhalten und angeregt werden, seine Werke zu lesen.<\/p>\n<ul>\n<li>F\u00fchrung durch den Laden<\/li>\n<li>Dokumentationen zu Leben und Werk des Schriftstellers Erwin Strittmatter<\/li>\n<li>Quiz mit Preisen<\/li>\n<li>Malen\/Zeichnen im Hof bzw. in der Begegnungsst\u00e4tte &#8222;Unter Eechen&#8220;<\/li>\n<\/ul>\n<p>Das Angebot findet indoor und outdoor statt und richtet sich an Sch\u00fcler der Klassen 5 bis 12.<br \/>\nTermine: nach Absprache<br \/>\nVoranmeldung: mindestens 2 Wochen vorher<\/p>\n<p>Dauer:<\/p>\n<ul>\n<li>F\u00fchrung durch den Laden ca. 45 Minuten<\/li>\n<li>Dokumentationen zu Leben und Werk des Schriftstellers Erwin Strittmatter ca. 1 Stunde<\/li>\n<li>Malen\/ Zeichnen im Hof bzw. in der Begegnungsst\u00e4tte &#8222;Unter Eechen&#8220;<\/li>\n<li>ca. 2 bis 3 Stunden<\/li>\n<\/ul>\n<p>Gruppengr\u00f6\u00dfe: bis 30 Personen<br \/>\nEintritt pro Person: 2,50 \u20ac<br \/>\nKinder und Jugendliche: 0,50 \u20ac<\/p>\n<p><strong>Hinweis<\/strong>: Das Angebot kommt auch auf Wunsch in die Schule.<br \/>\nVoraussetzung: DVD-Player sollte vorhanden sein<\/p>\n<p><a title=\"Erwin-Strittmatter-Gedenkst\u00e4tte \u201eDer Laden\u201c Bohsdorf \/ Wopomni\u0161\u0107o Erwina Strittmattera \u201eLoda\u201c B\u00f3\u0161ojc\" href=\"\/museen\/erwin-strittmatter-gedenkstaette-der-laden-bohsdorf\/\">Erwin-Strittmatter-Gedenkst\u00e4tte Bohsdorf<\/a><\/p>\n\t\t\t\t\t<\/div>\n<h3><\/h3>\n<p>&nbsp;<\/p>\n<h3>Galeria<a id=\"galerie_laden\"><\/a><\/h3>\n<div id=\"envira-gallery-wrap-53092\" class=\"envira-gallery-wrap envira-gallery-theme-base envira-lightbox-theme-base\" itemscope itemtype=\"https:\/\/schema.org\/ImageGallery\"><div data-row-height=\"150\" data-gallery-theme=\"normal\" id=\"envira-gallery-53092\" class=\"envira-gallery-public envira-gallery-justified-public envira-gallery-0-columns envira-clear enviratope envira-gallery-css-animations\" data-envira-columns=\"0\"><div id=\"envira-gallery-item-53095\" class=\"envira-gallery-item enviratope-item envira-gallery-item-1 envira-lazy-load\" style=\"padding-left: 5px; padding-bottom: 10px; padding-right: 5px;\"  itemscope itemtype=\"https:\/\/schema.org\/ImageObject\"><div class=\"envira-gallery-item-inner\"><div class=\"envira-gallery-position-overlay  envira-gallery-top-left\"><\/div><div class=\"envira-gallery-position-overlay  envira-gallery-top-right\"><\/div><div class=\"envira-gallery-position-overlay  envira-gallery-bottom-left\"><\/div><div class=\"envira-gallery-position-overlay  envira-gallery-bottom-right\"><\/div><a href=\"https:\/\/www.lausitzer-museenland.de\/wp-content\/uploads\/2020\/09\/Der-Laden-2020-32.jpg\" class=\"envira-gallery-53092 envira-gallery-link\" rel=\"enviragallery53092\" title=\"Hofanlage Foto: Bernd Choritz\" data-envira-caption=\"Hofanlage Foto: Bernd Choritz\" data-envira-retina=\"\" data-thumbnail=\"\"  itemprop=\"contentUrl\"><img id=\"envira-gallery-image-53095\" class=\"envira-gallery-image envira-gallery-image-1 envira-normal envira-lazy\" data-envira-index=\"1\" src=\"https:\/\/www.lausitzer-museenland.de\/wp-content\/uploads\/2020\/09\/Der-Laden-2020-32-1024x683.jpg\" data-envira-src=\"https:\/\/www.lausitzer-museenland.de\/wp-content\/uploads\/2020\/09\/Der-Laden-2020-32-1024x683.jpg\" data-envira-gallery-id=\"53092\" data-envira-item-id=\"53095\" data-envira-caption=\"Hofanlage Foto: Bernd Choritz\" alt=\"\" title=\"Hofanlage Foto: Bernd Choritz\"  itemprop=\"thumbnailUrl\" data-envira-srcset=\"https:\/\/www.lausitzer-museenland.de\/wp-content\/uploads\/2020\/09\/Der-Laden-2020-32-1024x683.jpg 400w,https:\/\/www.lausitzer-museenland.de\/wp-content\/uploads\/2020\/09\/Der-Laden-2020-32-1024x683.jpg 2x\" data-envira-width=\"300\" data-envira-height=\"200\" srcset=\"data:image\/gif;base64,R0lGODlhAQABAIAAAP\/\/\/\/\/\/\/yH5BAEKAAEALAAAAAABAAEAAAICTAEAOw==\" data-safe-src=\"data:image\/gif;base64,R0lGODlhAQABAIAAAP\/\/\/\/\/\/\/yH5BAEKAAEALAAAAAABAAEAAAICTAEAOw==\" \/><\/a><\/div><\/div><div id=\"envira-gallery-item-53093\" class=\"envira-gallery-item enviratope-item envira-gallery-item-2 envira-lazy-load\" style=\"padding-left: 5px; padding-bottom: 10px; padding-right: 5px;\"  itemscope itemtype=\"https:\/\/schema.org\/ImageObject\"><div class=\"envira-gallery-item-inner\"><div class=\"envira-gallery-position-overlay  envira-gallery-top-left\"><\/div><div class=\"envira-gallery-position-overlay  envira-gallery-top-right\"><\/div><div class=\"envira-gallery-position-overlay  envira-gallery-bottom-left\"><\/div><div class=\"envira-gallery-position-overlay  envira-gallery-bottom-right\"><\/div><a href=\"https:\/\/www.lausitzer-museenland.de\/wp-content\/uploads\/2020\/09\/Der-Laden-2020-16.jpg\" class=\"envira-gallery-53092 envira-gallery-link\" rel=\"enviragallery53092\" title=\"K&uuml;che Foto: Bernd Choritz\" data-envira-caption=\"K&uuml;che Foto: Bernd Choritz\" data-envira-retina=\"\" data-thumbnail=\"\"  itemprop=\"contentUrl\"><img id=\"envira-gallery-image-53093\" class=\"envira-gallery-image envira-gallery-image-2 envira-normal envira-lazy\" data-envira-index=\"2\" src=\"https:\/\/www.lausitzer-museenland.de\/wp-content\/uploads\/2020\/09\/Der-Laden-2020-16-1024x683.jpg\" data-envira-src=\"https:\/\/www.lausitzer-museenland.de\/wp-content\/uploads\/2020\/09\/Der-Laden-2020-16-1024x683.jpg\" data-envira-gallery-id=\"53092\" data-envira-item-id=\"53093\" data-envira-caption=\"K&uuml;che Foto: Bernd Choritz\" alt=\"\" title=\"K\u00fcche Foto: Bernd Choritz\"  itemprop=\"thumbnailUrl\" data-envira-srcset=\"https:\/\/www.lausitzer-museenland.de\/wp-content\/uploads\/2020\/09\/Der-Laden-2020-16-1024x683.jpg 400w,https:\/\/www.lausitzer-museenland.de\/wp-content\/uploads\/2020\/09\/Der-Laden-2020-16-1024x683.jpg 2x\" data-envira-width=\"300\" data-envira-height=\"200\" srcset=\"data:image\/gif;base64,R0lGODlhAQABAIAAAP\/\/\/\/\/\/\/yH5BAEKAAEALAAAAAABAAEAAAICTAEAOw==\" data-safe-src=\"data:image\/gif;base64,R0lGODlhAQABAIAAAP\/\/\/\/\/\/\/yH5BAEKAAEALAAAAAABAAEAAAICTAEAOw==\" \/><\/a><\/div><\/div><div id=\"envira-gallery-item-53094\" class=\"envira-gallery-item enviratope-item envira-gallery-item-3 envira-lazy-load\" style=\"padding-left: 5px; padding-bottom: 10px; padding-right: 5px;\"  itemscope itemtype=\"https:\/\/schema.org\/ImageObject\"><div class=\"envira-gallery-item-inner\"><div class=\"envira-gallery-position-overlay  envira-gallery-top-left\"><\/div><div class=\"envira-gallery-position-overlay  envira-gallery-top-right\"><\/div><div class=\"envira-gallery-position-overlay  envira-gallery-bottom-left\"><\/div><div class=\"envira-gallery-position-overlay  envira-gallery-bottom-right\"><\/div><a href=\"https:\/\/www.lausitzer-museenland.de\/wp-content\/uploads\/2020\/09\/Der-Laden-2020-22.jpg\" class=\"envira-gallery-53092 envira-gallery-link\" rel=\"enviragallery53092\" title=\"Backstube Foto: Bernd Choritz\" data-envira-caption=\"Backstube Foto: Bernd Choritz\" data-envira-retina=\"\" data-thumbnail=\"\"  itemprop=\"contentUrl\"><img id=\"envira-gallery-image-53094\" class=\"envira-gallery-image envira-gallery-image-3 envira-normal envira-lazy\" data-envira-index=\"3\" src=\"https:\/\/www.lausitzer-museenland.de\/wp-content\/uploads\/2020\/09\/Der-Laden-2020-22-1024x683.jpg\" data-envira-src=\"https:\/\/www.lausitzer-museenland.de\/wp-content\/uploads\/2020\/09\/Der-Laden-2020-22-1024x683.jpg\" data-envira-gallery-id=\"53092\" data-envira-item-id=\"53094\" data-envira-caption=\"Backstube Foto: Bernd Choritz\" alt=\"\" title=\"Backstube Foto: Bernd Choritz\"  itemprop=\"thumbnailUrl\" data-envira-srcset=\"https:\/\/www.lausitzer-museenland.de\/wp-content\/uploads\/2020\/09\/Der-Laden-2020-22-1024x683.jpg 400w,https:\/\/www.lausitzer-museenland.de\/wp-content\/uploads\/2020\/09\/Der-Laden-2020-22-1024x683.jpg 2x\" data-envira-width=\"300\" data-envira-height=\"200\" srcset=\"data:image\/gif;base64,R0lGODlhAQABAIAAAP\/\/\/\/\/\/\/yH5BAEKAAEALAAAAAABAAEAAAICTAEAOw==\" data-safe-src=\"data:image\/gif;base64,R0lGODlhAQABAIAAAP\/\/\/\/\/\/\/yH5BAEKAAEALAAAAAABAAEAAAICTAEAOw==\" \/><\/a><\/div><\/div><div id=\"envira-gallery-item-53096\" class=\"envira-gallery-item enviratope-item envira-gallery-item-4 envira-lazy-load\" style=\"padding-left: 5px; padding-bottom: 10px; padding-right: 5px;\"  itemscope itemtype=\"https:\/\/schema.org\/ImageObject\"><div class=\"envira-gallery-item-inner\"><div class=\"envira-gallery-position-overlay  envira-gallery-top-left\"><\/div><div class=\"envira-gallery-position-overlay  envira-gallery-top-right\"><\/div><div class=\"envira-gallery-position-overlay  envira-gallery-bottom-left\"><\/div><div class=\"envira-gallery-position-overlay  envira-gallery-bottom-right\"><\/div><a href=\"https:\/\/www.lausitzer-museenland.de\/wp-content\/uploads\/2020\/09\/Der-Laden-2020-61.jpg\" class=\"envira-gallery-53092 envira-gallery-link\" rel=\"enviragallery53092\" title=\"Gl&uuml;cksrad Foto: Bernd Choritz\" data-envira-caption=\"Gl&uuml;cksrad Foto: Bernd Choritz\" data-envira-retina=\"\" data-thumbnail=\"\"  itemprop=\"contentUrl\"><img id=\"envira-gallery-image-53096\" class=\"envira-gallery-image envira-gallery-image-4 envira-normal envira-lazy\" data-envira-index=\"4\" src=\"https:\/\/www.lausitzer-museenland.de\/wp-content\/uploads\/2020\/09\/Der-Laden-2020-61-1024x669.jpg\" data-envira-src=\"https:\/\/www.lausitzer-museenland.de\/wp-content\/uploads\/2020\/09\/Der-Laden-2020-61-1024x669.jpg\" data-envira-gallery-id=\"53092\" data-envira-item-id=\"53096\" data-envira-caption=\"Gl&uuml;cksrad Foto: Bernd Choritz\" alt=\"\" title=\"Gl\u00fccksrad Foto: Bernd Choritz\"  itemprop=\"thumbnailUrl\" data-envira-srcset=\"https:\/\/www.lausitzer-museenland.de\/wp-content\/uploads\/2020\/09\/Der-Laden-2020-61-1024x669.jpg 400w,https:\/\/www.lausitzer-museenland.de\/wp-content\/uploads\/2020\/09\/Der-Laden-2020-61-1024x669.jpg 2x\" data-envira-width=\"300\" data-envira-height=\"196\" srcset=\"data:image\/gif;base64,R0lGODlhAQABAIAAAP\/\/\/\/\/\/\/yH5BAEKAAEALAAAAAABAAEAAAICTAEAOw==\" data-safe-src=\"data:image\/gif;base64,R0lGODlhAQABAIAAAP\/\/\/\/\/\/\/yH5BAEKAAEALAAAAAABAAEAAAICTAEAOw==\" \/><\/a><\/div><\/div><\/div><\/div><noscript><img src=\"https:\/\/www.lausitzer-museenland.de\/wp-content\/uploads\/2020\/09\/Der-Laden-2020-32.jpg\" alt=\"\" \/><img src=\"https:\/\/www.lausitzer-museenland.de\/wp-content\/uploads\/2020\/09\/Der-Laden-2020-16.jpg\" alt=\"\" \/><img src=\"https:\/\/www.lausitzer-museenland.de\/wp-content\/uploads\/2020\/09\/Der-Laden-2020-22.jpg\" alt=\"\" \/><img src=\"https:\/\/www.lausitzer-museenland.de\/wp-content\/uploads\/2020\/09\/Der-Laden-2020-61.jpg\" alt=\"\" \/><\/noscript>\n<\/div>","protected":false},"excerpt":{"rendered":"<p>Galerie |\u00a0Ausstellungen\u00a0|\u00a0Angebote f\u00fcr Kinder\u00a0 Heimatkundliche Gedenkst\u00e4tte mit literaturhistorischer Sammlung &#8211; Originalschauplatz der bekannten Romantriologie &#8222;Der Laden&#8220; Geb\u00e4ude- \/ Grundst\u00fcckssituation Das Backstein-Wohnhaus mit Ladengesch\u00e4ft und angeschlossener Backstube an der Dorfstra\u00dfe 37 wurde um 1895 erbaut und durch die Eltern Strittmatters im Juni 1919 von Verwandten erworben. Bis zum 31. Dezember 1949 wurde der Dorfladen mit B\u00e4ckerei<\/p>","protected":false},"author":13,"featured_media":0,"parent":113,"menu_order":0,"comment_status":"closed","ping_status":"closed","template":"","meta":[],"_links":{"self":[{"href":"http:\/\/www.lausitzer-museenland.de\/dsb\/wp-json\/wp\/v2\/pages\/139"}],"collection":[{"href":"http:\/\/www.lausitzer-museenland.de\/dsb\/wp-json\/wp\/v2\/pages"}],"about":[{"href":"http:\/\/www.lausitzer-museenland.de\/dsb\/wp-json\/wp\/v2\/types\/page"}],"author":[{"embeddable":true,"href":"http:\/\/www.lausitzer-museenland.de\/dsb\/wp-json\/wp\/v2\/users\/13"}],"replies":[{"embeddable":true,"href":"http:\/\/www.lausitzer-museenland.de\/dsb\/wp-json\/wp\/v2\/comments?post=139"}],"version-history":[{"count":21,"href":"http:\/\/www.lausitzer-museenland.de\/dsb\/wp-json\/wp\/v2\/pages\/139\/revisions"}],"predecessor-version":[{"id":53895,"href":"http:\/\/www.lausitzer-museenland.de\/dsb\/wp-json\/wp\/v2\/pages\/139\/revisions\/53895"}],"up":[{"embeddable":true,"href":"http:\/\/www.lausitzer-museenland.de\/dsb\/wp-json\/wp\/v2\/pages\/113"}],"wp:attachment":[{"href":"http:\/\/www.lausitzer-museenland.de\/dsb\/wp-json\/wp\/v2\/media?parent=139"}],"curies":[{"name":"wp","href":"https:\/\/api.w.org\/{rel}","templated":true}]}}