{"id":256,"date":"2014-11-06T10:25:30","date_gmt":"2014-11-06T09:25:30","guid":{"rendered":"http:\/\/lausitzer-museenland.de\/?page_id=256"},"modified":"2023-11-23T13:34:16","modified_gmt":"2023-11-23T12:34:16","slug":"stadt-und-industriemuseum-guben","status":"publish","type":"page","link":"http:\/\/www.lausitzer-museenland.de\/dsb\/museen\/stadt-und-industriemuseum-guben\/","title":{"rendered":"Stadt- und Industriemuseum Guben \/ M\u011bs\u0107a\u0144ski a industrijowy muzej Gubin"},"content":{"rendered":"<p><a href=\"#galerie_industrie_guben\">Galerie | <\/a><a href=\"#austellungen_industrie_guben\">Ausstellungen<\/a><a href=\"#galerie_industrie_guben\"> | <\/a><a href=\"#kinderangebot_industrie_guben\">Oferty dla dzieci<\/a><a href=\"#galerie_industrie_guben\"><br \/>\n<\/a><a href=\"https:\/\/www.lausitzer-museenland.de\/wp-content\/uploads\/2020\/11\/SIM-Guben2020.png\"><img loading=\"lazy\" class=\"aligncenter size-full wp-image-53201\" src=\"https:\/\/www.lausitzer-museenland.de\/wp-content\/uploads\/2020\/11\/SIM-Guben2020.png\" alt=\"SIM Guben2020\" width=\"750\" height=\"381\" srcset=\"https:\/\/www.lausitzer-museenland.de\/wp-content\/uploads\/2020\/11\/SIM-Guben2020.png 750w, https:\/\/www.lausitzer-museenland.de\/wp-content\/uploads\/2020\/11\/SIM-Guben2020-300x152.png 300w\" sizes=\"(max-width: 750px) 100vw, 750px\" \/><\/a><a href=\"#galerie_industrie_guben\"><br \/>\n<strong>Moderne Ausstellung im historischen Fabrikgeb\u00e4ude<\/strong><\/a><\/p>\n<h3>-<\/h3>\n<p>Das ehemalige Technische Museum der Hutindustrie befindet sich in einem denkmalgesch\u00fctzten Fabrikgeb\u00e4ude auf dem historischen Fabrikgel\u00e4nde der einstigen \u201eCarl-Gottlob-Wilke-Hutfabrik\u201d. Die Fabrik wurde ab 1864 erbaut und 1867 eingeweiht. Im Rahmen der Innenstadtentwicklung der Nei\u00dfestadt Guben wurde das Geb\u00e4ude saniert und am 8. Juli 2006 an der \u201ePromenade am Dreieck\u201c an der Gasstra\u00dfe er\u00f6ffnet. Zum neu gestalteten Geb\u00e4udekomplex geh\u00f6ren neben dem Stadt- und Industriemuseum, das Gubener Rathaus mit Service-Center, die Stadtbibliothek und die Musikschule, weitere Ausstellungsr\u00e4ume sowie das imposante Geb\u00e4ude der ehemaligen F\u00e4rberei- die heutige \u201eAlte F\u00e4rberei\u201c- mit einem umfangreichen Veranstaltungsangebot.<\/p>\n<h3>-<\/h3>\n<p>Mit innovativen Gestaltungsideen und dem Einsatz moderner Medien pr\u00e4sentiert sich in der ehemaligen Hutfabrik von Carl Gottlob Wilke, dem deutschen Erfinder des witterungsbest\u00e4ndigen Wollfilzhutes, eine neue und in ihrer Gestaltung wohl einzigartige Ausstellung . Unter 14 spektakul\u00e4ren Themen-Hauben, die Assoziationen zum Hut wecken sollen, kann auf rund 450 m\u00b2 die facettenreiche Gubener Stadt-und Industriegeschichte in deutscher und polnischer Sprache erlebt werden. In Englisch steht ein schriftlicher Museumsguide zur Verf\u00fcgung. Historisches Wissen zur Stadtgeschichte und Informationen zur Hutherstellung in Guben sind auf unterschiedlichste Weise zu erfahren, z. B. durch Geschichten zum H\u00f6ren und Staunen, Interessantes zum Lesen und Schauen, Geschichte zum Anfassen und H\u00fcte zum Aufsetzen in der \u201eVirtuellen und Echten-Hutprobierstation\u201c. Neu ist eine Pr\u00e4sentation einer Erlebniswelt in virtueller Realit\u00e4t \u00fcber VR-Brillen. Auf ihnen ist ein eigens gedrehter 360\u00b0 3D-Imagefilm zum Museum und \u00fcber Sehensw\u00fcrdigkeiten der Doppelstadt Guben-Gubin sowie eine digitale 3D-Ausstellung \u00fcber alte Handwerksberufe zu sehen. Einige wenige alte Maschinen, die zur Hutherstellung dienten, sind in der Dauerausstellung integriert und in einem kleinen Ausstellungsraum gegen\u00fcber dem Stadt-und Industriemuseum zu sehen. Im Sonderausstellungsraum des Museums und in dem ehemaligen Hutcaf\u00e9, das zur Museumsgalerie umfunktioniert wurde, werden regelm\u00e4\u00dfig wechselnde Ausstellungen insbesondere zur Gubener Geschichte pr\u00e4sentiert und Sonderveranstaltungen durchgef\u00fchrt.<\/p>\n<h3>-<a id=\"austellungen_industrie_guben\"><\/a><\/h3>\n<p>Zu besonderen Anl\u00e4ssen und Feiertagen, wie z. B. \u00fcber die Oster- oder Weihnachtszeit,\u00a0 werden u.a. Sonderausstellungen gezeigt.<\/p>\n<ul>\n<li>Ein museumsp\u00e4dagogischer Bereich und ein Schaudepot historischer Hutmaschinen erg\u00e4nzen die sehenswerte Ausstellung.<\/li>\n<li>Eine virtuelle Hut-Probierstation nutzen die meisten Besucher als humorvollen Ausklang des Rundgangs.<\/li>\n<li>Zum neugestalteten Geb\u00e4udekomplex geh\u00f6ren das Gubener Rathaus mit Service-Center, die Stadtbibliothek und die Musikschule mit umfangreichem Veranstaltungsangebot.<\/li>\n<\/ul>\n<h3>Angebote f\u00fcr Kinder \u2013 Mit Kobi ins Museum<a id=\"kinderangebot_industrie_guben\"><\/a><\/h3>\n<p>Kobi \u2013 der kleine Hausgeist \u2013 ist im Museum zu Hause.\u00a0Dort wohnt er im Pantoffel unterm Ofen. Um Mitternacht belauscht er die alten Museumsst\u00fccke, wenn sie von fr\u00fcher erz\u00e4hlen.Diese spannenden Geschichten plaudert er an die Museumsmitarbeiter aus, und diese erz\u00e4hlen sie den Kindern weiter \u2013 Begebenheiten aus alter, alter Zeit.<\/p>\n<p>Kobiangebote:<\/p>\n<div>\n<h5>1. Museumsrallye (Kennenlernen des Museums auf spielerische Art und Weise)<\/h5>\n<div data-post-id='museumsrallye' class='insert-page insert-page-museumsrallye'>\t\t\t\t\t<p>Mit einer Museumsrallye soll der Besuch im Stadt- und Industriemuseum Guben f\u00fcr Kinder und Jugendliche zu einem besonderen Ereignis werden. Nach einer Einf\u00fchrung zur inhaltlichen Gestaltung des Museums erhalten die Sch\u00fcler\/innen Frageb\u00f6gen und k\u00f6nnen nun selbstst\u00e4ndig die Ausstellung erkunden. Durch einen aufmerksamen Besuch sind alle Fragen l\u00f6sbar und die Nachhaltigkeit des Besuches wird gef\u00f6rdert.<\/p>\n<p>Im Anschluss werden die Frageb\u00f6gen gemeinsam mit dem Museumspersonal ausgewertet und es folgt eine kleine &#8222;Siegerehrung&#8220; (Urkunden werden vom Museum gestellt).<\/p>\n<p>Das Angebot findet indoor statt und richtet sich an Sch\u00fcler<br \/>\nder Klassen 5 bis 8.<br \/>\nTermine: nach Absprache<br \/>\nVoranmeldung: mindestens 2 Tage vorher<br \/>\nDauer: ca. 1 Stunde<br \/>\nGruppengr\u00f6\u00dfe: 5 bis 30 Personen<br \/>\nEintritt pro Person: 1,50 \u20ac (Gubener Schulen haben freien Eintritt)<\/p>\n<p><a title=\"Stadt- und Industriemuseum Guben \/ M\u011bs\u0107a\u0144ski a industrijowy muzej Gubin\" href=\"\/museen\/stadt-und-industriemuseum-guben\/\">Stadt- und Industriemuseum Guben<\/a><\/p>\n\t\t\t\t\t<\/div>\n<h5>2. Zeugnisausgabe<\/h5>\n<div data-post-id='projekttag-im-stadt-und-industriemuseum-guben' class='insert-page insert-page-projekttag-im-stadt-und-industriemuseum-guben'>\t\t\t\t\t<p>Die Sch\u00fcler\/innen werden von einer Mitarbeiterin des Museums begr\u00fc\u00dft und kurz eingewiesen. Danach \u00fcbernimmt der Klassenlehrer die Klasse und f\u00fchrt die Zeugnisausgabe durch. Anschlie\u00dfend k\u00f6nnen die Sch\u00fcler\/innen an der \u201eEchten Hutprobierstation\u201c die vielf\u00e4ltigen Hut- und Kopfbedeckungen ausprobieren (Fotografieren durch die Begleitpersonen ist m\u00f6glich).<\/p>\n<p>Andere\/erg\u00e4nzende Angebote k\u00f6nnen auf Anfrage wahrgenommen werden.<\/p>\n<p>Das Angebot findet indoor statt und richtet sich an Sch\u00fcler<br \/>\nder Klassen 1 bis 10.<br \/>\nTermine: nach Absprache am Tag der Zeugnisausgabe<br \/>\nVoranmeldung: mindestens 2 Monate vorher<br \/>\nDauer: ca. 45 Minuten<br \/>\nGruppengr\u00f6\u00dfe: bis 30 Personen<br \/>\nEintritt pro Person: 1,50 \u20ac (Gubener Schulen haben freien Eintritt)<\/p>\n<p><a title=\"Stadt- und Industriemuseum Guben \/ M\u011bs\u0107a\u0144ski a industrijowy muzej Gubin\" href=\"\/museen\/stadt-und-industriemuseum-guben\/\">Stadt- und Industriemuseum Guben<\/a><\/p>\n\t\t\t\t\t<\/div>\n<h5>3. Hutherstellung<\/h5>\n<div data-post-id='hutherstellung' class='insert-page insert-page-hutherstellung'>\t\t\t\t\t<p>Mit Schere, Kleber, Lineal, Bleistift, Karton und Pappe f\u00fcr die Schablonen werden unter Anleitung H\u00fcte hergestellt. Die ben\u00f6tigten Materialien k\u00f6nnen mitgebracht werden oder sie werden vom Museum zur Verf\u00fcgung gestellt. Die Sch\u00fcler sollten in der Lage sein, mit Schre und Kleber umzugehen.<\/p>\n<p>Das Angebot findet indoor statt und richtet sich an Sch\u00fcler<br \/>\nder Klassen 1 bis 7.<br \/>\nTermine: nach Absprache<br \/>\nVoranmeldung: mindestens 2 Wochen vorher<br \/>\nDauer: ca. 1 Stunde<br \/>\nGruppengr\u00f6\u00dfe: bis 25 Personen<br \/>\nEintritt pro Person: 1,50 \u20ac (Gubener Schulen haben freien Eintritt)<br \/>\nUnkostenbeitrag f\u00fcr Material pro Person: 2,00 \u20ac<\/p>\n<p><em>Sonstige Hinweise zum Angebot:<\/em><br \/>\nLaut Entgeltordnung erheben wir f\u00fcr die Filmvorf\u00fchrung 15,00 \u20ac; Gubener Schulen haben freien Eintritt.\u00a0Nach Absprache k\u00f6nnen die notwendigen Arbeitsmaterialien durch das Museum bereit gestellt werden, dann betragen die Kosten 2,00 \u20ac pro Person.<\/p>\n<p><a title=\"Stadt- und Industriemuseum Guben \/ M\u011bs\u0107a\u0144ski a industrijowy muzej Gubin\" href=\"\/museen\/stadt-und-industriemuseum-guben\/\">Stadt- und Industriemuseum Guben<\/a><\/p>\n\t\t\t\t\t<\/div>\n<h5>4. &#8222;Wie ein Hut entsteht&#8220; &#8211; Filmvorf\u00fchrung zur Entstehung eines Hutes<\/h5>\n<div data-post-id='wie-ein-hut-entsteht' class='insert-page insert-page-wie-ein-hut-entsteht'>\t\t\t\t\t<p>Im Rahmen eines Museumsbesuches wird den Kindern und Jugendlichen mittels einer Filmvorf\u00fchrung (DVD) die Hutherstellung in den damaligen VEB Hutwerke Guben dargelegt. Der Film veranschaulicht erg\u00e4nzend zur Ausstellung die schwere Arbeit bei der Hutherstellung (Filmdauer ca. 20 Minuten).<\/p>\n<p>Das Angebot findet indoor statt und richtet sich an<br \/>\nVorschulkinder und an Sch\u00fcler bis zur Klasse 10.<br \/>\nTermine: nach Absprache<br \/>\nVoranmeldung: mindestens 2 Tage vorher<br \/>\nDauer: 1 bis 2,5 Stunden<br \/>\nGruppengr\u00f6\u00dfe: 5 bis 30 Personen<br \/>\nEintritt pro Person: 1,50 \u20ac (Gubener Schulen und Kitas haben freien Eintritt)<br \/>\nF\u00fcr die Filmvorf\u00fchrung wird ein Unkostenbeitrag von 15,00 \u20ac erhoben.<\/p>\n<p><a title=\"Stadt- und Industriemuseum Guben \/ M\u011bs\u0107a\u0144ski a industrijowy muzej Gubin\" href=\"\/museen\/stadt-und-industriemuseum-guben\/\">Stadt- und Industriemuseum Guben<\/a><\/p>\n\t\t\t\t\t<\/div>\n<h5>5. Echte Hutprobierstation<\/h5>\n<div data-post-id='echte-hutprobierstation' class='insert-page insert-page-echte-hutprobierstation'>\t\t\t\t\t<p>Die Klasse wird kurz eingewiesen, danach k\u00f6nnen die Sch\u00fcler\/innen H\u00fcte und Kopfbedeckungen aus dem umfangreichen Angebot der Hutprobierstation ausw\u00e4hlen. Das Fotografieren durch die Begleitpersonen ist m\u00f6glich.<\/p>\n<p>Das Angebot findet indoor statt und richtet sich an Vorschulkinder und an Sch\u00fcler bis zur Klasse 10.<br \/>\nTermine: nach Absprache<br \/>\nVoranmeldung: mindestens 2 Tage vorher<br \/>\nDauer: 1 bis 1,5 Stunden<br \/>\nGruppengr\u00f6\u00dfe: 5 bis 30 Personen<br \/>\nEintritt pro Person: 1,50 \u20ac (Gubener Schulen und Kitas haben freien Eintritt)<\/p>\n<p><a title=\"Stadt- und Industriemuseum Guben \/ M\u011bs\u0107a\u0144ski a industrijowy muzej Gubin\" href=\"\/museen\/stadt-und-industriemuseum-guben\/\">Stadt- und Industriemuseum Guben<\/a><\/p>\n\t\t\t\t\t<\/div>\n<h5>6. Fotoaktion an der &#8222;Echten Hutprobierstation&#8220;<\/h5>\n<div data-post-id='echten-hutprobierstation' class='insert-page insert-page-echten-hutprobierstation'>\t\t\t\t\t<p>Die Klasse wird kurz eingewiesen, und die Sch\u00fcler\/innen w\u00e4hlen aus dem vielf\u00e4ltigen Angebot der Hutprobierstation H\u00fcte und Kopfbedeckungen aus und stellen sich dem \u201eHobbyfotografen\u201c. Die Fotos k\u00f6nnen auf einem mitgebrachten Stick gespeichert und sp\u00e4ter selbst zur Entwicklung gebracht werden bzw. per E-Mail versendet werden.<\/p>\n<p>Das Angebot findet indoor statt und richtet sich an Sch\u00fcler<br \/>\nder Klassen 1 bis 10.<br \/>\nTermine: nach Absprache<br \/>\nVoranmeldung: mindestens 2 Tage vorher<br \/>\nDauer: 1 bis 1,5 Stunden<br \/>\nGruppengr\u00f6\u00dfe: bis 30 Personen<br \/>\nEintritt pro Person: 1,50 \u20ac (Gubener Schulen haben freien Eintritt)<\/p>\n<p><a title=\"Stadt- und Industriemuseum Guben \/ M\u011bs\u0107a\u0144ski a industrijowy muzej Gubin\" href=\"\/museen\/stadt-und-industriemuseum-guben\/\">Stadt- und Industriemuseum Guben<\/a><\/p>\n\t\t\t\t\t<\/div>\n<h5>7. Filzen<\/h5>\n<div data-post-id='filzen' class='insert-page insert-page-filzen'>\t\t\t\t\t<p>Mit Wollfilz, speziellen Filznadeln, Ausstechformen (ggf. selbstgebastelten Pappformen), Luftpolsterfolie und Styropor k\u00f6nnen die Sch\u00fcler\/innen unter Anleitung verschiedenste Filzfiguren herstellen. Die fertigen Figuren eignen sich auch zur Weiterverarbeitung als Schl\u00fcsselanh\u00e4nger, Weihnachts- und\/ oder Osterschmuck sowie zur dekorativen Versch\u00f6nerung von H\u00fcten. Die Sch\u00fcler sollten bereits Vorkenntnisse im Umgang mit Nadeln haben.<\/p>\n<p>Das Angebot findet indoor statt und richtet sich an Sch\u00fcler<br \/>\nder Klassen 1 bis 7.<br \/>\nTermine: nach Absprache<br \/>\nVoranmeldung: mindestens 2 Wochen vorher<br \/>\nDauer: ca. 1 Stunde<br \/>\nGruppengr\u00f6\u00dfe: bis 25 Personen<br \/>\nEintritt pro Person: 1,50 \u20ac (Gubener Schulen haben freien Eintritt)<br \/>\nUnkostenbeitrag f\u00fcr Material pro Person: 1,00 \u20ac bis 2,00 \u20ac<\/p>\n<p>Sonstige Hinweise zum Angebot:<br \/>\nDie Arbeit mit den spitzen Nadeln sollte von den Betreuern \u00fcberwacht werden<br \/>\nDas Material kann vom Museum zur Verf\u00fcgung gestellt werden. Dann ist der Unkostenbeitrag zu entrichten.<\/p>\n<p><a title=\"Stadt- und Industriemuseum Guben \/ M\u011bs\u0107a\u0144ski a industrijowy muzej Gubin\" href=\"\/museen\/stadt-und-industriemuseum-guben\/\">Stadt- und Industriemuseum Guben<\/a><\/p>\n\t\t\t\t\t<\/div>\n<h3><\/h3>\n<h3><\/h3>\n<h3>Galeria<a id=\"galerie_industrie_guben\"><\/a><\/h3>\n<div id=\"envira-gallery-wrap-53195\" class=\"envira-gallery-wrap envira-gallery-theme-base envira-lightbox-theme-base\" itemscope itemtype=\"https:\/\/schema.org\/ImageGallery\"><div data-row-height=\"150\" data-gallery-theme=\"normal\" id=\"envira-gallery-53195\" class=\"envira-gallery-public envira-gallery-justified-public envira-gallery-0-columns envira-clear enviratope envira-gallery-css-animations\" data-envira-columns=\"0\"><div id=\"envira-gallery-item-53198\" class=\"envira-gallery-item enviratope-item envira-gallery-item-1 envira-lazy-load\" style=\"padding-left: 5px; padding-bottom: 10px; padding-right: 5px;\"  itemscope itemtype=\"https:\/\/schema.org\/ImageObject\"><div class=\"envira-gallery-item-inner\"><div class=\"envira-gallery-position-overlay  envira-gallery-top-left\"><\/div><div class=\"envira-gallery-position-overlay  envira-gallery-top-right\"><\/div><div class=\"envira-gallery-position-overlay  envira-gallery-bottom-left\"><\/div><div class=\"envira-gallery-position-overlay  envira-gallery-bottom-right\"><\/div><a href=\"https:\/\/www.lausitzer-museenland.de\/wp-content\/uploads\/2020\/11\/Stadtmuseum-Guben2020-28.jpg\" class=\"envira-gallery-53195 envira-gallery-link\" rel=\"enviragallery53195\" title=\"Stadt- und Industriemuseum Guben Foto: Bernd Choritz\" data-envira-caption=\"Stadt- und Industriemuseum Guben Foto: Bernd Choritz\" data-envira-retina=\"\" data-thumbnail=\"\"  itemprop=\"contentUrl\"><img id=\"envira-gallery-image-53198\" class=\"envira-gallery-image envira-gallery-image-1 envira-normal envira-lazy\" data-envira-index=\"1\" src=\"https:\/\/www.lausitzer-museenland.de\/wp-content\/uploads\/2020\/11\/Stadtmuseum-Guben2020-28-1024x683.jpg\" data-envira-src=\"https:\/\/www.lausitzer-museenland.de\/wp-content\/uploads\/2020\/11\/Stadtmuseum-Guben2020-28-1024x683.jpg\" data-envira-gallery-id=\"53195\" data-envira-item-id=\"53198\" data-envira-caption=\"Stadt- und Industriemuseum Guben Foto: Bernd Choritz\" alt=\"\" title=\"Stadt- und Industriemuseum Guben Foto: Bernd Choritz\"  itemprop=\"thumbnailUrl\" data-envira-srcset=\"https:\/\/www.lausitzer-museenland.de\/wp-content\/uploads\/2020\/11\/Stadtmuseum-Guben2020-28-1024x683.jpg 400w,https:\/\/www.lausitzer-museenland.de\/wp-content\/uploads\/2020\/11\/Stadtmuseum-Guben2020-28-1024x683.jpg 2x\" data-envira-width=\"300\" data-envira-height=\"200\" srcset=\"data:image\/gif;base64,R0lGODlhAQABAIAAAP\/\/\/\/\/\/\/yH5BAEKAAEALAAAAAABAAEAAAICTAEAOw==\" data-safe-src=\"data:image\/gif;base64,R0lGODlhAQABAIAAAP\/\/\/\/\/\/\/yH5BAEKAAEALAAAAAABAAEAAAICTAEAOw==\" \/><\/a><\/div><\/div><div id=\"envira-gallery-item-53196\" class=\"envira-gallery-item enviratope-item envira-gallery-item-2 envira-lazy-load\" style=\"padding-left: 5px; padding-bottom: 10px; padding-right: 5px;\"  itemscope itemtype=\"https:\/\/schema.org\/ImageObject\"><div class=\"envira-gallery-item-inner\"><div class=\"envira-gallery-position-overlay  envira-gallery-top-left\"><\/div><div class=\"envira-gallery-position-overlay  envira-gallery-top-right\"><\/div><div class=\"envira-gallery-position-overlay  envira-gallery-bottom-left\"><\/div><div class=\"envira-gallery-position-overlay  envira-gallery-bottom-right\"><\/div><a href=\"https:\/\/www.lausitzer-museenland.de\/wp-content\/uploads\/2020\/11\/Stadtmuseum-Guben2020-3.jpg\" class=\"envira-gallery-53195 envira-gallery-link\" rel=\"enviragallery53195\" title=\"Ausstellung 01 Foto: Bernd Choritz\" data-envira-caption=\"Ausstellung 01 Foto: Bernd Choritz\" data-envira-retina=\"\" data-thumbnail=\"\"  itemprop=\"contentUrl\"><img id=\"envira-gallery-image-53196\" class=\"envira-gallery-image envira-gallery-image-2 envira-normal envira-lazy\" data-envira-index=\"2\" src=\"https:\/\/www.lausitzer-museenland.de\/wp-content\/uploads\/2020\/11\/Stadtmuseum-Guben2020-3-1024x683.jpg\" data-envira-src=\"https:\/\/www.lausitzer-museenland.de\/wp-content\/uploads\/2020\/11\/Stadtmuseum-Guben2020-3-1024x683.jpg\" data-envira-gallery-id=\"53195\" data-envira-item-id=\"53196\" data-envira-caption=\"Ausstellung 01 Foto: Bernd Choritz\" alt=\"\" title=\"Ausstellung 01 Foto: Bernd Choritz\"  itemprop=\"thumbnailUrl\" data-envira-srcset=\"https:\/\/www.lausitzer-museenland.de\/wp-content\/uploads\/2020\/11\/Stadtmuseum-Guben2020-3-1024x683.jpg 400w,https:\/\/www.lausitzer-museenland.de\/wp-content\/uploads\/2020\/11\/Stadtmuseum-Guben2020-3-1024x683.jpg 2x\" data-envira-width=\"300\" data-envira-height=\"200\" srcset=\"data:image\/gif;base64,R0lGODlhAQABAIAAAP\/\/\/\/\/\/\/yH5BAEKAAEALAAAAAABAAEAAAICTAEAOw==\" data-safe-src=\"data:image\/gif;base64,R0lGODlhAQABAIAAAP\/\/\/\/\/\/\/yH5BAEKAAEALAAAAAABAAEAAAICTAEAOw==\" \/><\/a><\/div><\/div><div id=\"envira-gallery-item-53197\" class=\"envira-gallery-item enviratope-item envira-gallery-item-3 envira-lazy-load\" style=\"padding-left: 5px; padding-bottom: 10px; padding-right: 5px;\"  itemscope itemtype=\"https:\/\/schema.org\/ImageObject\"><div class=\"envira-gallery-item-inner\"><div class=\"envira-gallery-position-overlay  envira-gallery-top-left\"><\/div><div class=\"envira-gallery-position-overlay  envira-gallery-top-right\"><\/div><div class=\"envira-gallery-position-overlay  envira-gallery-bottom-left\"><\/div><div class=\"envira-gallery-position-overlay  envira-gallery-bottom-right\"><\/div><a href=\"https:\/\/www.lausitzer-museenland.de\/wp-content\/uploads\/2020\/11\/Stadtmuseum-Guben2020-10.jpg\" class=\"envira-gallery-53195 envira-gallery-link\" rel=\"enviragallery53195\" title=\"Ausstellung 02 Foto: Bernd Choritz\" data-envira-caption=\"Ausstellung 02 Foto: Bernd Choritz\" data-envira-retina=\"\" data-thumbnail=\"\"  itemprop=\"contentUrl\"><img id=\"envira-gallery-image-53197\" class=\"envira-gallery-image envira-gallery-image-3 envira-normal envira-lazy\" data-envira-index=\"3\" src=\"https:\/\/www.lausitzer-museenland.de\/wp-content\/uploads\/2020\/11\/Stadtmuseum-Guben2020-10-1024x683.jpg\" data-envira-src=\"https:\/\/www.lausitzer-museenland.de\/wp-content\/uploads\/2020\/11\/Stadtmuseum-Guben2020-10-1024x683.jpg\" data-envira-gallery-id=\"53195\" data-envira-item-id=\"53197\" data-envira-caption=\"Ausstellung 02 Foto: Bernd Choritz\" alt=\"\" title=\"Ausstellung 02 Foto: Bernd Choritz\"  itemprop=\"thumbnailUrl\" data-envira-srcset=\"https:\/\/www.lausitzer-museenland.de\/wp-content\/uploads\/2020\/11\/Stadtmuseum-Guben2020-10-1024x683.jpg 400w,https:\/\/www.lausitzer-museenland.de\/wp-content\/uploads\/2020\/11\/Stadtmuseum-Guben2020-10-1024x683.jpg 2x\" data-envira-width=\"300\" data-envira-height=\"200\" srcset=\"data:image\/gif;base64,R0lGODlhAQABAIAAAP\/\/\/\/\/\/\/yH5BAEKAAEALAAAAAABAAEAAAICTAEAOw==\" data-safe-src=\"data:image\/gif;base64,R0lGODlhAQABAIAAAP\/\/\/\/\/\/\/yH5BAEKAAEALAAAAAABAAEAAAICTAEAOw==\" \/><\/a><\/div><\/div><div id=\"envira-gallery-item-53199\" class=\"envira-gallery-item enviratope-item envira-gallery-item-4 envira-lazy-load\" style=\"padding-left: 5px; padding-bottom: 10px; padding-right: 5px;\"  itemscope itemtype=\"https:\/\/schema.org\/ImageObject\"><div class=\"envira-gallery-item-inner\"><div class=\"envira-gallery-position-overlay  envira-gallery-top-left\"><\/div><div class=\"envira-gallery-position-overlay  envira-gallery-top-right\"><\/div><div class=\"envira-gallery-position-overlay  envira-gallery-bottom-left\"><\/div><div class=\"envira-gallery-position-overlay  envira-gallery-bottom-right\"><\/div><a href=\"https:\/\/www.lausitzer-museenland.de\/wp-content\/uploads\/2020\/11\/Stadtmuseum-Guben2020-21.jpg\" class=\"envira-gallery-53195 envira-gallery-link\" rel=\"enviragallery53195\" title=\"Sonderausstellung Foto: Bernd Choritz\" data-envira-caption=\"Sonderausstellung Foto: Bernd Choritz\" data-envira-retina=\"\" data-thumbnail=\"\"  itemprop=\"contentUrl\"><img id=\"envira-gallery-image-53199\" class=\"envira-gallery-image envira-gallery-image-4 envira-normal envira-lazy\" data-envira-index=\"4\" src=\"https:\/\/www.lausitzer-museenland.de\/wp-content\/uploads\/2020\/11\/Stadtmuseum-Guben2020-21-1024x683.jpg\" data-envira-src=\"https:\/\/www.lausitzer-museenland.de\/wp-content\/uploads\/2020\/11\/Stadtmuseum-Guben2020-21-1024x683.jpg\" data-envira-gallery-id=\"53195\" data-envira-item-id=\"53199\" data-envira-caption=\"Sonderausstellung Foto: Bernd Choritz\" alt=\"\" title=\"Sonderausstellung Foto: Bernd Choritz\"  itemprop=\"thumbnailUrl\" data-envira-srcset=\"https:\/\/www.lausitzer-museenland.de\/wp-content\/uploads\/2020\/11\/Stadtmuseum-Guben2020-21-1024x683.jpg 400w,https:\/\/www.lausitzer-museenland.de\/wp-content\/uploads\/2020\/11\/Stadtmuseum-Guben2020-21-1024x683.jpg 2x\" data-envira-width=\"300\" data-envira-height=\"200\" srcset=\"data:image\/gif;base64,R0lGODlhAQABAIAAAP\/\/\/\/\/\/\/yH5BAEKAAEALAAAAAABAAEAAAICTAEAOw==\" data-safe-src=\"data:image\/gif;base64,R0lGODlhAQABAIAAAP\/\/\/\/\/\/\/yH5BAEKAAEALAAAAAABAAEAAAICTAEAOw==\" \/><\/a><\/div><\/div><\/div><\/div><noscript><img src=\"https:\/\/www.lausitzer-museenland.de\/wp-content\/uploads\/2020\/11\/Stadtmuseum-Guben2020-28.jpg\" alt=\"\" \/><img src=\"https:\/\/www.lausitzer-museenland.de\/wp-content\/uploads\/2020\/11\/Stadtmuseum-Guben2020-3.jpg\" alt=\"\" \/><img src=\"https:\/\/www.lausitzer-museenland.de\/wp-content\/uploads\/2020\/11\/Stadtmuseum-Guben2020-10.jpg\" alt=\"\" \/><img src=\"https:\/\/www.lausitzer-museenland.de\/wp-content\/uploads\/2020\/11\/Stadtmuseum-Guben2020-21.jpg\" alt=\"\" \/><\/noscript>\n<\/div>","protected":false},"excerpt":{"rendered":"<p>Galerie | Ausstellungen | Angebote f\u00fcr Kinder Moderne Ausstellung im historischen Fabrikgeb\u00e4ude Geb\u00e4ude- \/ Grundst\u00fcckssituation Das ehemalige Technische Museum der Hutindustrie befindet sich in einem denkmalgesch\u00fctzten Fabrikgeb\u00e4ude auf dem historischen Fabrikgel\u00e4nde der einstigen \u201eCarl-Gottlob-Wilke-Hutfabrik\u201d. Die Fabrik wurde ab 1864 erbaut und 1867 eingeweiht. Im Rahmen der Innenstadtentwicklung der Nei\u00dfestadt Guben wurde das Geb\u00e4ude saniert und<\/p>","protected":false},"author":13,"featured_media":0,"parent":113,"menu_order":0,"comment_status":"closed","ping_status":"closed","template":"","meta":[],"_links":{"self":[{"href":"http:\/\/www.lausitzer-museenland.de\/dsb\/wp-json\/wp\/v2\/pages\/256"}],"collection":[{"href":"http:\/\/www.lausitzer-museenland.de\/dsb\/wp-json\/wp\/v2\/pages"}],"about":[{"href":"http:\/\/www.lausitzer-museenland.de\/dsb\/wp-json\/wp\/v2\/types\/page"}],"author":[{"embeddable":true,"href":"http:\/\/www.lausitzer-museenland.de\/dsb\/wp-json\/wp\/v2\/users\/13"}],"replies":[{"embeddable":true,"href":"http:\/\/www.lausitzer-museenland.de\/dsb\/wp-json\/wp\/v2\/comments?post=256"}],"version-history":[{"count":24,"href":"http:\/\/www.lausitzer-museenland.de\/dsb\/wp-json\/wp\/v2\/pages\/256\/revisions"}],"predecessor-version":[{"id":54893,"href":"http:\/\/www.lausitzer-museenland.de\/dsb\/wp-json\/wp\/v2\/pages\/256\/revisions\/54893"}],"up":[{"embeddable":true,"href":"http:\/\/www.lausitzer-museenland.de\/dsb\/wp-json\/wp\/v2\/pages\/113"}],"wp:attachment":[{"href":"http:\/\/www.lausitzer-museenland.de\/dsb\/wp-json\/wp\/v2\/media?parent=256"}],"curies":[{"name":"wp","href":"https:\/\/api.w.org\/{rel}","templated":true}]}}