{"id":154,"date":"2014-11-05T17:14:20","date_gmt":"2014-11-05T16:14:20","guid":{"rendered":"http:\/\/lausitzer-museenland.de\/?page_id=154"},"modified":"2024-10-17T13:05:34","modified_gmt":"2024-10-17T11:05:34","slug":"flugplatzmuseum-cottbus","status":"publish","type":"page","link":"https:\/\/www.lausitzer-museenland.de\/cs\/muzea\/letiste-muzeum-chotebor\/","title":{"rendered":"Muzeum leti\u0161t\u011b Cottbus \/ L\u011btani\u0161\u0107owy muzej Ch\u00f3\u015bebuz"},"content":{"rendered":"<p><a href=\"#galerie_flugplatz_drewitz\">Galerie<\/a> |\u00a0<a href=\"#austellungen_flugplatz_drewitz\">V\u00fdstavy<\/a>\u00a0| <a href=\"#kinderangebot_flugplatz_drewitz\">Nab\u00eddky pro d\u011bti<\/a><a href=\"https:\/\/www.lausitzer-museenland.de\/wp-content\/uploads\/2014\/11\/Luftbild_FPM_Cottbus.png\"><img loading=\"lazy\" class=\"aligncenter size-full wp-image-6332\" src=\"https:\/\/www.lausitzer-museenland.de\/wp-content\/uploads\/2014\/11\/Luftbild_FPM_Cottbus.png\" alt=\"Leteck\u00fd pohled_FPM_Cottbus\" width=\"750\" height=\"502\" srcset=\"https:\/\/www.lausitzer-museenland.de\/wp-content\/uploads\/2014\/11\/Luftbild_FPM_Cottbus.png 750w, https:\/\/www.lausitzer-museenland.de\/wp-content\/uploads\/2014\/11\/Luftbild_FPM_Cottbus-300x201.png 300w\" sizes=\"(max-width: 750px) 100vw, 750px\" \/><\/a><\/p>\n\n<p><strong>V\u00fdstava o historii m\u00edsta - muzea leteck\u00e9 dopravy a leti\u0161t\u011b<\/strong><\/p>\n<h3>Situace budovy \/ pozemku<\/h3>\n<div>Muzeum se nach\u00e1z\u00ed v ji\u017en\u00ed \u010d\u00e1sti b\u00fdval\u00e9ho chot\u011bbo\u0159sk\u00e9ho leti\u0161t\u011b a provozuje ho spolek Verein <a title=\"Klikn\u011bte zde pro n\u00e1v\u0161t\u011bvu Muzea leti\u0161t\u011b Cottbus\" href=\"http:\/\/www.flugplatzmuseumcottbus.de\/\" target=\"_blank\" rel=\"noopener\">Cottbus Airfield Museum e. V. <\/a>provozov\u00e1na.<\/div>\n<div><\/div>\n<h3>Charakteristika<\/h3>\n<div>Sou\u010dasn\u00ed sv\u011bdci vojensk\u00e9 leteck\u00e9 historie jsou vystaveni na plo\u0161e p\u0159ibli\u017en\u011b 40 000 metr\u016f \u010dtvere\u010dn\u00edch.<\/div>\n<div>Pro z\u00e1jemce je p\u0159ipravena mal\u00e1 v\u00fdstava o historii leti\u0161\u0165 na severu m\u011bsta Chot\u011bbo\u0159. Samostatn\u00e1 v\u00fdstava p\u0159ibli\u017euje historii NVA a jej\u00edch kas\u00e1ren ve m\u011bst\u011b Cottbus. Uniformy, vybaven\u00ed a modely ilustruj\u00ed tuto \u010d\u00e1st n\u011bmeck\u00e9 vojensk\u00e9 historie.<\/div>\n<div>Krom\u011b toho se n\u00e1v\u0161t\u011bvn\u00edk dozv\u00ed zaj\u00edmavosti o historii lu\u017eick\u00e9ho letectv\u00ed.<\/div>\n<h3>Speci\u00e1ln\u00ed v\u00fdstavy \/ doprovodn\u00e9 nab\u00eddky<a id=\"austellungen_flugplatz_drewitz\"><\/a><\/h3>\n<div>\n<ul>\n<li>Setk\u00e1n\u00ed u\u017eitkov\u00fdch a vojensk\u00fdch vozidel<\/li>\n<li>Leteck\u00e9 setk\u00e1n\u00ed RC model\u016f<\/li>\n<li>V\u00fdstava plastikov\u00fdch model\u016f<\/li>\n<li>Prohl\u00eddka prostor restaurace<\/li>\n<\/ul>\n<p>Nab\u00eddky na vy\u017e\u00e1d\u00e1n\u00ed a po dohod\u011b<\/p>\n<\/div>\n<h3>Nab\u00eddky pro d\u011bti - S Kobim do muzea<a id=\"kinderangebot_flugplatz_drewitz\"><\/a><\/h3>\n<div>\n<p>Kobi - duch mal\u00e9ho domu - je v muzeu jako doma. Bydl\u00ed tam v ba\u010dkor\u00e1ch pod kamny. O p\u016flnoci odposlouch\u00e1v\u00e1 star\u00e9 muzejn\u00ed expon\u00e1ty, kdy\u017e si vypr\u00e1v\u011bj\u00ed p\u0159\u00edb\u011bhy z minulosti. Tyto vzru\u0161uj\u00edc\u00ed p\u0159\u00edb\u011bhy vypr\u00e1v\u00ed pracovn\u00edk\u016fm muzea, kte\u0159\u00ed je pak p\u0159ed\u00e1vaj\u00ed d\u011btem - p\u0159\u00edb\u011bhy ze star\u00fdch, d\u00e1vn\u00fdch \u010das\u016f.<\/p>\n<p class=\"entry-title post-title\">Kobi nab\u00edz\u00ed:<\/p>\n<h5>Leteck\u00e1 historie leti\u0161t\u011b Cottbus<\/h5>\n<div data-post-id='luftfahrtgeschichte-des-flugplatzes' class='insert-page insert-page-luftfahrtgeschichte-des-flugplatzes'>\t\t\t\t\t<p>V\u00fdstava o historii chot\u011bbo\u0159sk\u00e9ho leti\u0161t\u011b je rozd\u011blena do t\u0159\u00ed chronologick\u00fdch odd\u00edl\u016f (roky 1916 a\u017e 1945, 1945 a\u017e 1990 a od roku 1990 do sou\u010dasnosti). Leti\u0161t\u011b bylo v letech 1933-1990 vyu\u017e\u00edv\u00e1no pro vojensk\u00e9 \u00fa\u010dely. Krom\u011b toho se \u017e\u00e1ci dozv\u011bd\u00ed zaj\u00edmavosti z historie lu\u017eick\u00e9ho letectv\u00ed.<\/p>\n<p>Nab\u00eddka prob\u00edh\u00e1 v interi\u00e9ru i exteri\u00e9ru a je ur\u010dena \u0161kol\u00e1k\u016fm.<br \/>\nt\u0159\u00edd 1 a\u017e 10.<br \/>\nTerm\u00edny: dle dohody<br \/>\nP\u0159edb\u011b\u017en\u00e1 registrace: alespo\u0148 2 t\u00fddny p\u0159edem<\/p>\n<p><a title=\"Muzeum leti\u0161t\u011b Cottbus \/ L\u011btani\u0161\u0107owy muzej Ch\u00f3\u015bebuz\" href=\"\/museen\/flugplatzmuseum-Cottbus\/\">Muzeum leti\u0161t\u011b Cottbus<\/a><\/p>\n\t\t\t\t\t<\/div>\n<h3><\/h3>\n<p>&nbsp;<\/p>\n<h3>Galerie<a id=\"galerie_flugplatzmuseum_cottbus\"><\/a><\/h3>\n<div id=\"envira-gallery-wrap-154\" class=\"envira-gallery-wrap envira-gallery-theme-base envira-lightbox-theme-base\" itemscope itemtype=\"https:\/\/schema.org\/ImageGallery\"><div data-row-height=\"\" data-gallery-theme=\"\" id=\"envira-gallery-154\" class=\"envira-gallery-public  envira-gallery-3-columns envira-clear enviratope envira-gallery-css-animations\" data-envira-columns=\"3\"><div id=\"envira-gallery-item-6334\" class=\"envira-gallery-item enviratope-item envira-gallery-item-1\" style=\"padding-left: 5px; padding-bottom: 10px; padding-right: 5px;\"  itemscope itemtype=\"https:\/\/schema.org\/ImageObject\"><div class=\"envira-gallery-item-inner\"><div class=\"envira-gallery-position-overlay  envira-gallery-top-left\"><\/div><div class=\"envira-gallery-position-overlay  envira-gallery-top-right\"><\/div><div class=\"envira-gallery-position-overlay  envira-gallery-bottom-left\"><\/div><div class=\"envira-gallery-position-overlay  envira-gallery-bottom-right\"><\/div><a href=\"https:\/\/www.lausitzer-museenland.de\/wp-content\/uploads\/2014\/11\/FPMC-9.png\" class=\"envira-gallery-154 envira-gallery-link\" rel=\"enviragallery154\" title=\"FPMC (9)\" data-envira-caption=\"FPMC (9)\" data-envira-retina=\"\" data-thumbnail=\"\"  itemprop=\"contentUrl\"><div class=\"envira-lazy\" data-test-width=\"960\" data-test-height=\"300\" style=\"padding-bottom:31.25%;\"><img id=\"envira-gallery-image-6334\" class=\"envira-gallery-image envira-gallery-image-1\" data-envira-index=\"1\" src=\"https:\/\/www.lausitzer-museenland.de\/wp-content\/uploads\/2014\/11\/FPMC-9.png\" data-envira-src=\"https:\/\/www.lausitzer-museenland.de\/wp-content\/uploads\/2014\/11\/FPMC-9.png\" data-envira-gallery-id=\"154\" data-envira-item-id=\"6334\" data-envira-caption=\"FPMC (9)\" alt=\"\" title=\"FPMC (9)\"  itemprop=\"thumbnailUrl\" data-envira-srcset=\"https:\/\/www.lausitzer-museenland.de\/wp-content\/uploads\/2014\/11\/FPMC-9.png 400w,https:\/\/www.lausitzer-museenland.de\/wp-content\/uploads\/2014\/11\/FPMC-9.png 2x\" srcset=\"data:image\/gif;base64,R0lGODlhAQABAIAAAP\/\/\/\/\/\/\/yH5BAEKAAEALAAAAAABAAEAAAICTAEAOw==\" \/><\/div><\/a><\/div><\/div><div id=\"envira-gallery-item-6335\" class=\"envira-gallery-item enviratope-item envira-gallery-item-2\" style=\"padding-left: 5px; padding-bottom: 10px; padding-right: 5px;\"  itemscope itemtype=\"https:\/\/schema.org\/ImageObject\"><div class=\"envira-gallery-item-inner\"><div class=\"envira-gallery-position-overlay  envira-gallery-top-left\"><\/div><div class=\"envira-gallery-position-overlay  envira-gallery-top-right\"><\/div><div class=\"envira-gallery-position-overlay  envira-gallery-bottom-left\"><\/div><div class=\"envira-gallery-position-overlay  envira-gallery-bottom-right\"><\/div><a href=\"https:\/\/www.lausitzer-museenland.de\/wp-content\/uploads\/2014\/11\/FPMC-48.png\" class=\"envira-gallery-154 envira-gallery-link\" rel=\"enviragallery154\" title=\"FPMC (48)\" data-envira-caption=\"FPMC (48)\" data-envira-retina=\"\" data-thumbnail=\"\"  itemprop=\"contentUrl\"><div class=\"envira-lazy\" data-test-width=\"960\" data-test-height=\"300\" style=\"padding-bottom:31.25%;\"><img id=\"envira-gallery-image-6335\" class=\"envira-gallery-image envira-gallery-image-2\" data-envira-index=\"2\" src=\"https:\/\/www.lausitzer-museenland.de\/wp-content\/uploads\/2014\/11\/FPMC-48.png\" data-envira-src=\"https:\/\/www.lausitzer-museenland.de\/wp-content\/uploads\/2014\/11\/FPMC-48.png\" data-envira-gallery-id=\"154\" data-envira-item-id=\"6335\" data-envira-caption=\"FPMC (48)\" alt=\"\" title=\"FPMC (48)\"  itemprop=\"thumbnailUrl\" data-envira-srcset=\"https:\/\/www.lausitzer-museenland.de\/wp-content\/uploads\/2014\/11\/FPMC-48.png 400w,https:\/\/www.lausitzer-museenland.de\/wp-content\/uploads\/2014\/11\/FPMC-48.png 2x\" srcset=\"data:image\/gif;base64,R0lGODlhAQABAIAAAP\/\/\/\/\/\/\/yH5BAEKAAEALAAAAAABAAEAAAICTAEAOw==\" \/><\/div><\/a><\/div><\/div><\/div><\/div><noscript><img src=\"https:\/\/www.lausitzer-museenland.de\/wp-content\/uploads\/2014\/11\/FPMC-9.png\" alt=\"\" \/><img src=\"https:\/\/www.lausitzer-museenland.de\/wp-content\/uploads\/2014\/11\/FPMC-48.png\" alt=\"\" \/><\/noscript>\n<\/div>","protected":false},"excerpt":{"rendered":"<p>Galerie | V\u00fdstavy | Nab\u00eddka pro d\u011bti V\u00fdstava o historii are\u00e1lu - Muzea mezi leteckou dopravou a leti\u0161t\u011bm Stavba \/ situace are\u00e1lu Muzeum se nach\u00e1z\u00ed v ji\u017en\u00ed \u010d\u00e1sti b\u00fdval\u00e9ho chot\u011bbo\u0159sk\u00e9ho leti\u0161t\u011b a je provozov\u00e1no spolkem Flugplatzmuseum Cottbus e. V. (Muzeum leti\u0161t\u011b Cottbus). Charakteristika Sou\u010dasn\u00ed sv\u011bdci historie vojensk\u00e9ho letectv\u00ed jsou vystaveni na plo\u0161e p\u0159ibli\u017en\u011b 40 000 m2. Pro z\u00e1jemce je p\u0159ipravena mal\u00e1 v\u00fdstava<\/p>","protected":false},"author":13,"featured_media":0,"parent":113,"menu_order":0,"comment_status":"closed","ping_status":"closed","template":"","meta":[],"_links":{"self":[{"href":"https:\/\/www.lausitzer-museenland.de\/cs\/wp-json\/wp\/v2\/pages\/154"}],"collection":[{"href":"https:\/\/www.lausitzer-museenland.de\/cs\/wp-json\/wp\/v2\/pages"}],"about":[{"href":"https:\/\/www.lausitzer-museenland.de\/cs\/wp-json\/wp\/v2\/types\/page"}],"author":[{"embeddable":true,"href":"https:\/\/www.lausitzer-museenland.de\/cs\/wp-json\/wp\/v2\/users\/13"}],"replies":[{"embeddable":true,"href":"https:\/\/www.lausitzer-museenland.de\/cs\/wp-json\/wp\/v2\/comments?post=154"}],"version-history":[{"count":21,"href":"https:\/\/www.lausitzer-museenland.de\/cs\/wp-json\/wp\/v2\/pages\/154\/revisions"}],"predecessor-version":[{"id":55371,"href":"https:\/\/www.lausitzer-museenland.de\/cs\/wp-json\/wp\/v2\/pages\/154\/revisions\/55371"}],"up":[{"embeddable":true,"href":"https:\/\/www.lausitzer-museenland.de\/cs\/wp-json\/wp\/v2\/pages\/113"}],"wp:attachment":[{"href":"https:\/\/www.lausitzer-museenland.de\/cs\/wp-json\/wp\/v2\/media?parent=154"}],"curies":[{"name":"wp","href":"https:\/\/api.w.org\/{rel}","templated":true}]}}