{"id":403,"date":"2014-11-12T10:51:07","date_gmt":"2014-11-12T09:51:07","guid":{"rendered":"http:\/\/lausitzer-museenland.de\/?page_id=403"},"modified":"2023-11-30T13:11:02","modified_gmt":"2023-11-30T12:11:02","slug":"ostereiermuseum-sabrodt","status":"publish","type":"page","link":"https:\/\/www.lausitzer-museenland.de\/cs\/muzea\/velikonocni-vajicka-muzeum-sabrodt\/","title":{"rendered":"Sabrodtovo muzeum velikono\u010dn\u00edch vajec \/ Muzej jat\u0161ownych jajkow Zabrod"},"content":{"rendered":"<p><a href=\"#galerie_sabrodt\">Galerie<\/a> \u00a0| \u00a0<a href=\"#kinderangebot_sabrodt\">Nab\u00eddky pro d\u011bti<\/a><br \/>\n<img loading=\"lazy\" class=\"enigma_img_responsive alignnone wp-image-3524\" src=\"https:\/\/www.lausitzer-museenland.de\/wp-content\/uploads\/2014\/11\/157.jpg\" alt=\"1\" width=\"800\" height=\"398\" srcset=\"https:\/\/www.lausitzer-museenland.de\/wp-content\/uploads\/2014\/11\/157.jpg 402w, https:\/\/www.lausitzer-museenland.de\/wp-content\/uploads\/2014\/11\/157-300x149.jpg 300w\" sizes=\"(max-width: 800px) 100vw, 800px\" \/><\/p>\n\n<p>P\u0159edstav\u00ed se v\u00e1m kr\u00e1sn\u011b zpracovan\u00e1 velikono\u010dn\u00ed vaj\u00ed\u010dka r\u016fzn\u00fdmi technikami z cel\u00e9ho sv\u011bta, zvyky a hry kolem vaj\u00ed\u010dka, ale i hrn\u00ed\u010dky, oh\u0159\u00edva\u010de nebo n\u00e1doby na vaj\u00ed\u010dka.<\/p>\n<h3>Situace budovy \/ pozemku<\/h3>\n<p>Muzeum velikono\u010dn\u00edch vaj\u00ed\u010dek se nach\u00e1z\u00ed ve \u010dty\u0159bok\u00e9m statku typick\u00e9m pro tuto oblast. Tady v Sabrodtu v dom\u011b Matthese Kujasche se p\u011bstoval jazyk, zvyky a zdoben\u00ed vajec. Dnes v t\u011bchto tradic\u00edch pokra\u010duje jeho vnu\u010dka Dorothea Tsch\u00f6ke.<\/p>\n<h3>Charakteristika<\/h3>\n<p>Sabrodtovo muzeum velikono\u010dn\u00edch vajec nab\u00edz\u00ed v\u00fdstavu o vejc\u00edch. K vid\u011bn\u00ed jsou velikono\u010dn\u00ed vaj\u00ed\u010dka z cel\u00e9ho sv\u011bta, kter\u00e1 \u010dlenov\u00e9 \"Lausitzer Heimatverein e.V.\" sb\u00edraj\u00ed od roku 1971, a tak\u00e9 v\u00edt\u011bzn\u00e9 kolekce z lu\u017eickosrbsk\u00e9 \"Sout\u011b\u017ee o velikono\u010dn\u00ed vaj\u00ed\u010dko v Budy\u0161\u00edn\u011b\". N\u00e1v\u0161t\u011bvn\u00edci se dozv\u011bd\u00ed zaj\u00edmavosti o zvyc\u00edch v r\u016fzn\u00fdch ro\u010dn\u00edch obdob\u00edch a o hr\u00e1ch s vaj\u00ed\u010dky. Krom\u011b vaj\u00ed\u010dek v nejr\u016fzn\u011bj\u0161\u00edch technik\u00e1ch a z r\u016fzn\u00fdch materi\u00e1l\u016f jsou na v\u00fdstav\u011b k vid\u011bn\u00ed tak\u00e9 kal\u00ed\u0161ky na vaj\u00ed\u010dka, oh\u0159\u00edva\u010de, n\u00e1doby na vaj\u00ed\u010dka, nosi\u010de, vykrajov\u00e1tka a mnoho dal\u0161\u00edch p\u0159edm\u011bt\u016f na vaj\u00ed\u010dka. V muzeu se nach\u00e1z\u00ed tak\u00e9 nejv\u011bt\u0161\u00ed model Braniborska a Saska.<br \/>\nFilm \"Kdy\u017e se Jan a Lenka berou\" nato\u010den\u00fd v roce 1955 v Sabrodtu ukazuje lu\u017eickosrbskou svatbu. N\u00e1v\u0161t\u011bvn\u00edci mohou zhl\u00e9dnout tento a dal\u0161\u00ed filmy o lu\u017eickosrbsk\u00fdch\/venkovsk\u00fdch zvyc\u00edch, vaje\u010dn\u00fdch zvyc\u00edch ve sv\u011bt\u011b a lu\u017eickosrbsk\u00fdch pam\u00e1tk\u00e1ch.<br \/>\nVe venkovn\u00edch prostor\u00e1ch je k vid\u011bn\u00ed zrekonstruovan\u00e1 font\u00e1na s franck\u00fdmi vejci.<\/p>\n<h3>Speci\u00e1ln\u00ed v\u00fdstavy \/ doprovodn\u00e9 nab\u00eddky<\/h3>\n<p>Lu\u017eickosrbsk\u00e9 a vendsk\u00e9 techniky zdoben\u00ed vajec si m\u016f\u017eete nejen prohl\u00e9dnout v muzeu, ale tak\u00e9 se je nau\u010dit v kreativn\u00edch kurzech. V d\u00edln\u011b malov\u00e1n\u00ed vaj\u00ed\u010dek maj\u00ed n\u00e1v\u0161t\u011bvn\u00edci mo\u017enost z\u00fa\u010dastnit se intern\u00ed muzejn\u00ed sout\u011b\u017ee s vlastnoru\u010dn\u011b vytvo\u0159en\u00fdmi um\u011bleck\u00fdmi d\u00edly. Lze vyrobit i neobvykl\u00e1 vejce, nap\u0159. krajinu ve vejci.<br \/>\nKa\u017edoro\u010dn\u011b jsou zde vystavena ocen\u011bn\u00e1 velikono\u010dn\u00ed vaj\u00ed\u010dka z lu\u017eickosrbsk\u00e9 sout\u011b\u017ee \"Velikono\u010dn\u00ed vaj\u00ed\u010dko v Budy\u0161\u00edn\u011b\".<br \/>\nPutovn\u00ed v\u00fdstava o modrotisku vysv\u011btluje techniky modrotisku a ukazuje rozd\u00edly mezi modrotiskem pomoc\u00ed model\u016f, pr\u016fmyslov\u00fdm tiskem a ru\u010dn\u00edm s\u00edtotiskem.<\/p>\n<h3>Nab\u00eddky pro d\u011bti - S Kobim do muzea<a id=\"kinderangebot_sabrodt\"><\/a><\/h3>\n<p align=\"left\">Kobi - duch mal\u00e9ho domu - je v muzeu jako doma. Bydl\u00ed tam v ba\u010dkor\u00e1ch pod kamny. O p\u016flnoci odposlouch\u00e1v\u00e1 star\u00e9 muzejn\u00ed expon\u00e1ty, kdy\u017e si vypr\u00e1v\u011bj\u00ed p\u0159\u00edb\u011bhy z minulosti. Tyto vzru\u0161uj\u00edc\u00ed p\u0159\u00edb\u011bhy vypr\u00e1v\u00ed pracovn\u00edk\u016fm muzea, kte\u0159\u00ed je pak p\u0159ed\u00e1vaj\u00ed d\u011btem - p\u0159\u00edb\u011bhy ze star\u00fdch, d\u00e1vn\u00fdch \u010das\u016f.<\/p>\n<p>Kobi nab\u00edz\u00ed:<\/p>\n<p>V\u0161e o vejc\u00edch - lu\u017eickosrbsk\u00fdch i sv\u011btov\u00fdch - nosi\u010di vajec, sn\u00e1\u0161e\u010di vajec, p\u0159edm\u011bty z vajec a spousta z\u00e1bavn\u00fdch v\u011bc\u00ed o vejc\u00edch a v\u011bcech ve tvaru vajec.<\/p>\n<div data-post-id='alles-ums-ei-sorbisch-und-weltweit' class='insert-page insert-page-alles-ums-ei-sorbisch-und-weltweit'>\t\t\t\t\t<p>P\u0159in\u00e1\u0161e\u010di vajec, sn\u00e1\u0161e\u010di vajec, p\u0159edm\u011bty z vajec a spousta z\u00e1bavn\u00fdch v\u011bc\u00ed o vejc\u00edch a v\u011bcech ve tvaru vajec: ocen\u011bn\u00e1 velikono\u010dn\u00ed vejce ze sout\u011b\u017ee v Budy\u0161\u00edn\u011b, zvyky spojen\u00e9 s vejcem v N\u011bmecku, workshop malov\u00e1n\u00ed vajec s mo\u017enost\u00ed z\u00fa\u010dastnit se sout\u011b\u017ee. V z\u00e1zra\u010dn\u00e9m sv\u011bt\u011b \"V\u0161e o vejc\u00edch\" m\u016f\u017eete c\u00edtit, chutnat, \u010dichat a sly\u0161et. Mnoh\u00e9 z expon\u00e1t\u016f muzea jsou zaj\u00edmav\u00e9 a jedine\u010dn\u00e9.<br \/>\nD\u00edvky si mohou obl\u00e9knout vendsk\u00fd kost\u00fdm.<br \/>\nK tomu je mo\u017en\u00e9 zhl\u00e9dnout historick\u00e9 filmy o zvyc\u00edch Lu\u017eick\u00fdch Srb\u016f a Vend\u016f.<br \/>\nProgram prob\u00edh\u00e1 v interi\u00e9ru nebo exteri\u00e9ru a je ur\u010den pro p\u0159ed\u0161koln\u00ed d\u011bti a \u017e\u00e1ky do 12. t\u0159\u00eddy.<br \/>\nTerm\u00edny: po domluv\u011b, od pond\u011bl\u00ed do ned\u011ble i ve\u010der nebo v noci jako festival sv\u011btel.<br \/>\nP\u0159edb\u011b\u017en\u00e1 registrace: nejpozd\u011bji 2 hodiny p\u0159edem<br \/>\nVelikost skupiny: 5 a\u017e 50 osob<br \/>\nVstupn\u00e9 na osobu: 3,50 \u20ac<br \/>\nP\u0159\u00edsp\u011bvek na n\u00e1klady na osobu (na materi\u00e1l apod.): 3,00 \u20ac.<\/p>\n<p><em>S sebou je t\u0159eba m\u00edt n\u00e1sleduj\u00edc\u00ed pracovn\u00ed materi\u00e1ly:<\/em><br \/>\nVyfouknut\u00e1 vejce nebo \u010derstv\u00e1 b\u00edl\u00e1 vejce<\/p>\n<p><em>Pozn\u00e1mky k nab\u00eddce:<\/em><br \/>\nNa farm\u011b nebo na zahrad\u011b je mo\u017en\u00e9 hr\u00e1t mnoho her a sout\u011b\u017e\u00ed z\u00e1bavn\u00e9ho charakteru. Na po\u017e\u00e1d\u00e1n\u00ed se kon\u00e1 mal\u00e1 lekce o bylink\u00e1ch na zahrad\u011b s ochutn\u00e1vkou nebo dokonce s manipulac\u00ed s ty\u010dov\u00fdm chlebem, sol\u00ed nebo cibulov\u00fdmi vejci.<\/p>\n<p>Pokud jsou poplatky a cestovn\u00ed n\u00e1klady proplaceny, p\u0159ich\u00e1z\u00ed nab\u00eddka na po\u017e\u00e1d\u00e1n\u00ed i do denn\u00edho stacion\u00e1\u0159e nebo \u0161koly.<\/p>\n<p><a href=\"http:\/\/www.ostereiermuseum.de\/\" target=\"_blank\">Sabrodtovo muzeum velikono\u010dn\u00edch vajec<\/a><\/p>\n\t\t\t\t\t<\/div>\n<h3><\/h3>\n<h3>Galerie<a id=\"galerie_sabrodt\"><\/a><\/h3>\n<div id=\"envira-gallery-wrap-403\" class=\"envira-gallery-wrap envira-gallery-theme-base envira-lightbox-theme-base\" itemscope itemtype=\"https:\/\/schema.org\/ImageGallery\"><div data-row-height=\"\" data-gallery-theme=\"\" id=\"envira-gallery-403\" class=\"envira-gallery-public  envira-gallery-3-columns envira-clear enviratope envira-gallery-css-animations\" data-envira-columns=\"3\"><div id=\"envira-gallery-item-3524\" class=\"envira-gallery-item enviratope-item envira-gallery-item-1\" style=\"padding-left: 5px; padding-bottom: 10px; padding-right: 5px;\"  itemscope itemtype=\"https:\/\/schema.org\/ImageObject\"><div class=\"envira-gallery-item-inner\"><div class=\"envira-gallery-position-overlay  envira-gallery-top-left\"><\/div><div class=\"envira-gallery-position-overlay  envira-gallery-top-right\"><\/div><div class=\"envira-gallery-position-overlay  envira-gallery-bottom-left\"><\/div><div class=\"envira-gallery-position-overlay  envira-gallery-bottom-right\"><\/div><a href=\"https:\/\/www.lausitzer-museenland.de\/wp-content\/uploads\/2014\/11\/157.jpg\" class=\"envira-gallery-403 envira-gallery-link\" rel=\"enviragallery403\" title=\"Nejv\u011bt\u0161\u00ed a nejvy\u0161\u0161\u00ed vejce v Lu\u017eici \/ Foto: Muzeum\" data-envira-caption=\"Gr&ouml;&szlig;tes und h&ouml;chstes Ei der Lausitz \/ Foto: Museum\" data-envira-retina=\"\" data-thumbnail=\"\"  itemprop=\"contentUrl\"><div class=\"envira-lazy\" data-test-width=\"960\" data-test-height=\"300\" style=\"padding-bottom:31.25%;\"><img id=\"envira-gallery-image-3524\" class=\"envira-gallery-image envira-gallery-image-1\" data-envira-index=\"1\" src=\"https:\/\/www.lausitzer-museenland.de\/wp-content\/uploads\/2014\/11\/157.jpg\" data-envira-src=\"https:\/\/www.lausitzer-museenland.de\/wp-content\/uploads\/2014\/11\/157.jpg\" data-envira-gallery-id=\"403\" data-envira-item-id=\"3524\" data-envira-caption=\"Gr&ouml;&szlig;tes und h&ouml;chstes Ei der Lausitz \/ Foto: Museum\" alt=\"\" title=\"Nejv\u011bt\u0161\u00ed a nejvy\u0161\u0161\u00ed vejce v Lu\u017eici \/ Foto: Muzeum\"  itemprop=\"thumbnailUrl\" data-envira-srcset=\"https:\/\/www.lausitzer-museenland.de\/wp-content\/uploads\/2014\/11\/157.jpg 400w,https:\/\/www.lausitzer-museenland.de\/wp-content\/uploads\/2014\/11\/157.jpg 2x\" srcset=\"data:image\/gif;base64,R0lGODlhAQABAIAAAP\/\/\/\/\/\/\/yH5BAEKAAEALAAAAAABAAEAAAICTAEAOw==\" \/><\/div><\/a><\/div><\/div><div id=\"envira-gallery-item-3525\" class=\"envira-gallery-item enviratope-item envira-gallery-item-2\" style=\"padding-left: 5px; padding-bottom: 10px; padding-right: 5px;\"  itemscope itemtype=\"https:\/\/schema.org\/ImageObject\"><div class=\"envira-gallery-item-inner\"><div class=\"envira-gallery-position-overlay  envira-gallery-top-left\"><\/div><div class=\"envira-gallery-position-overlay  envira-gallery-top-right\"><\/div><div class=\"envira-gallery-position-overlay  envira-gallery-bottom-left\"><\/div><div class=\"envira-gallery-position-overlay  envira-gallery-bottom-right\"><\/div><a href=\"https:\/\/www.lausitzer-museenland.de\/wp-content\/uploads\/2014\/11\/224.jpg\" class=\"envira-gallery-403 envira-gallery-link\" rel=\"enviragallery403\" title=\"Pan\u00ed Tsch\u00f6keov\u00e1 p\u0159edstavuje velikono\u010dn\u00ed vaj\u00ed\u010dka \/ Foto: Muzeum\" data-envira-caption=\"Frau Tsch&ouml;ke pr&auml;sentiert Ostereier \/ Foto: Museum\" data-envira-retina=\"\" data-thumbnail=\"\"  itemprop=\"contentUrl\"><div class=\"envira-lazy\" data-test-width=\"960\" data-test-height=\"300\" style=\"padding-bottom:31.25%;\"><img id=\"envira-gallery-image-3525\" class=\"envira-gallery-image envira-gallery-image-2\" data-envira-index=\"2\" src=\"https:\/\/www.lausitzer-museenland.de\/wp-content\/uploads\/2014\/11\/224.jpg\" data-envira-src=\"https:\/\/www.lausitzer-museenland.de\/wp-content\/uploads\/2014\/11\/224.jpg\" data-envira-gallery-id=\"403\" data-envira-item-id=\"3525\" data-envira-caption=\"Frau Tsch&ouml;ke pr&auml;sentiert Ostereier \/ Foto: Museum\" alt=\"\" title=\"Pan\u00ed Tsch\u00f6keov\u00e1 p\u0159edstavuje velikono\u010dn\u00ed vaj\u00ed\u010dka \/ Foto: Muzeum\"  itemprop=\"thumbnailUrl\" data-envira-srcset=\"https:\/\/www.lausitzer-museenland.de\/wp-content\/uploads\/2014\/11\/224.jpg 400w,https:\/\/www.lausitzer-museenland.de\/wp-content\/uploads\/2014\/11\/224.jpg 2x\" srcset=\"data:image\/gif;base64,R0lGODlhAQABAIAAAP\/\/\/\/\/\/\/yH5BAEKAAEALAAAAAABAAEAAAICTAEAOw==\" \/><\/div><\/a><\/div><\/div><div id=\"envira-gallery-item-3526\" class=\"envira-gallery-item enviratope-item envira-gallery-item-3\" style=\"padding-left: 5px; padding-bottom: 10px; padding-right: 5px;\"  itemscope itemtype=\"https:\/\/schema.org\/ImageObject\"><div class=\"envira-gallery-item-inner\"><div class=\"envira-gallery-position-overlay  envira-gallery-top-left\"><\/div><div class=\"envira-gallery-position-overlay  envira-gallery-top-right\"><\/div><div class=\"envira-gallery-position-overlay  envira-gallery-bottom-left\"><\/div><div class=\"envira-gallery-position-overlay  envira-gallery-bottom-right\"><\/div><a href=\"https:\/\/www.lausitzer-museenland.de\/wp-content\/uploads\/2014\/11\/315.jpg\" class=\"envira-gallery-403 envira-gallery-link\" rel=\"enviragallery403\" title=\"Francouzsk\u00e1 vaje\u010dn\u00e1 ka\u0161na v Sabrodtu \/ Foto: Muzeum\" data-envira-caption=\"Fr&auml;nkischer Eierbrunnen in Sabrodt \/ Foto: Museum\" data-envira-retina=\"\" data-thumbnail=\"\"  itemprop=\"contentUrl\"><div class=\"envira-lazy\" data-test-width=\"960\" data-test-height=\"300\" style=\"padding-bottom:31.25%;\"><img id=\"envira-gallery-image-3526\" class=\"envira-gallery-image envira-gallery-image-3\" data-envira-index=\"3\" src=\"https:\/\/www.lausitzer-museenland.de\/wp-content\/uploads\/2014\/11\/315.jpg\" data-envira-src=\"https:\/\/www.lausitzer-museenland.de\/wp-content\/uploads\/2014\/11\/315.jpg\" data-envira-gallery-id=\"403\" data-envira-item-id=\"3526\" data-envira-caption=\"Fr&auml;nkischer Eierbrunnen in Sabrodt \/ Foto: Museum\" alt=\"\" title=\"Francouzsk\u00e1 vaje\u010dn\u00e1 ka\u0161na v Sabrodtu \/ Foto: Muzeum\"  itemprop=\"thumbnailUrl\" data-envira-srcset=\"https:\/\/www.lausitzer-museenland.de\/wp-content\/uploads\/2014\/11\/315.jpg 400w,https:\/\/www.lausitzer-museenland.de\/wp-content\/uploads\/2014\/11\/315.jpg 2x\" srcset=\"data:image\/gif;base64,R0lGODlhAQABAIAAAP\/\/\/\/\/\/\/yH5BAEKAAEALAAAAAABAAEAAAICTAEAOw==\" \/><\/div><\/a><\/div><\/div><\/div><\/div><noscript><img src=\"https:\/\/www.lausitzer-museenland.de\/wp-content\/uploads\/2014\/11\/157.jpg\" alt=\"\" \/><img src=\"https:\/\/www.lausitzer-museenland.de\/wp-content\/uploads\/2014\/11\/224.jpg\" alt=\"\" \/><img src=\"https:\/\/www.lausitzer-museenland.de\/wp-content\/uploads\/2014\/11\/315.jpg\" alt=\"\" \/><\/noscript>","protected":false},"excerpt":{"rendered":"<p>Galerie | Nab\u00eddky pro d\u011bti P\u0159edstavuj\u00ed se zde kr\u00e1sn\u011b zpracovan\u00e9 kraslice r\u016fzn\u00fdmi technikami z cel\u00e9ho sv\u011bta, zvyky a hry kolem vaj\u00ed\u010dka, ale tak\u00e9 hrn\u00ed\u010dky, oh\u0159\u00edva\u010de nebo n\u00e1doby na vaj\u00ed\u010dka.Stavba \/ situace na m\u00edst\u011b Muzeum velikono\u010dn\u00edch vaj\u00ed\u010dek se nach\u00e1z\u00ed ve \u010dty\u0159bok\u00e9m statku typick\u00e9m pro tuto oblast. Tady v Sabrodtu v dom\u011b Matthese Kujasche se jazyk, zvyky a zdoben\u00ed vajec<\/p>","protected":false},"author":13,"featured_media":0,"parent":113,"menu_order":0,"comment_status":"closed","ping_status":"closed","template":"","meta":[],"_links":{"self":[{"href":"https:\/\/www.lausitzer-museenland.de\/cs\/wp-json\/wp\/v2\/pages\/403"}],"collection":[{"href":"https:\/\/www.lausitzer-museenland.de\/cs\/wp-json\/wp\/v2\/pages"}],"about":[{"href":"https:\/\/www.lausitzer-museenland.de\/cs\/wp-json\/wp\/v2\/types\/page"}],"author":[{"embeddable":true,"href":"https:\/\/www.lausitzer-museenland.de\/cs\/wp-json\/wp\/v2\/users\/13"}],"replies":[{"embeddable":true,"href":"https:\/\/www.lausitzer-museenland.de\/cs\/wp-json\/wp\/v2\/comments?post=403"}],"version-history":[{"count":14,"href":"https:\/\/www.lausitzer-museenland.de\/cs\/wp-json\/wp\/v2\/pages\/403\/revisions"}],"predecessor-version":[{"id":53960,"href":"https:\/\/www.lausitzer-museenland.de\/cs\/wp-json\/wp\/v2\/pages\/403\/revisions\/53960"}],"up":[{"embeddable":true,"href":"https:\/\/www.lausitzer-museenland.de\/cs\/wp-json\/wp\/v2\/pages\/113"}],"wp:attachment":[{"href":"https:\/\/www.lausitzer-museenland.de\/cs\/wp-json\/wp\/v2\/media?parent=403"}],"curies":[{"name":"wp","href":"https:\/\/api.w.org\/{rel}","templated":true}]}}