{"id":473,"date":"2014-11-12T11:41:04","date_gmt":"2014-11-12T10:41:04","guid":{"rendered":"http:\/\/lausitzer-museenland.de\/?page_id=473"},"modified":"2018-08-16T09:18:08","modified_gmt":"2018-08-16T08:18:08","slug":"lieder-zum-zuhoeren-mitsingen-und-mitmachen","status":"publish","type":"page","link":"https:\/\/www.lausitzer-museenland.de\/cs\/sluzba\/kobi\/pisne-k-poslechu-a-ucasti\/","title":{"rendered":"Poslouchejte - p\u0159idejte se! - P\u00edsni\u010dky k poslechu, zp\u011bvu a zp\u00edv\u00e1n\u00ed v m\u00edstn\u00edm historick\u00e9m muzeu Dissen"},"content":{"rendered":"<p>P\u00edsni\u010dky k poslechu, zp\u00edv\u00e1n\u00ed a p\u0159id\u00e1v\u00e1n\u00ed se: O tom, pro\u010d drak nep\u0159ivede princeznu, o zv\u00ed\u0159atech v ohniv\u00e9m rybn\u00edku, zamilovan\u00e9m mlad\u00edkovi, snech o Africe a pr\u00e1zdnin\u00e1ch se zp\u00edv\u00e1 v p\u00edsn\u00edch b\u00e1sn\u00edka Pittkuninga.<\/p>\n<p>Nab\u00eddka prob\u00edh\u00e1 v interi\u00e9ru a je ur\u010dena d\u011btem p\u0159ed\u0161koln\u00edho v\u011bku a\u017e do 4. t\u0159\u00eddy.<br \/>\nTerm\u00edny: dle dohody<br \/>\nP\u0159edb\u011b\u017en\u00e1 registrace: nejpozd\u011bji 2 t\u00fddny p\u0159edem<br \/>\nVelikost skupiny: 6 a\u017e 30 osob<\/p>\n<p>Po dohod\u011b lze r\u016fzn\u00e9 nab\u00eddky m\u00edstn\u00edho historick\u00e9ho muzea vz\u00e1jemn\u011b kombinovat.<\/p>\n<p><a title=\"Heimatmuseum Dissen \/ Domowniski muzej De\u0161no\" href=\"\/museen\/heimatmuseum-dissen\/\">Muzeum m\u00edstn\u00ed historie Dissen<\/a><\/p>","protected":false},"excerpt":{"rendered":"<p>P\u00edsni\u010dky k poslechu, zp\u00edv\u00e1n\u00ed a p\u0159id\u00e1v\u00e1n\u00ed se: O tom, pro\u010d drak nep\u0159ivede princeznu, o zv\u00ed\u0159atech v ohniv\u00e9m rybn\u00edku, o zamilovan\u00e9m mlad\u00edkovi, o snech o Africe a o pr\u00e1zdnin\u00e1ch se zp\u00edv\u00e1 v p\u00edsn\u00edch b\u00e1sn\u00edka Pittkuninga. Program prob\u00edh\u00e1 v interi\u00e9ru a je ur\u010den pro d\u011bti p\u0159ed\u0161koln\u00edho v\u011bku do 4. t\u0159\u00eddy. Term\u00edny: dle domluvy P\u0159edb\u011b\u017en\u00e1 registrace: alespo\u0148 2 t\u00fddny p\u0159edem Velikost skupiny:<\/p>","protected":false},"author":13,"featured_media":0,"parent":380,"menu_order":0,"comment_status":"closed","ping_status":"closed","template":"","meta":[],"_links":{"self":[{"href":"https:\/\/www.lausitzer-museenland.de\/cs\/wp-json\/wp\/v2\/pages\/473"}],"collection":[{"href":"https:\/\/www.lausitzer-museenland.de\/cs\/wp-json\/wp\/v2\/pages"}],"about":[{"href":"https:\/\/www.lausitzer-museenland.de\/cs\/wp-json\/wp\/v2\/types\/page"}],"author":[{"embeddable":true,"href":"https:\/\/www.lausitzer-museenland.de\/cs\/wp-json\/wp\/v2\/users\/13"}],"replies":[{"embeddable":true,"href":"https:\/\/www.lausitzer-museenland.de\/cs\/wp-json\/wp\/v2\/comments?post=473"}],"version-history":[{"count":8,"href":"https:\/\/www.lausitzer-museenland.de\/cs\/wp-json\/wp\/v2\/pages\/473\/revisions"}],"predecessor-version":[{"id":24518,"href":"https:\/\/www.lausitzer-museenland.de\/cs\/wp-json\/wp\/v2\/pages\/473\/revisions\/24518"}],"up":[{"embeddable":true,"href":"https:\/\/www.lausitzer-museenland.de\/cs\/wp-json\/wp\/v2\/pages\/380"}],"wp:attachment":[{"href":"https:\/\/www.lausitzer-museenland.de\/cs\/wp-json\/wp\/v2\/media?parent=473"}],"curies":[{"name":"wp","href":"https:\/\/api.w.org\/{rel}","templated":true}]}}