{"id":52614,"date":"2020-01-15T09:19:13","date_gmt":"2020-01-15T08:19:13","guid":{"rendered":"https:\/\/www.lausitzer-museenland.de\/?page_id=52614"},"modified":"2023-11-30T13:02:00","modified_gmt":"2023-11-30T12:02:00","slug":"hollaendermuehle-turnow-holandarski-mlyn-turnow","status":"publish","type":"page","link":"https:\/\/www.lausitzer-museenland.de\/cs\/muzea\/hollaendermuehle-turnow-holandarski-mlyn-turnow\/","title":{"rendered":"Holl\u00e4nderm\u00fchle Turnow \/ Holanda\u0155ski m\u0142yn Turnow"},"content":{"rendered":"<p><a href=\"https:\/\/www.lausitzer-museenland.de\/wp-content\/uploads\/2019\/06\/M\u00fchle_Turnow_portfolio.png\"><img loading=\"lazy\" class=\"aligncenter size-full wp-image-51967\" src=\"https:\/\/www.lausitzer-museenland.de\/wp-content\/uploads\/2019\/06\/M\u00fchle_Turnow_portfolio.png\" alt=\"\" width=\"570\" height=\"350\" srcset=\"https:\/\/www.lausitzer-museenland.de\/wp-content\/uploads\/2019\/06\/M\u00fchle_Turnow_portfolio.png 570w, https:\/\/www.lausitzer-museenland.de\/wp-content\/uploads\/2019\/06\/M\u00fchle_Turnow_portfolio-300x184.png 300w, https:\/\/www.lausitzer-museenland.de\/wp-content\/uploads\/2019\/06\/M\u00fchle_Turnow_portfolio-340x210.png 340w\" sizes=\"(max-width: 570px) 100vw, 570px\" \/><\/a><\/p>\n\n<p><strong>Ml\u00fdn bez k\u0159\u00eddel, ale se silem na obil\u00ed<\/strong><\/p>\n<h3><strong>Situace budovy \/ pozemku<\/strong><\/h3>\n<p>Ml\u00fdn v Turnov\u011b-Preil\u00e1cku se nach\u00e1z\u00ed na takzvan\u00e9m Galgenbergu v okrese Turnov. Jeho podstatou je holandsk\u00fd v\u011btrn\u00fd ml\u00fdn z roku 1858, kter\u00fd byl v roce 1936 p\u0159estav\u011bn na motorov\u00fd ml\u00fdn. Charakteristick\u00e9 lopatky v\u011btrn\u00e9ho ml\u00fdna byly demontov\u00e1ny. Unik\u00e1tn\u00ed v regionu je p\u0159\u00edstavba obiln\u00edho sila s p\u011bti komorami z roku 1939. Silo slou\u017eilo k uskladn\u011bn\u00ed obil\u00ed. Do roku 1976 se ve ml\u00fdn\u011b mlela tak\u00e9 mouka na pe\u010den\u00ed chleba pro okoln\u00ed vesnice.<\/p>\n<h3><strong>Charakteristika<\/strong><\/h3>\n<p>N\u00e1v\u0161t\u011bvn\u00edci se zde dozv\u011bd\u00ed zaj\u00edmavosti o historii a funkci ml\u00fdna. Turnovsk\u00fd ml\u00fdn je p\u0159\u00edkladem p\u0159echodu od technologie v\u011btrn\u00fdch ml\u00fdn\u016f k motorov\u00e9mu pohonu. K vid\u011bn\u00ed je zaj\u00edmav\u00e1 star\u00e1 ml\u00fdnsk\u00e1 technika a v\u00edce ne\u017e 100 let star\u00fd funk\u010dn\u00ed v\u00fdtah.<\/p>\n<h3><strong>Ud\u00e1losti<\/strong><\/h3>\n<p>N\u011bkolikr\u00e1t ro\u010dn\u011b se ve ml\u00fdn\u011b konaj\u00ed kulturn\u00ed akce. U p\u0159\u00edle\u017eitosti Dne n\u011bmeck\u00fdch ml\u00fdn\u016f otev\u00edr\u00e1 sv\u00e9 br\u00e1ny Holl\u00e4nderm\u00fchle Turnow. Po oba svatodu\u0161n\u00ed dny budou n\u00e1v\u0161t\u011bvn\u00edky ml\u00fdnem prov\u00e1zet dva mlyn\u00e1\u0159i. Star\u00e1 brus\u00edrna s p\u011bti patry nab\u00edz\u00ed mnoho zaj\u00edmav\u00e9ho pro mal\u00e9 i velk\u00e9.<\/p>\n<h3><strong>Galerie<\/strong><\/h3>\n<div id=\"envira-gallery-wrap-53187\" class=\"envira-gallery-wrap envira-gallery-theme-base envira-lightbox-theme-base\" itemscope itemtype=\"https:\/\/schema.org\/ImageGallery\"><div data-row-height=\"150\" data-gallery-theme=\"normal\" id=\"envira-gallery-53187\" class=\"envira-gallery-public envira-gallery-justified-public envira-gallery-0-columns envira-clear enviratope envira-gallery-css-animations\" data-envira-columns=\"0\"><div id=\"envira-gallery-item-52761\" class=\"envira-gallery-item enviratope-item envira-gallery-item-1 envira-lazy-load\" style=\"padding-left: 5px; padding-bottom: 10px; padding-right: 5px;\"  itemscope itemtype=\"https:\/\/schema.org\/ImageObject\"><div class=\"envira-gallery-item-inner\"><div class=\"envira-gallery-position-overlay  envira-gallery-top-left\"><\/div><div class=\"envira-gallery-position-overlay  envira-gallery-top-right\"><\/div><div class=\"envira-gallery-position-overlay  envira-gallery-bottom-left\"><\/div><div class=\"envira-gallery-position-overlay  envira-gallery-bottom-right\"><\/div><a href=\"https:\/\/www.lausitzer-museenland.de\/wp-content\/uploads\/2020\/01\/Holl\u00e4nderm\u00fchle_Turnow.jpg\" class=\"envira-gallery-53187 envira-gallery-link\" rel=\"enviragallery53187\" title=\"Holandsk\u00fd ml\u00fdn Turnow\" data-envira-caption=\"Holl&auml;nderm&uuml;hle Turnow\" data-envira-retina=\"\" data-thumbnail=\"\"  itemprop=\"contentUrl\"><img id=\"envira-gallery-image-52761\" class=\"envira-gallery-image envira-gallery-image-1 envira-normal envira-lazy\" data-envira-index=\"1\" src=\"https:\/\/www.lausitzer-museenland.de\/wp-content\/uploads\/2020\/01\/Holl\u00e4nderm\u00fchle_Turnow.jpg\" data-envira-src=\"https:\/\/www.lausitzer-museenland.de\/wp-content\/uploads\/2020\/01\/Holl\u00e4nderm\u00fchle_Turnow.jpg\" data-envira-gallery-id=\"53187\" data-envira-item-id=\"52761\" data-envira-caption=\"Holl&auml;nderm&uuml;hle Turnow\" alt=\"\" title=\"Holandsk\u00fd ml\u00fdn Turnow\"  itemprop=\"thumbnailUrl\" data-envira-srcset=\"https:\/\/www.lausitzer-museenland.de\/wp-content\/uploads\/2020\/01\/Holl\u00e4nderm\u00fchle_Turnow.jpg 400w,https:\/\/www.lausitzer-museenland.de\/wp-content\/uploads\/2020\/01\/Holl\u00e4nderm\u00fchle_Turnow.jpg 2x\" data-envira-width=\"300\" data-envira-height=\"298\" srcset=\"data:image\/gif;base64,R0lGODlhAQABAIAAAP\/\/\/\/\/\/\/yH5BAEKAAEALAAAAAABAAEAAAICTAEAOw==\" data-safe-src=\"data:image\/gif;base64,R0lGODlhAQABAIAAAP\/\/\/\/\/\/\/yH5BAEKAAEALAAAAAABAAEAAAICTAEAOw==\" \/><\/a><\/div><\/div><div id=\"envira-gallery-item-52764\" class=\"envira-gallery-item enviratope-item envira-gallery-item-2 envira-lazy-load\" style=\"padding-left: 5px; padding-bottom: 10px; padding-right: 5px;\"  itemscope itemtype=\"https:\/\/schema.org\/ImageObject\"><div class=\"envira-gallery-item-inner\"><div class=\"envira-gallery-position-overlay  envira-gallery-top-left\"><\/div><div class=\"envira-gallery-position-overlay  envira-gallery-top-right\"><\/div><div class=\"envira-gallery-position-overlay  envira-gallery-bottom-left\"><\/div><div class=\"envira-gallery-position-overlay  envira-gallery-bottom-right\"><\/div><a href=\"https:\/\/www.lausitzer-museenland.de\/wp-content\/uploads\/2020\/01\/M\u00fchle_Turnow_04.jpg\" class=\"envira-gallery-53187 envira-gallery-link\" rel=\"enviragallery53187\" title=\"Muzejn\u00ed noc 2019\" data-envira-caption=\"Museumsnacht 2019\" data-envira-retina=\"\" data-thumbnail=\"\"  itemprop=\"contentUrl\"><img id=\"envira-gallery-image-52764\" class=\"envira-gallery-image envira-gallery-image-2 envira-normal envira-lazy\" data-envira-index=\"2\" src=\"https:\/\/www.lausitzer-museenland.de\/wp-content\/uploads\/2020\/01\/M\u00fchle_Turnow_04-1024x768.jpg\" data-envira-src=\"https:\/\/www.lausitzer-museenland.de\/wp-content\/uploads\/2020\/01\/M\u00fchle_Turnow_04-1024x768.jpg\" data-envira-gallery-id=\"53187\" data-envira-item-id=\"52764\" data-envira-caption=\"Museumsnacht 2019\" alt=\"\" title=\"Muzejn\u00ed noc 2019\"  itemprop=\"thumbnailUrl\" data-envira-srcset=\"https:\/\/www.lausitzer-museenland.de\/wp-content\/uploads\/2020\/01\/M\u00fchle_Turnow_04-1024x768.jpg 400w,https:\/\/www.lausitzer-museenland.de\/wp-content\/uploads\/2020\/01\/M\u00fchle_Turnow_04-1024x768.jpg 2x\" data-envira-width=\"300\" data-envira-height=\"225\" srcset=\"data:image\/gif;base64,R0lGODlhAQABAIAAAP\/\/\/\/\/\/\/yH5BAEKAAEALAAAAAABAAEAAAICTAEAOw==\" data-safe-src=\"data:image\/gif;base64,R0lGODlhAQABAIAAAP\/\/\/\/\/\/\/yH5BAEKAAEALAAAAAABAAEAAAICTAEAOw==\" \/><\/a><\/div><\/div><div id=\"envira-gallery-item-52763\" class=\"envira-gallery-item enviratope-item envira-gallery-item-3 envira-lazy-load\" style=\"padding-left: 5px; padding-bottom: 10px; padding-right: 5px;\"  itemscope itemtype=\"https:\/\/schema.org\/ImageObject\"><div class=\"envira-gallery-item-inner\"><div class=\"envira-gallery-position-overlay  envira-gallery-top-left\"><\/div><div class=\"envira-gallery-position-overlay  envira-gallery-top-right\"><\/div><div class=\"envira-gallery-position-overlay  envira-gallery-bottom-left\"><\/div><div class=\"envira-gallery-position-overlay  envira-gallery-bottom-right\"><\/div><a href=\"https:\/\/www.lausitzer-museenland.de\/wp-content\/uploads\/2020\/01\/M\u00fchle_Turnow_01.jpg\" class=\"envira-gallery-53187 envira-gallery-link\" rel=\"enviragallery53187\" title=\"Turnovsk\u00fd ml\u00fdn v noci\" data-envira-caption=\"M&uuml;hle Turnow bei Nacht\" data-envira-retina=\"\" data-thumbnail=\"\"  itemprop=\"contentUrl\"><img id=\"envira-gallery-image-52763\" class=\"envira-gallery-image envira-gallery-image-3 envira-normal envira-lazy\" data-envira-index=\"3\" src=\"https:\/\/www.lausitzer-museenland.de\/wp-content\/uploads\/2020\/01\/M\u00fchle_Turnow_01-1024x684.jpg\" data-envira-src=\"https:\/\/www.lausitzer-museenland.de\/wp-content\/uploads\/2020\/01\/M\u00fchle_Turnow_01-1024x684.jpg\" data-envira-gallery-id=\"53187\" data-envira-item-id=\"52763\" data-envira-caption=\"M&uuml;hle Turnow bei Nacht\" alt=\"\" title=\"Turnovsk\u00fd ml\u00fdn v noci\"  itemprop=\"thumbnailUrl\" data-envira-srcset=\"https:\/\/www.lausitzer-museenland.de\/wp-content\/uploads\/2020\/01\/M\u00fchle_Turnow_01-1024x684.jpg 400w,https:\/\/www.lausitzer-museenland.de\/wp-content\/uploads\/2020\/01\/M\u00fchle_Turnow_01-1024x684.jpg 2x\" data-envira-width=\"300\" data-envira-height=\"200\" srcset=\"data:image\/gif;base64,R0lGODlhAQABAIAAAP\/\/\/\/\/\/\/yH5BAEKAAEALAAAAAABAAEAAAICTAEAOw==\" data-safe-src=\"data:image\/gif;base64,R0lGODlhAQABAIAAAP\/\/\/\/\/\/\/yH5BAEKAAEALAAAAAABAAEAAAICTAEAOw==\" \/><\/a><\/div><\/div><div id=\"envira-gallery-item-53189\" class=\"envira-gallery-item enviratope-item envira-gallery-item-4 envira-lazy-load\" style=\"padding-left: 5px; padding-bottom: 10px; padding-right: 5px;\"  itemscope itemtype=\"https:\/\/schema.org\/ImageObject\"><div class=\"envira-gallery-item-inner\"><div class=\"envira-gallery-position-overlay  envira-gallery-top-left\"><\/div><div class=\"envira-gallery-position-overlay  envira-gallery-top-right\"><\/div><div class=\"envira-gallery-position-overlay  envira-gallery-bottom-left\"><\/div><div class=\"envira-gallery-position-overlay  envira-gallery-bottom-right\"><\/div><a href=\"https:\/\/www.lausitzer-museenland.de\/wp-content\/uploads\/2020\/11\/M\u00fchle_Turnow_03-2-1.jpg\" class=\"envira-gallery-53187 envira-gallery-link\" rel=\"enviragallery53187\" title=\"Muzejn\u00ed noc Ml\u00fdnsk\u00e9 my\u0161i 2020\" data-envira-caption=\"M&uuml;hlenm&auml;use Museumsnacht 2020\" data-envira-retina=\"\" data-thumbnail=\"\"  itemprop=\"contentUrl\"><img id=\"envira-gallery-image-53189\" class=\"envira-gallery-image envira-gallery-image-4 envira-normal envira-lazy\" data-envira-index=\"4\" src=\"https:\/\/www.lausitzer-museenland.de\/wp-content\/uploads\/2020\/11\/M\u00fchle_Turnow_03-2-1-868x1024.jpg\" data-envira-src=\"https:\/\/www.lausitzer-museenland.de\/wp-content\/uploads\/2020\/11\/M\u00fchle_Turnow_03-2-1-868x1024.jpg\" data-envira-gallery-id=\"53187\" data-envira-item-id=\"53189\" data-envira-caption=\"M&uuml;hlenm&auml;use Museumsnacht 2020\" alt=\"\" title=\"Muzejn\u00ed noc Ml\u00fdnsk\u00e9 my\u0161i 2020\"  itemprop=\"thumbnailUrl\" data-envira-srcset=\"https:\/\/www.lausitzer-museenland.de\/wp-content\/uploads\/2020\/11\/M\u00fchle_Turnow_03-2-1-868x1024.jpg 400w,https:\/\/www.lausitzer-museenland.de\/wp-content\/uploads\/2020\/11\/M\u00fchle_Turnow_03-2-1-868x1024.jpg 2x\" data-envira-width=\"254\" data-envira-height=\"300\" srcset=\"data:image\/gif;base64,R0lGODlhAQABAIAAAP\/\/\/\/\/\/\/yH5BAEKAAEALAAAAAABAAEAAAICTAEAOw==\" data-safe-src=\"data:image\/gif;base64,R0lGODlhAQABAIAAAP\/\/\/\/\/\/\/yH5BAEKAAEALAAAAAABAAEAAAICTAEAOw==\" \/><\/a><\/div><\/div><\/div><\/div><noscript><img src=\"https:\/\/www.lausitzer-museenland.de\/wp-content\/uploads\/2020\/01\/Holl\u00e4nderm\u00fchle_Turnow.jpg\" alt=\"\" \/><img src=\"https:\/\/www.lausitzer-museenland.de\/wp-content\/uploads\/2020\/01\/M\u00fchle_Turnow_04.jpg\" alt=\"\" \/><img src=\"https:\/\/www.lausitzer-museenland.de\/wp-content\/uploads\/2020\/01\/M\u00fchle_Turnow_01.jpg\" alt=\"\" \/><img src=\"https:\/\/www.lausitzer-museenland.de\/wp-content\/uploads\/2020\/11\/M\u00fchle_Turnow_03-2-1.jpg\" alt=\"\" \/><\/noscript>","protected":false},"excerpt":{"rendered":"<p>Ml\u00fdn bez k\u0159\u00eddel, ale se silem na obil\u00ed Stavba \/ situace v m\u00edst\u011b Ml\u00fdn v Turnov\u011b-Preilacku se nach\u00e1z\u00ed na takzvan\u00e9m Galgenbergu v okrese Turnov. Jedn\u00e1 se v podstat\u011b o holandsk\u00fd v\u011btrn\u00fd ml\u00fdn z roku 1858, kter\u00fd byl v roce 1936 p\u0159estav\u011bn na motorov\u00fd ml\u00fdn. Charakteristick\u00e1 k\u0159\u00eddla v\u011btrn\u00e9ho ml\u00fdna byla demontov\u00e1na. Unik\u00e1tn\u00ed v regionu je p\u0159\u00edstavba obiln\u00e9ho sila s...<\/p>","protected":false},"author":13,"featured_media":0,"parent":113,"menu_order":0,"comment_status":"closed","ping_status":"closed","template":"","meta":[],"_links":{"self":[{"href":"https:\/\/www.lausitzer-museenland.de\/cs\/wp-json\/wp\/v2\/pages\/52614"}],"collection":[{"href":"https:\/\/www.lausitzer-museenland.de\/cs\/wp-json\/wp\/v2\/pages"}],"about":[{"href":"https:\/\/www.lausitzer-museenland.de\/cs\/wp-json\/wp\/v2\/types\/page"}],"author":[{"embeddable":true,"href":"https:\/\/www.lausitzer-museenland.de\/cs\/wp-json\/wp\/v2\/users\/13"}],"replies":[{"embeddable":true,"href":"https:\/\/www.lausitzer-museenland.de\/cs\/wp-json\/wp\/v2\/comments?post=52614"}],"version-history":[{"count":13,"href":"https:\/\/www.lausitzer-museenland.de\/cs\/wp-json\/wp\/v2\/pages\/52614\/revisions"}],"predecessor-version":[{"id":53948,"href":"https:\/\/www.lausitzer-museenland.de\/cs\/wp-json\/wp\/v2\/pages\/52614\/revisions\/53948"}],"up":[{"embeddable":true,"href":"https:\/\/www.lausitzer-museenland.de\/cs\/wp-json\/wp\/v2\/pages\/113"}],"wp:attachment":[{"href":"https:\/\/www.lausitzer-museenland.de\/cs\/wp-json\/wp\/v2\/media?parent=52614"}],"curies":[{"name":"wp","href":"https:\/\/api.w.org\/{rel}","templated":true}]}}