{"id":568,"date":"2014-11-14T16:39:45","date_gmt":"2014-11-14T15:39:45","guid":{"rendered":"http:\/\/lausitzer-museenland.de\/?page_id=568"},"modified":"2025-09-24T13:26:07","modified_gmt":"2025-09-24T11:26:07","slug":"sagengestalten-des-spreewaldes","status":"publish","type":"page","link":"https:\/\/www.lausitzer-museenland.de\/cs\/sluzba\/kobi\/legendy-ze-sprewaldu\/","title":{"rendered":"Legend\u00e1rn\u00ed postavy Spreewaldu v muzeu m\u00edstn\u00ed historie Burg"},"content":{"rendered":"<p>1. Teil: Kurze allgemeine F\u00fchrung mit Informationen zum Dorf Burg (Spreewald), zur niedersorbischen\/wendischen Sprache und zu den niedersorbischen\/wendischen Trachten.<\/p>\n<p>2. \u010d\u00e1st: N\u011bkter\u00e9 d\u011bti se v kost\u00fdmech prom\u011bn\u00ed v legend\u00e1rn\u00ed postavy. S jejich pomoc\u00ed se dozv\u00eddaj\u00ed zaj\u00edmavosti o \u017eivotn\u00edch podm\u00ednk\u00e1ch na\u0161ich p\u0159edk\u016f, p\u0159i\u010dem\u017e znalosti d\u011bt\u00ed jsou zahrnuty, ale nejsou vy\u017eadov\u00e1ny. Diskutuje se nap\u0159\u00edklad o v\u00fdznamu vody obecn\u011b, o vodn\u00edch pom\u011brech ve Spreewaldu a o dolnolu\u017eick\u00e9 srb\u0161tin\u011b\/end\u0161tin\u011b.<\/p>\n<p>3. \u010d\u00e1st: V z\u00e1vislosti na v\u00fddr\u017ei a z\u00e1jmu d\u011bt\u00ed se nahlas p\u0159e\u010dtou dal\u0161\u00ed dv\u011b a\u017e t\u0159i s\u00e1gy a kr\u00e1tce se o nich diskutuje.<\/p>\n<p>Nab\u00eddka prob\u00edh\u00e1 v interi\u00e9ru a je ur\u010dena \u0161kol\u00e1k\u016fm.<br \/>\nt\u0159\u00edd 1 a\u017e 6.<br \/>\nTerm\u00edny: dle dohody<br \/>\nP\u0159edb\u011b\u017en\u00e1 registrace: alespo\u0148 1 t\u00fdden p\u0159edem<br \/>\nDoba trv\u00e1n\u00ed: p\u0159ibli\u017en\u011b 1,5 hodiny (v z\u00e1vislosti na vytrvalosti d\u011bt\u00ed)<br \/>\nVelikost skupiny: a\u017e 25 osob<br \/>\nVstupn\u00e9 na osobu: 2,00 \u20ac<\/p>\n<p><a title=\"Heimatstube Burg \/ Domowniska \u015bpa B\u00f3rkowy\" href=\"\/museen\/heimatstube-burg\/\">M\u00edstnost m\u00edstn\u00ed historie Burg (Spreewald)<\/a><\/p>","protected":false},"excerpt":{"rendered":"<p>1. Teil: Kurze allgemeine F\u00fchrung mit Informationen zum Dorf Burg (Spreewald), zur niedersorbischen\/wendischen Sprache und zu den niedersorbischen\/wendischen Trachten. 2. Teil: Einige Kinder werden mit Kost\u00fcmen in Sagengestalten verwandelt. Mit Hilfe dieser erfahren sie Wissenswertes \u00fcber die Lebensbedingungen unserer Vorfahren, wobei Kenntnisse der Kinder mit einbezogen werden, aber nicht erforderlich sind. Es wird z. B.<\/p>","protected":false},"author":13,"featured_media":0,"parent":380,"menu_order":0,"comment_status":"closed","ping_status":"closed","template":"","meta":[],"_links":{"self":[{"href":"https:\/\/www.lausitzer-museenland.de\/cs\/wp-json\/wp\/v2\/pages\/568"}],"collection":[{"href":"https:\/\/www.lausitzer-museenland.de\/cs\/wp-json\/wp\/v2\/pages"}],"about":[{"href":"https:\/\/www.lausitzer-museenland.de\/cs\/wp-json\/wp\/v2\/types\/page"}],"author":[{"embeddable":true,"href":"https:\/\/www.lausitzer-museenland.de\/cs\/wp-json\/wp\/v2\/users\/13"}],"replies":[{"embeddable":true,"href":"https:\/\/www.lausitzer-museenland.de\/cs\/wp-json\/wp\/v2\/comments?post=568"}],"version-history":[{"count":6,"href":"https:\/\/www.lausitzer-museenland.de\/cs\/wp-json\/wp\/v2\/pages\/568\/revisions"}],"predecessor-version":[{"id":55790,"href":"https:\/\/www.lausitzer-museenland.de\/cs\/wp-json\/wp\/v2\/pages\/568\/revisions\/55790"}],"up":[{"embeddable":true,"href":"https:\/\/www.lausitzer-museenland.de\/cs\/wp-json\/wp\/v2\/pages\/380"}],"wp:attachment":[{"href":"https:\/\/www.lausitzer-museenland.de\/cs\/wp-json\/wp\/v2\/media?parent=568"}],"curies":[{"name":"wp","href":"https:\/\/api.w.org\/{rel}","templated":true}]}}