{"id":581,"date":"2014-11-14T16:52:27","date_gmt":"2014-11-14T15:52:27","guid":{"rendered":"http:\/\/lausitzer-museenland.de\/?page_id=581"},"modified":"2021-03-24T10:49:31","modified_gmt":"2021-03-24T09:49:31","slug":"ostereier-malen","status":"publish","type":"page","link":"https:\/\/www.lausitzer-museenland.de\/cs\/sluzba\/kobi\/malovani-velikonocnich-vajec\/","title":{"rendered":"Malov\u00e1n\u00ed velikono\u010dn\u00edch vaj\u00ed\u010dek v lu\u017eickosrbsk\u00e9 tkalcovn\u011b Drebkau"},"content":{"rendered":"<p>Kdo by se cht\u011bl nau\u010dit tradi\u010dn\u00ed lu\u017eickosrbsk\u00e9 zdoben\u00ed velikono\u010dn\u00edch vaj\u00ed\u010dek, je zv\u00e1n na ochutn\u00e1vku dvou lu\u017eickosrbsk\u00fdch technik pro za\u010d\u00e1te\u010dn\u00edky. Sou\u010d\u00e1st\u00ed projektov\u00e9ho dne je n\u00e1v\u0161t\u011bva muzea.<\/p>\n<p>Nab\u00eddka je ur\u010dena \u017e\u00e1k\u016fm 1. a\u017e 6. t\u0159\u00eddy.<br \/>\nTerm\u00edny: dle dohody<br \/>\nP\u0159edb\u011b\u017en\u00e1 registrace: alespo\u0148 2 t\u00fddny p\u0159edem<br \/>\nVelikost skupiny: a\u017e 10 osob<br \/>\nP\u0159\u00edsp\u011bvek na n\u00e1klady na osobu: 2,50 \u20ac<\/p>\n<p><a title=\"Sorbische Webstube Drebkau \/ Serbska tkajarska \u0161pa Drjowk\" href=\"\/museen\/sorbische-webstube-drebkau\/\">Lu\u017eickosrbsk\u00e1 tkalcovna Drebkau<\/a><\/p>","protected":false},"excerpt":{"rendered":"<p>V\u0161ichni, kdo se cht\u011bj\u00ed nau\u010dit tradi\u010dn\u00ed lu\u017eickosrbsk\u00e9 zdoben\u00ed velikono\u010dn\u00edch vaj\u00ed\u010dek, jsou zv\u00e1ni na ochutn\u00e1vku dvou lu\u017eickosrbsk\u00fdch technik pro za\u010d\u00e1te\u010dn\u00edky. Sou\u010d\u00e1st\u00ed projektov\u00e9ho dne je n\u00e1v\u0161t\u011bva muzea. Nab\u00eddka je ur\u010dena \u017e\u00e1k\u016fm 1. a\u017e 6. t\u0159\u00edd. Term\u00edny: dle dohody P\u0159edb\u011b\u017en\u00e9 p\u0159ihl\u00e1\u0161en\u00ed: alespo\u0148 2 t\u00fddny p\u0159edem Velikost skupiny: a\u017e 10 osob P\u0159\u00edsp\u011bvek na \u00fahradu n\u00e1klad\u016f na osobu:<\/p>","protected":false},"author":13,"featured_media":0,"parent":380,"menu_order":0,"comment_status":"closed","ping_status":"closed","template":"","meta":[],"_links":{"self":[{"href":"https:\/\/www.lausitzer-museenland.de\/cs\/wp-json\/wp\/v2\/pages\/581"}],"collection":[{"href":"https:\/\/www.lausitzer-museenland.de\/cs\/wp-json\/wp\/v2\/pages"}],"about":[{"href":"https:\/\/www.lausitzer-museenland.de\/cs\/wp-json\/wp\/v2\/types\/page"}],"author":[{"embeddable":true,"href":"https:\/\/www.lausitzer-museenland.de\/cs\/wp-json\/wp\/v2\/users\/13"}],"replies":[{"embeddable":true,"href":"https:\/\/www.lausitzer-museenland.de\/cs\/wp-json\/wp\/v2\/comments?post=581"}],"version-history":[{"count":4,"href":"https:\/\/www.lausitzer-museenland.de\/cs\/wp-json\/wp\/v2\/pages\/581\/revisions"}],"predecessor-version":[{"id":53297,"href":"https:\/\/www.lausitzer-museenland.de\/cs\/wp-json\/wp\/v2\/pages\/581\/revisions\/53297"}],"up":[{"embeddable":true,"href":"https:\/\/www.lausitzer-museenland.de\/cs\/wp-json\/wp\/v2\/pages\/380"}],"wp:attachment":[{"href":"https:\/\/www.lausitzer-museenland.de\/cs\/wp-json\/wp\/v2\/media?parent=581"}],"curies":[{"name":"wp","href":"https:\/\/api.w.org\/{rel}","templated":true}]}}