{"id":507,"date":"2014-11-12T13:51:29","date_gmt":"2014-11-12T12:51:29","guid":{"rendered":"http:\/\/lausitzer-museenland.de\/?page_id=507"},"modified":"2018-08-16T09:32:43","modified_gmt":"2018-08-16T08:32:43","slug":"kurzer-abriss-ueber-die-sorbischewendische-geschichte","status":"publish","type":"page","link":"https:\/\/www.lausitzer-museenland.de\/dsb\/service\/kobi\/kurzer-abriss-ueber-die-sorbischewendische-geschichte\/","title":{"rendered":"Kurzer Abriss \u00fcber die sorbische\/wendische Geschichte im Heimatmuseum Dissen"},"content":{"rendered":"<p>Die Sch\u00fcler lernen bei einer F\u00fchrung durch das Museum die Geschichte der Sorben\/Wenden von der Besiedlung bis in die Gegenwart kennen. Dabei werden Geschichten von der schweren Arbeit auf dem Feld und auf dem Bauernhof erz\u00e4hlt, aber auch von Festen und Br\u00e4uchen. Diese F\u00fchrungen sind der Altersstufe entsprechend gestaltet.<\/p>\n<p>Das Angebot findet outdoor statt und richtet sich an Sch\u00fcler der Klassen 1 bis 12.<br \/>\nBitte unbedingt auf entsprechende Kleidung achten!<br \/>\nTermine: jederzeit nach Absprache<br \/>\nVoranmeldung: kurzfristig m\u00f6glich<br \/>\nDauer: 45 Minuten je Projektstein<br \/>\nGruppengr\u00f6\u00dfe: 6 bis 30 Personen<\/p>\n<p>Nach Absprache k\u00f6nnen verschiedene Angebote miteinander kombiniert werden.<\/p>\n<p><a title=\"Heimatmuseum Dissen \/ Domowniski muzej De\u0161no\" href=\"\/museen\/heimatmuseum-dissen\/\">Heimatmuseum Dissen<\/a><\/p>","protected":false},"excerpt":{"rendered":"<p>Die Sch\u00fcler lernen bei einer F\u00fchrung durch das Museum die Geschichte der Sorben\/Wenden von der Besiedlung bis in die Gegenwart kennen. Dabei werden Geschichten von der schweren Arbeit auf dem Feld und auf dem Bauernhof erz\u00e4hlt, aber auch von Festen und Br\u00e4uchen. Diese F\u00fchrungen sind der Altersstufe entsprechend gestaltet. Das Angebot findet outdoor statt und<\/p>","protected":false},"author":13,"featured_media":0,"parent":380,"menu_order":0,"comment_status":"closed","ping_status":"closed","template":"","meta":[],"_links":{"self":[{"href":"https:\/\/www.lausitzer-museenland.de\/dsb\/wp-json\/wp\/v2\/pages\/507"}],"collection":[{"href":"https:\/\/www.lausitzer-museenland.de\/dsb\/wp-json\/wp\/v2\/pages"}],"about":[{"href":"https:\/\/www.lausitzer-museenland.de\/dsb\/wp-json\/wp\/v2\/types\/page"}],"author":[{"embeddable":true,"href":"https:\/\/www.lausitzer-museenland.de\/dsb\/wp-json\/wp\/v2\/users\/13"}],"replies":[{"embeddable":true,"href":"https:\/\/www.lausitzer-museenland.de\/dsb\/wp-json\/wp\/v2\/comments?post=507"}],"version-history":[{"count":6,"href":"https:\/\/www.lausitzer-museenland.de\/dsb\/wp-json\/wp\/v2\/pages\/507\/revisions"}],"predecessor-version":[{"id":26190,"href":"https:\/\/www.lausitzer-museenland.de\/dsb\/wp-json\/wp\/v2\/pages\/507\/revisions\/26190"}],"up":[{"embeddable":true,"href":"https:\/\/www.lausitzer-museenland.de\/dsb\/wp-json\/wp\/v2\/pages\/380"}],"wp:attachment":[{"href":"https:\/\/www.lausitzer-museenland.de\/dsb\/wp-json\/wp\/v2\/media?parent=507"}],"curies":[{"name":"wp","href":"https:\/\/api.w.org\/{rel}","templated":true}]}}