{"id":511,"date":"2014-11-12T13:53:20","date_gmt":"2014-11-12T12:53:20","guid":{"rendered":"http:\/\/lausitzer-museenland.de\/?page_id=511"},"modified":"2020-07-17T10:57:08","modified_gmt":"2020-07-17T08:57:08","slug":"storchensommer-oder-wo-sind-die-stoerche-im-winter","status":"publish","type":"page","link":"https:\/\/www.lausitzer-museenland.de\/dsb\/service\/kobi\/storchensommer-oder-wo-sind-die-stoerche-im-winter\/","title":{"rendered":"Storchensommer oder &#8222;Wo sind die St\u00f6rche im Winter?&#8220; &#8211; Naturkundef\u00fchrung in Dissen"},"content":{"rendered":"<p>In einer Storchenf\u00fchrung erfahren die Sch\u00fcler viel Interessantes \u00fcber diese seltene Tierart. Eine Kamera zeigt das Storchenpaar des Museums bei der Aufzucht der Jungen. Ein kurzer Film und die Storchenausstellung erg\u00e4nzen das Wissen. In einem kleinen Quiz k\u00f6nnen die Sch\u00fcler ihre gerade erworbenen Erkenntnisse \u00fcber Meister Adebar testen.<br \/>\nIm Winter bietet dieses Naturprojekt Informationen \u00fcber Winterschlaf, Zugv\u00f6gel und Winterstarre. Es werden auch andere M\u00f6glichkeiten aufgezeigt, wie die Tiere den strengen Winter \u00fcberleben k\u00f6nnen.<\/p>\n<p>Das Angebot findet indoor und outdoor statt und richtet sich an Sch\u00fcler der Klassen 1 bis 12.<br \/>\nTermine: nach Absprache April bis Ende Juli oder ganzj\u00e4hrig<br \/>\nVoranmeldung: ja<br \/>\nDauer: 45 bis 90 Minuten<br \/>\nGruppengr\u00f6\u00dfe: 6 bis 20 Personen<\/p>\n<p>Nach Absprache k\u00f6nnen verschiedene Angebote des Heimatmuseums miteinander kombiniert werden.<\/p>\n<p><a title=\"Heimatmuseum Dissen \/ Domowniski muzej De\u0161no\" href=\"\/museen\/heimatmuseum-dissen\/\">Heimatmuseum Dissen<\/a><\/p>","protected":false},"excerpt":{"rendered":"<p>In einer Storchenf\u00fchrung erfahren die Sch\u00fcler viel Interessantes \u00fcber diese seltene Tierart. Eine Kamera zeigt das Storchenpaar des Museums bei der Aufzucht der Jungen. Ein kurzer Film und die Storchenausstellung erg\u00e4nzen das Wissen. In einem kleinen Quiz k\u00f6nnen die Sch\u00fcler ihre gerade erworbenen Erkenntnisse \u00fcber Meister Adebar testen. Im Winter bietet dieses Naturprojekt Informationen \u00fcber<\/p>","protected":false},"author":13,"featured_media":0,"parent":380,"menu_order":0,"comment_status":"closed","ping_status":"closed","template":"","meta":[],"_links":{"self":[{"href":"https:\/\/www.lausitzer-museenland.de\/dsb\/wp-json\/wp\/v2\/pages\/511"}],"collection":[{"href":"https:\/\/www.lausitzer-museenland.de\/dsb\/wp-json\/wp\/v2\/pages"}],"about":[{"href":"https:\/\/www.lausitzer-museenland.de\/dsb\/wp-json\/wp\/v2\/types\/page"}],"author":[{"embeddable":true,"href":"https:\/\/www.lausitzer-museenland.de\/dsb\/wp-json\/wp\/v2\/users\/13"}],"replies":[{"embeddable":true,"href":"https:\/\/www.lausitzer-museenland.de\/dsb\/wp-json\/wp\/v2\/comments?post=511"}],"version-history":[{"count":8,"href":"https:\/\/www.lausitzer-museenland.de\/dsb\/wp-json\/wp\/v2\/pages\/511\/revisions"}],"predecessor-version":[{"id":52954,"href":"https:\/\/www.lausitzer-museenland.de\/dsb\/wp-json\/wp\/v2\/pages\/511\/revisions\/52954"}],"up":[{"embeddable":true,"href":"https:\/\/www.lausitzer-museenland.de\/dsb\/wp-json\/wp\/v2\/pages\/380"}],"wp:attachment":[{"href":"https:\/\/www.lausitzer-museenland.de\/dsb\/wp-json\/wp\/v2\/media?parent=511"}],"curies":[{"name":"wp","href":"https:\/\/api.w.org\/{rel}","templated":true}]}}