{"id":52614,"date":"2020-01-15T09:19:13","date_gmt":"2020-01-15T08:19:13","guid":{"rendered":"https:\/\/www.lausitzer-museenland.de\/?page_id=52614"},"modified":"2023-11-30T13:02:00","modified_gmt":"2023-11-30T12:02:00","slug":"hollaendermuehle-turnow-holandarski-mlyn-turnow","status":"publish","type":"page","link":"https:\/\/www.lausitzer-museenland.de\/dsb\/museen\/hollaendermuehle-turnow-holandarski-mlyn-turnow\/","title":{"rendered":"Holl\u00e4nderm\u00fchle Turnow \/ Holanda\u0155ski m\u0142yn Turnow"},"content":{"rendered":"<p><a href=\"https:\/\/www.lausitzer-museenland.de\/wp-content\/uploads\/2019\/06\/M\u00fchle_Turnow_portfolio.png\"><img loading=\"lazy\" class=\"aligncenter size-full wp-image-51967\" src=\"https:\/\/www.lausitzer-museenland.de\/wp-content\/uploads\/2019\/06\/M\u00fchle_Turnow_portfolio.png\" alt=\"\" width=\"570\" height=\"350\" srcset=\"https:\/\/www.lausitzer-museenland.de\/wp-content\/uploads\/2019\/06\/M\u00fchle_Turnow_portfolio.png 570w, https:\/\/www.lausitzer-museenland.de\/wp-content\/uploads\/2019\/06\/M\u00fchle_Turnow_portfolio-300x184.png 300w, https:\/\/www.lausitzer-museenland.de\/wp-content\/uploads\/2019\/06\/M\u00fchle_Turnow_portfolio-340x210.png 340w\" sizes=\"(max-width: 570px) 100vw, 570px\" \/><\/a><\/p>\n<\/p>\n<p>M\u0142yn mimo k\u015bid\u0142ow, ale z trajdowym silowom<\/p>\n<p>M\u0142yn w Turnowje-P\u015bi\u0142uku jo na tak gronjonej \u0161ybje\u0144cowej g\u00f3rje we wejsnem \u017a\u011blu Turnowje. Jo w j\u011bdrje holanda\u0155ski w\u011bt\u0161nik w\u00f3t 1858, ken\u017e jo se w l\u011b\u015be 1936 ako motorski m\u0142yn p\u015betwari\u0142. Charakteristiske k\u015bid\u0142a w\u011bt\u0161nika su se demont\u011browali. Jadnorazna w regionje jo w\u00f3t l\u011bta 1939\u00a0 p\u015bitwa\u0155 trajdowego silowa z p\u011b\u015b komorami . Silow jo se za sk\u0142adowanje trajdy wu\u017eywa\u0142. A\u017e do 1976 jo se w m\u0142ynje muka za pjacenje kl\u011bba teke za jsy we wokolinje mla\u0142a.<\/p>\n<p>Wogl\u011bdarje how zg\u00f3niju wa\u017enu w\u011bdu w\u00f3 stawiznach a funkciji m\u0142yna. M\u0142yn Turnow jo p\u015bik\u0142ad za p\u015bechod w\u00f3t w\u011bt\u0161nikoweje techniki do p\u00f3g\u00f3njenja z motorom. Wi\u017ae\u015b jo zajmna m\u0142y\u0144ska technika a w\u011bcej ako sto l\u011bt stary hy\u0161\u0107i funkcion\u011brujucy lift.<\/p>\n<p>\n<p><strong>Eine M\u00fchle ohne Fl\u00fcgel, daf\u00fcr mit Getreidesilo<\/strong><\/p>\n<h3><strong>-<\/strong><\/h3>\n<p>Die M\u00fchle in Turnow-Preilack befindet sich auf dem sogenannten Galgenberg im Ortsteil Turnow. Sie ist im Kern eine Holl\u00e4nderwindm\u00fchle von 1858, die im Jahr 1936 zu einer Motorm\u00fchle umger\u00fcstet wurde Die charakteristischen Windm\u00fchlenfl\u00fcgel wurden demontiert. Einzigartig in der Region ist der Anbau des Getreidesilos mit f\u00fcnf Kammern ab 1939. Das Silo wurde zur Einlagerung von Getreide genutzt. Bis 1976 wurde in der M\u00fchle Mehl zum Brotbacken auch f\u00fcr umliegende D\u00f6rfer gemahlen.<\/p>\n<h3><strong>-<\/strong><\/h3>\n<p>Besucher erfahren hier Wissenswertes \u00fcber die Geschichte und die Funktion einer M\u00fchle. Die M\u00fchle Turnow ist ein Beispiel f\u00fcr den \u00dcbergang von der Windm\u00fchlentechnik zum motorgetriebenen Betrieb. Zu sehen ist die interessante alte M\u00fchlentechnik und der \u00fcber 100 Jahre alte funktionst\u00fcchtige Fahrstuhl.<\/p>\n<h3><strong>Veranstaltungen<\/strong><\/h3>\n<p>Mehrmals j\u00e4hrlich finden kulturelle Veranstaltungen in der M\u00fchle statt. Anl\u00e4sslich des Deutschen M\u00fchlentages \u00f6ffnet die Holl\u00e4nderm\u00fchle Turnow ihre Pforte. Zwei M\u00fcller f\u00fchren an beiden Pfingsttagen die Besucher durch die M\u00fchle. Die alte Mahltechnik mit ihren f\u00fcnf Etagen bietet viel Interessantes f\u00fcr Jung und Alt.<\/p>\n<h3><strong>Galeria<\/strong><\/h3>\n<div id=\"envira-gallery-wrap-53187\" class=\"envira-gallery-wrap envira-gallery-theme-base envira-lightbox-theme-base\" itemscope itemtype=\"https:\/\/schema.org\/ImageGallery\"><div data-row-height=\"150\" data-gallery-theme=\"normal\" id=\"envira-gallery-53187\" class=\"envira-gallery-public envira-gallery-justified-public envira-gallery-0-columns envira-clear enviratope envira-gallery-css-animations\" data-envira-columns=\"0\"><div id=\"envira-gallery-item-52761\" class=\"envira-gallery-item enviratope-item envira-gallery-item-1 envira-lazy-load\" style=\"padding-left: 5px; padding-bottom: 10px; padding-right: 5px;\"  itemscope itemtype=\"https:\/\/schema.org\/ImageObject\"><div class=\"envira-gallery-item-inner\"><div class=\"envira-gallery-position-overlay  envira-gallery-top-left\"><\/div><div class=\"envira-gallery-position-overlay  envira-gallery-top-right\"><\/div><div class=\"envira-gallery-position-overlay  envira-gallery-bottom-left\"><\/div><div class=\"envira-gallery-position-overlay  envira-gallery-bottom-right\"><\/div><a href=\"https:\/\/www.lausitzer-museenland.de\/wp-content\/uploads\/2020\/01\/Holl\u00e4nderm\u00fchle_Turnow.jpg\" class=\"envira-gallery-53187 envira-gallery-link\" rel=\"enviragallery53187\" title=\"Holl&auml;nderm&uuml;hle Turnow\" data-envira-caption=\"Holl&auml;nderm&uuml;hle Turnow\" data-envira-retina=\"\" data-thumbnail=\"\"  itemprop=\"contentUrl\"><img id=\"envira-gallery-image-52761\" class=\"envira-gallery-image envira-gallery-image-1 envira-normal envira-lazy\" data-envira-index=\"1\" src=\"https:\/\/www.lausitzer-museenland.de\/wp-content\/uploads\/2020\/01\/Holl\u00e4nderm\u00fchle_Turnow.jpg\" data-envira-src=\"https:\/\/www.lausitzer-museenland.de\/wp-content\/uploads\/2020\/01\/Holl\u00e4nderm\u00fchle_Turnow.jpg\" data-envira-gallery-id=\"53187\" data-envira-item-id=\"52761\" data-envira-caption=\"Holl&auml;nderm&uuml;hle Turnow\" alt=\"\" title=\"Holl\u00e4nderm\u00fchle Turnow\"  itemprop=\"thumbnailUrl\" data-envira-srcset=\"https:\/\/www.lausitzer-museenland.de\/wp-content\/uploads\/2020\/01\/Holl\u00e4nderm\u00fchle_Turnow.jpg 400w,https:\/\/www.lausitzer-museenland.de\/wp-content\/uploads\/2020\/01\/Holl\u00e4nderm\u00fchle_Turnow.jpg 2x\" data-envira-width=\"300\" data-envira-height=\"298\" srcset=\"data:image\/gif;base64,R0lGODlhAQABAIAAAP\/\/\/\/\/\/\/yH5BAEKAAEALAAAAAABAAEAAAICTAEAOw==\" data-safe-src=\"data:image\/gif;base64,R0lGODlhAQABAIAAAP\/\/\/\/\/\/\/yH5BAEKAAEALAAAAAABAAEAAAICTAEAOw==\" \/><\/a><\/div><\/div><div id=\"envira-gallery-item-52764\" class=\"envira-gallery-item enviratope-item envira-gallery-item-2 envira-lazy-load\" style=\"padding-left: 5px; padding-bottom: 10px; padding-right: 5px;\"  itemscope itemtype=\"https:\/\/schema.org\/ImageObject\"><div class=\"envira-gallery-item-inner\"><div class=\"envira-gallery-position-overlay  envira-gallery-top-left\"><\/div><div class=\"envira-gallery-position-overlay  envira-gallery-top-right\"><\/div><div class=\"envira-gallery-position-overlay  envira-gallery-bottom-left\"><\/div><div class=\"envira-gallery-position-overlay  envira-gallery-bottom-right\"><\/div><a href=\"https:\/\/www.lausitzer-museenland.de\/wp-content\/uploads\/2020\/01\/M\u00fchle_Turnow_04.jpg\" class=\"envira-gallery-53187 envira-gallery-link\" rel=\"enviragallery53187\" title=\"Museumsnacht 2019\" data-envira-caption=\"Museumsnacht 2019\" data-envira-retina=\"\" data-thumbnail=\"\"  itemprop=\"contentUrl\"><img id=\"envira-gallery-image-52764\" class=\"envira-gallery-image envira-gallery-image-2 envira-normal envira-lazy\" data-envira-index=\"2\" src=\"https:\/\/www.lausitzer-museenland.de\/wp-content\/uploads\/2020\/01\/M\u00fchle_Turnow_04-1024x768.jpg\" data-envira-src=\"https:\/\/www.lausitzer-museenland.de\/wp-content\/uploads\/2020\/01\/M\u00fchle_Turnow_04-1024x768.jpg\" data-envira-gallery-id=\"53187\" data-envira-item-id=\"52764\" data-envira-caption=\"Museumsnacht 2019\" alt=\"\" title=\"Museumsnacht 2019\"  itemprop=\"thumbnailUrl\" data-envira-srcset=\"https:\/\/www.lausitzer-museenland.de\/wp-content\/uploads\/2020\/01\/M\u00fchle_Turnow_04-1024x768.jpg 400w,https:\/\/www.lausitzer-museenland.de\/wp-content\/uploads\/2020\/01\/M\u00fchle_Turnow_04-1024x768.jpg 2x\" data-envira-width=\"300\" data-envira-height=\"225\" srcset=\"data:image\/gif;base64,R0lGODlhAQABAIAAAP\/\/\/\/\/\/\/yH5BAEKAAEALAAAAAABAAEAAAICTAEAOw==\" data-safe-src=\"data:image\/gif;base64,R0lGODlhAQABAIAAAP\/\/\/\/\/\/\/yH5BAEKAAEALAAAAAABAAEAAAICTAEAOw==\" \/><\/a><\/div><\/div><div id=\"envira-gallery-item-52763\" class=\"envira-gallery-item enviratope-item envira-gallery-item-3 envira-lazy-load\" style=\"padding-left: 5px; padding-bottom: 10px; padding-right: 5px;\"  itemscope itemtype=\"https:\/\/schema.org\/ImageObject\"><div class=\"envira-gallery-item-inner\"><div class=\"envira-gallery-position-overlay  envira-gallery-top-left\"><\/div><div class=\"envira-gallery-position-overlay  envira-gallery-top-right\"><\/div><div class=\"envira-gallery-position-overlay  envira-gallery-bottom-left\"><\/div><div class=\"envira-gallery-position-overlay  envira-gallery-bottom-right\"><\/div><a href=\"https:\/\/www.lausitzer-museenland.de\/wp-content\/uploads\/2020\/01\/M\u00fchle_Turnow_01.jpg\" class=\"envira-gallery-53187 envira-gallery-link\" rel=\"enviragallery53187\" title=\"M&uuml;hle Turnow bei Nacht\" data-envira-caption=\"M&uuml;hle Turnow bei Nacht\" data-envira-retina=\"\" data-thumbnail=\"\"  itemprop=\"contentUrl\"><img id=\"envira-gallery-image-52763\" class=\"envira-gallery-image envira-gallery-image-3 envira-normal envira-lazy\" data-envira-index=\"3\" src=\"https:\/\/www.lausitzer-museenland.de\/wp-content\/uploads\/2020\/01\/M\u00fchle_Turnow_01-1024x684.jpg\" data-envira-src=\"https:\/\/www.lausitzer-museenland.de\/wp-content\/uploads\/2020\/01\/M\u00fchle_Turnow_01-1024x684.jpg\" data-envira-gallery-id=\"53187\" data-envira-item-id=\"52763\" data-envira-caption=\"M&uuml;hle Turnow bei Nacht\" alt=\"\" title=\"M\u00fchle Turnow bei Nacht\"  itemprop=\"thumbnailUrl\" data-envira-srcset=\"https:\/\/www.lausitzer-museenland.de\/wp-content\/uploads\/2020\/01\/M\u00fchle_Turnow_01-1024x684.jpg 400w,https:\/\/www.lausitzer-museenland.de\/wp-content\/uploads\/2020\/01\/M\u00fchle_Turnow_01-1024x684.jpg 2x\" data-envira-width=\"300\" data-envira-height=\"200\" srcset=\"data:image\/gif;base64,R0lGODlhAQABAIAAAP\/\/\/\/\/\/\/yH5BAEKAAEALAAAAAABAAEAAAICTAEAOw==\" data-safe-src=\"data:image\/gif;base64,R0lGODlhAQABAIAAAP\/\/\/\/\/\/\/yH5BAEKAAEALAAAAAABAAEAAAICTAEAOw==\" \/><\/a><\/div><\/div><div id=\"envira-gallery-item-53189\" class=\"envira-gallery-item enviratope-item envira-gallery-item-4 envira-lazy-load\" style=\"padding-left: 5px; padding-bottom: 10px; padding-right: 5px;\"  itemscope itemtype=\"https:\/\/schema.org\/ImageObject\"><div class=\"envira-gallery-item-inner\"><div class=\"envira-gallery-position-overlay  envira-gallery-top-left\"><\/div><div class=\"envira-gallery-position-overlay  envira-gallery-top-right\"><\/div><div class=\"envira-gallery-position-overlay  envira-gallery-bottom-left\"><\/div><div class=\"envira-gallery-position-overlay  envira-gallery-bottom-right\"><\/div><a href=\"https:\/\/www.lausitzer-museenland.de\/wp-content\/uploads\/2020\/11\/M\u00fchle_Turnow_03-2-1.jpg\" class=\"envira-gallery-53187 envira-gallery-link\" rel=\"enviragallery53187\" title=\"M&uuml;hlenm&auml;use Museumsnacht 2020\" data-envira-caption=\"M&uuml;hlenm&auml;use Museumsnacht 2020\" data-envira-retina=\"\" data-thumbnail=\"\"  itemprop=\"contentUrl\"><img id=\"envira-gallery-image-53189\" class=\"envira-gallery-image envira-gallery-image-4 envira-normal envira-lazy\" data-envira-index=\"4\" src=\"https:\/\/www.lausitzer-museenland.de\/wp-content\/uploads\/2020\/11\/M\u00fchle_Turnow_03-2-1-868x1024.jpg\" data-envira-src=\"https:\/\/www.lausitzer-museenland.de\/wp-content\/uploads\/2020\/11\/M\u00fchle_Turnow_03-2-1-868x1024.jpg\" data-envira-gallery-id=\"53187\" data-envira-item-id=\"53189\" data-envira-caption=\"M&uuml;hlenm&auml;use Museumsnacht 2020\" alt=\"\" title=\"M\u00fchlenm\u00e4use Museumsnacht 2020\"  itemprop=\"thumbnailUrl\" data-envira-srcset=\"https:\/\/www.lausitzer-museenland.de\/wp-content\/uploads\/2020\/11\/M\u00fchle_Turnow_03-2-1-868x1024.jpg 400w,https:\/\/www.lausitzer-museenland.de\/wp-content\/uploads\/2020\/11\/M\u00fchle_Turnow_03-2-1-868x1024.jpg 2x\" data-envira-width=\"254\" data-envira-height=\"300\" srcset=\"data:image\/gif;base64,R0lGODlhAQABAIAAAP\/\/\/\/\/\/\/yH5BAEKAAEALAAAAAABAAEAAAICTAEAOw==\" data-safe-src=\"data:image\/gif;base64,R0lGODlhAQABAIAAAP\/\/\/\/\/\/\/yH5BAEKAAEALAAAAAABAAEAAAICTAEAOw==\" \/><\/a><\/div><\/div><\/div><\/div><noscript><img src=\"https:\/\/www.lausitzer-museenland.de\/wp-content\/uploads\/2020\/01\/Holl\u00e4nderm\u00fchle_Turnow.jpg\" alt=\"\" \/><img src=\"https:\/\/www.lausitzer-museenland.de\/wp-content\/uploads\/2020\/01\/M\u00fchle_Turnow_04.jpg\" alt=\"\" \/><img src=\"https:\/\/www.lausitzer-museenland.de\/wp-content\/uploads\/2020\/01\/M\u00fchle_Turnow_01.jpg\" alt=\"\" \/><img src=\"https:\/\/www.lausitzer-museenland.de\/wp-content\/uploads\/2020\/11\/M\u00fchle_Turnow_03-2-1.jpg\" alt=\"\" \/><\/noscript>","protected":false},"excerpt":{"rendered":"<p>Eine M\u00fchle ohne Fl\u00fcgel, daf\u00fcr mit Getreidesilo Geb\u00e4ude- \/ Grundst\u00fcckssituation Die M\u00fchle in Turnow-Preilack befindet sich auf dem sogenannten Galgenberg im Ortsteil Turnow. Sie ist im Kern eine Holl\u00e4nderwindm\u00fchle von 1858, die im Jahr 1936 zu einer Motorm\u00fchle umger\u00fcstet wurde Die charakteristischen Windm\u00fchlenfl\u00fcgel wurden demontiert. Einzigartig in der Region ist der Anbau des Getreidesilos mit<\/p>","protected":false},"author":13,"featured_media":0,"parent":113,"menu_order":0,"comment_status":"closed","ping_status":"closed","template":"","meta":[],"_links":{"self":[{"href":"https:\/\/www.lausitzer-museenland.de\/dsb\/wp-json\/wp\/v2\/pages\/52614"}],"collection":[{"href":"https:\/\/www.lausitzer-museenland.de\/dsb\/wp-json\/wp\/v2\/pages"}],"about":[{"href":"https:\/\/www.lausitzer-museenland.de\/dsb\/wp-json\/wp\/v2\/types\/page"}],"author":[{"embeddable":true,"href":"https:\/\/www.lausitzer-museenland.de\/dsb\/wp-json\/wp\/v2\/users\/13"}],"replies":[{"embeddable":true,"href":"https:\/\/www.lausitzer-museenland.de\/dsb\/wp-json\/wp\/v2\/comments?post=52614"}],"version-history":[{"count":13,"href":"https:\/\/www.lausitzer-museenland.de\/dsb\/wp-json\/wp\/v2\/pages\/52614\/revisions"}],"predecessor-version":[{"id":53948,"href":"https:\/\/www.lausitzer-museenland.de\/dsb\/wp-json\/wp\/v2\/pages\/52614\/revisions\/53948"}],"up":[{"embeddable":true,"href":"https:\/\/www.lausitzer-museenland.de\/dsb\/wp-json\/wp\/v2\/pages\/113"}],"wp:attachment":[{"href":"https:\/\/www.lausitzer-museenland.de\/dsb\/wp-json\/wp\/v2\/media?parent=52614"}],"curies":[{"name":"wp","href":"https:\/\/api.w.org\/{rel}","templated":true}]}}