{"id":596,"date":"2014-11-14T17:07:25","date_gmt":"2014-11-14T16:07:25","guid":{"rendered":"http:\/\/lausitzer-museenland.de\/?page_id=596"},"modified":"2014-12-17T17:10:54","modified_gmt":"2014-12-17T16:10:54","slug":"echte-hutprobierstation","status":"publish","type":"page","link":"https:\/\/www.lausitzer-museenland.de\/dsb\/service\/kobi\/echte-hutprobierstation\/","title":{"rendered":"Echte Hutprobierstation im Stadt- und Industriemuseum Guben"},"content":{"rendered":"<p>Die Klasse wird kurz eingewiesen, danach k\u00f6nnen die Sch\u00fcler\/innen H\u00fcte und Kopfbedeckungen aus dem umfangreichen Angebot der Hutprobierstation ausw\u00e4hlen. Das Fotografieren durch die Begleitpersonen ist m\u00f6glich.<\/p>\n<p>Das Angebot findet indoor statt und richtet sich an Vorschulkinder und an Sch\u00fcler bis zur Klasse 10.<br \/>\nTermine: nach Absprache<br \/>\nVoranmeldung: mindestens 2 Tage vorher<br \/>\nDauer: 1 bis 1,5 Stunden<br \/>\nGruppengr\u00f6\u00dfe: 5 bis 30 Personen<br \/>\nEintritt pro Person: 1,50 \u20ac (Gubener Schulen und Kitas haben freien Eintritt)<\/p>\n<p><a title=\"Stadt- und Industriemuseum Guben \/ M\u011bs\u0107a\u0144ski a industrijowy muzej Gubin\" href=\"\/museen\/stadt-und-industriemuseum-guben\/\">Stadt- und Industriemuseum Guben<\/a><\/p>","protected":false},"excerpt":{"rendered":"<p>Die Klasse wird kurz eingewiesen, danach k\u00f6nnen die Sch\u00fcler\/innen H\u00fcte und Kopfbedeckungen aus dem umfangreichen Angebot der Hutprobierstation ausw\u00e4hlen. Das Fotografieren durch die Begleitpersonen ist m\u00f6glich. Das Angebot findet indoor statt und richtet sich an Vorschulkinder und an Sch\u00fcler bis zur Klasse 10. Termine: nach Absprache Voranmeldung: mindestens 2 Tage vorher Dauer: 1 bis 1,5<\/p>","protected":false},"author":13,"featured_media":0,"parent":380,"menu_order":0,"comment_status":"closed","ping_status":"closed","template":"","meta":[],"_links":{"self":[{"href":"https:\/\/www.lausitzer-museenland.de\/dsb\/wp-json\/wp\/v2\/pages\/596"}],"collection":[{"href":"https:\/\/www.lausitzer-museenland.de\/dsb\/wp-json\/wp\/v2\/pages"}],"about":[{"href":"https:\/\/www.lausitzer-museenland.de\/dsb\/wp-json\/wp\/v2\/types\/page"}],"author":[{"embeddable":true,"href":"https:\/\/www.lausitzer-museenland.de\/dsb\/wp-json\/wp\/v2\/users\/13"}],"replies":[{"embeddable":true,"href":"https:\/\/www.lausitzer-museenland.de\/dsb\/wp-json\/wp\/v2\/comments?post=596"}],"version-history":[{"count":3,"href":"https:\/\/www.lausitzer-museenland.de\/dsb\/wp-json\/wp\/v2\/pages\/596\/revisions"}],"predecessor-version":[{"id":3603,"href":"https:\/\/www.lausitzer-museenland.de\/dsb\/wp-json\/wp\/v2\/pages\/596\/revisions\/3603"}],"up":[{"embeddable":true,"href":"https:\/\/www.lausitzer-museenland.de\/dsb\/wp-json\/wp\/v2\/pages\/380"}],"wp:attachment":[{"href":"https:\/\/www.lausitzer-museenland.de\/dsb\/wp-json\/wp\/v2\/media?parent=596"}],"curies":[{"name":"wp","href":"https:\/\/api.w.org\/{rel}","templated":true}]}}