{"id":481,"date":"2014-11-12T11:49:06","date_gmt":"2014-11-12T10:49:06","guid":{"rendered":"http:\/\/lausitzer-museenland.de\/?page_id=481"},"modified":"2018-08-16T09:21:17","modified_gmt":"2018-08-16T08:21:17","slug":"geschichten-um-den-suessen-brei","status":"publish","type":"page","link":"https:\/\/www.lausitzer-museenland.de\/pl\/serwis\/kobi\/opowiesci-o-suessen-brei\/","title":{"rendered":"Opowie\u015bci wok\u00f3\u0142 s\u0142odkiej kaszki - Gotowanie i opowiadanie bajek w Muzeum Historii Lokalnej w Dissen"},"content":{"rendered":"<p>\"Pewnego razu w Afryce... Gwenony zasadzi\u0142y fasol\u0119 i chcia\u0142y j\u0105 zebra\u0107, aby ugotowa\u0107 sobie kasz\u0119. Ale ...\" Czy chcesz wiedzie\u0107, co b\u0119dzie dalej? Odwied\u017a nas w Muzeum Historii Lokalnej Dissen i poznajmy bajki z ca\u0142ego \u015bwiata, kt\u00f3rych tematem przewodnim jest jedzenie. Wsp\u00f3lnie ugotujemy s\u0142odk\u0105 kasz\u0119, a gdy proso b\u0119dzie si\u0119 gotowa\u0107 na kuchence, Bernd Pittkunings opowie historie i bajki o jedzeniu z przesz\u0142o\u015bci i tera\u017aniejszo\u015bci.<\/p>\n<p>Oferta odbywa si\u0119 w pomieszczeniach zamkni\u0119tych i jest skierowana do dzieci w wieku przedszkolnym do klasy 7.<br \/>\nTerminy: po uzgodnieniu od poniedzia\u0142ku do pi\u0105tku<br \/>\nRejestracja wst\u0119pna: najp\u00f3\u017aniej 2 tygodnie przed<br \/>\nCzas trwania: od 1,5 do 2 godzin<br \/>\nWielko\u015b\u0107 grupy: od 6 do 30 os\u00f3b<\/p>\n<p>Po uzgodnieniu mo\u017cna po\u0142\u0105czy\u0107 ze sob\u0105 r\u00f3\u017cne oferty lokalnego muzeum historii.<\/p>\n<p><a title=\"Heimatmuseum Dissen \/ Domowniski muzej De\u0161no\" href=\"\/museen\/heimatmuseum-dissen\/\">Muzeum historii lokalnej Dissen<\/a><\/p>","protected":false},"excerpt":{"rendered":"<p>\"Pewnego razu w Afryce... Guenoni posadzili fasol\u0119 i chcieli j\u0105 zebra\u0107, aby ugotowa\u0107 sobie kasz\u0119. Ale ...\" Chcesz wiedzie\u0107, co b\u0119dzie dalej? Nast\u0119pnie odwied\u017a nas w Muzeum Historii Lokalnej Dissen i zanurzmy si\u0119 w bajkach z ca\u0142ego \u015bwiata, kt\u00f3re obracaj\u0105 si\u0119 wok\u00f3\u0142 jedzenia. Gotujemy razem<\/p>","protected":false},"author":13,"featured_media":0,"parent":380,"menu_order":0,"comment_status":"closed","ping_status":"closed","template":"","meta":[],"_links":{"self":[{"href":"https:\/\/www.lausitzer-museenland.de\/pl\/wp-json\/wp\/v2\/pages\/481"}],"collection":[{"href":"https:\/\/www.lausitzer-museenland.de\/pl\/wp-json\/wp\/v2\/pages"}],"about":[{"href":"https:\/\/www.lausitzer-museenland.de\/pl\/wp-json\/wp\/v2\/types\/page"}],"author":[{"embeddable":true,"href":"https:\/\/www.lausitzer-museenland.de\/pl\/wp-json\/wp\/v2\/users\/13"}],"replies":[{"embeddable":true,"href":"https:\/\/www.lausitzer-museenland.de\/pl\/wp-json\/wp\/v2\/comments?post=481"}],"version-history":[{"count":8,"href":"https:\/\/www.lausitzer-museenland.de\/pl\/wp-json\/wp\/v2\/pages\/481\/revisions"}],"predecessor-version":[{"id":24853,"href":"https:\/\/www.lausitzer-museenland.de\/pl\/wp-json\/wp\/v2\/pages\/481\/revisions\/24853"}],"up":[{"embeddable":true,"href":"https:\/\/www.lausitzer-museenland.de\/pl\/wp-json\/wp\/v2\/pages\/380"}],"wp:attachment":[{"href":"https:\/\/www.lausitzer-museenland.de\/pl\/wp-json\/wp\/v2\/media?parent=481"}],"curies":[{"name":"wp","href":"https:\/\/api.w.org\/{rel}","templated":true}]}}