{"id":609,"date":"2014-11-14T17:14:41","date_gmt":"2014-11-14T16:14:41","guid":{"rendered":"http:\/\/lausitzer-museenland.de\/?page_id=609"},"modified":"2017-04-05T12:50:17","modified_gmt":"2017-04-05T11:50:17","slug":"wie-die-schule-frueher-war","status":"publish","type":"page","link":"https:\/\/www.lausitzer-museenland.de\/pl\/serwis\/kobi\/jak-wygladala-szkola\/","title":{"rendered":"Jak kiedy\u015b wygl\u0105da\u0142a szko\u0142a w Brandenburskim Muzeum W\u0142\u00f3kiennictwa w Forst"},"content":{"rendered":"<p>Uczniowie zapoznaj\u0105 si\u0119 z rozwojem szko\u0142y w mie\u015bcie Forst (\u0141u\u017cyce). Widz\u0105 i s\u0142ysz\u0105 o pierwszym budynku szkolnym, pierwszych nauczanych przedmiotach i surowych nauczycielach. Program ten wzbogacaj\u0105 opowiadania i relacje z \u017cycia szko\u0142y, a tak\u017ce pisanie g\u0119sim pi\u00f3rem i atramentem.<br \/>\nAkcja: Siedzenie w starej szkolnej \u0142awce, pisanie staroniemieckiego alfabetu, laska na pr\u00f3b\u0119<\/p>\n<p>Oferta odbywa si\u0119 w pomieszczeniach zamkni\u0119tych i jest skierowana do dzieci w wieku szkolnym.<br \/>\nz klas 3-6.<br \/>\nTerminy: po uzgodnieniu<br \/>\nRejestracja wst\u0119pna: co najmniej 1 tydzie\u0144 wcze\u015bniej<br \/>\nCzas trwania: ok. 2 do 3 godzin<br \/>\nWielko\u015b\u0107 grupy: od 5 do 30 os\u00f3b<br \/>\nWst\u0119p dla jednej osoby: 3,50 \u20ac<\/p>\n<p><a title=\"Brandenburskie Muzeum W\u0142\u00f3kiennictwa Forst (\u0141u\u017cyce) \/ Bramborski tekstilny muzej Bar\u0161\u0107 (\u0141u\u017eyca)\" href=\"\/museen\/brandenburgisches-textilmuseum-forst\/\">Brandenburskie Muzeum W\u0142\u00f3kiennictwa Forst<\/a><\/p>","protected":false},"excerpt":{"rendered":"<p>Uczniowie zyskuj\u0105 wgl\u0105d w rozw\u00f3j szko\u0142y w mie\u015bcie Forst (\u0141u\u017cyce). Widz\u0105 i s\u0142ysz\u0105 o pierwszym budynku szkolnym, pierwszych nauczanych przedmiotach i surowych nauczycielach. Opowiadania i relacje z \u017cycia szko\u0142y oraz pisanie g\u0119sim pi\u00f3rem i atramentem wzbogacaj\u0105 ten program. Akcja: Siedz\u0105c w starej szkolnej \u0142awce, pisz\u0105c staroniemiecki alfabet, laska do<\/p>","protected":false},"author":13,"featured_media":0,"parent":380,"menu_order":0,"comment_status":"closed","ping_status":"closed","template":"","meta":[],"_links":{"self":[{"href":"https:\/\/www.lausitzer-museenland.de\/pl\/wp-json\/wp\/v2\/pages\/609"}],"collection":[{"href":"https:\/\/www.lausitzer-museenland.de\/pl\/wp-json\/wp\/v2\/pages"}],"about":[{"href":"https:\/\/www.lausitzer-museenland.de\/pl\/wp-json\/wp\/v2\/types\/page"}],"author":[{"embeddable":true,"href":"https:\/\/www.lausitzer-museenland.de\/pl\/wp-json\/wp\/v2\/users\/13"}],"replies":[{"embeddable":true,"href":"https:\/\/www.lausitzer-museenland.de\/pl\/wp-json\/wp\/v2\/comments?post=609"}],"version-history":[{"count":4,"href":"https:\/\/www.lausitzer-museenland.de\/pl\/wp-json\/wp\/v2\/pages\/609\/revisions"}],"predecessor-version":[{"id":8862,"href":"https:\/\/www.lausitzer-museenland.de\/pl\/wp-json\/wp\/v2\/pages\/609\/revisions\/8862"}],"up":[{"embeddable":true,"href":"https:\/\/www.lausitzer-museenland.de\/pl\/wp-json\/wp\/v2\/pages\/380"}],"wp:attachment":[{"href":"https:\/\/www.lausitzer-museenland.de\/pl\/wp-json\/wp\/v2\/media?parent=609"}],"curies":[{"name":"wp","href":"https:\/\/api.w.org\/{rel}","templated":true}]}}