{"id":611,"date":"2014-11-14T17:16:21","date_gmt":"2014-11-14T16:16:21","guid":{"rendered":"http:\/\/lausitzer-museenland.de\/?page_id=611"},"modified":"2017-04-05T12:52:09","modified_gmt":"2017-04-05T11:52:09","slug":"wie-wurde-frueher-gewaschen","status":"publish","type":"page","link":"https:\/\/www.lausitzer-museenland.de\/pl\/serwis\/kobi\/jak-wypasiono-wczesniej\/","title":{"rendered":"Jak dawniej prano? w Brandenburskim Muzeum W\u0142\u00f3kiennictwa w Forst"},"content":{"rendered":"<p>Na dziedzi\u0144cu muzeum uczniowie zwiedzaj\u0105 wystaw\u0119 plenerow\u0105 po\u015bwi\u0119con\u0105 tematowi \"Pranie ubra\u0144\". Nast\u0119pnie mog\u0105 na w\u0142asnej sk\u00f3rze przekona\u0107 si\u0119, jak pracoch\u0142onne by\u0142o dawniej pranie dla kobiet. Nacisk k\u0142adziony jest na pranie na desce do prania, wieszanie prania i zwijanie prania za pomoc\u0105 r\u0119cznego wa\u0142ka.<\/p>\n<p><em>Wskaz\u00f3wka:<\/em><br \/>\nDo pracy szczeg\u00f3lnie dobrze nadaj\u0105 si\u0119 rzeczy do prania, takie jak w\u0142asne skarpetki i r\u0119czniki do herbaty.<\/p>\n<p>Program odbywa si\u0119 w pomieszczeniach i na \u015bwie\u017cym powietrzu i jest skierowany do uczni\u00f3w klas 2-6.<br \/>\nTerminy: po uzgodnieniu<br \/>\nRejestracja wst\u0119pna: co najmniej 1 tydzie\u0144 wcze\u015bniej<br \/>\nCzas trwania: ok. 2,5 do 3 godzin<br \/>\nWielko\u015b\u0107 grupy: od 10 do 30 os\u00f3b<br \/>\nWst\u0119p dla jednej osoby: 3,50 \u20ac<\/p>\n<p><a title=\"Brandenburskie Muzeum W\u0142\u00f3kiennictwa Forst (\u0141u\u017cyce) \/ Bramborski tekstilny muzej Bar\u0161\u0107 (\u0141u\u017eyca)\" href=\"\/museen\/brandenburgisches-textilmuseum-forst\/\">Brandenburskie Muzeum W\u0142\u00f3kiennictwa Forst<\/a><\/p>","protected":false},"excerpt":{"rendered":"<p>Na dziedzi\u0144cu muzeum uczniowie zwiedzaj\u0105 wystaw\u0119 plenerow\u0105 na temat \"Pranie ubra\u0144\". Nast\u0119pnie mog\u0105 sami wypr\u00f3bowa\u0107, jak pracoch\u0142onne by\u0142o pranie dla kobiet w przesz\u0142o\u015bci. Skupia si\u0119 na praniu na desce do prania, rozwieszaniu prania i zwijaniu prania za pomoc\u0105 r\u0119cznego wa\u0142ka. Uwaga: Rzeczy do prania, takie jak w\u0142asne skarpetki i r\u0119czniki do herbaty, mog\u0105 by\u0107 szczeg\u00f3lnie dobrze wykorzystane do prania.<\/p>","protected":false},"author":13,"featured_media":0,"parent":380,"menu_order":0,"comment_status":"closed","ping_status":"closed","template":"","meta":[],"_links":{"self":[{"href":"https:\/\/www.lausitzer-museenland.de\/pl\/wp-json\/wp\/v2\/pages\/611"}],"collection":[{"href":"https:\/\/www.lausitzer-museenland.de\/pl\/wp-json\/wp\/v2\/pages"}],"about":[{"href":"https:\/\/www.lausitzer-museenland.de\/pl\/wp-json\/wp\/v2\/types\/page"}],"author":[{"embeddable":true,"href":"https:\/\/www.lausitzer-museenland.de\/pl\/wp-json\/wp\/v2\/users\/13"}],"replies":[{"embeddable":true,"href":"https:\/\/www.lausitzer-museenland.de\/pl\/wp-json\/wp\/v2\/comments?post=611"}],"version-history":[{"count":4,"href":"https:\/\/www.lausitzer-museenland.de\/pl\/wp-json\/wp\/v2\/pages\/611\/revisions"}],"predecessor-version":[{"id":9027,"href":"https:\/\/www.lausitzer-museenland.de\/pl\/wp-json\/wp\/v2\/pages\/611\/revisions\/9027"}],"up":[{"embeddable":true,"href":"https:\/\/www.lausitzer-museenland.de\/pl\/wp-json\/wp\/v2\/pages\/380"}],"wp:attachment":[{"href":"https:\/\/www.lausitzer-museenland.de\/pl\/wp-json\/wp\/v2\/media?parent=611"}],"curies":[{"name":"wp","href":"https:\/\/api.w.org\/{rel}","templated":true}]}}