{"id":615,"date":"2014-11-14T17:20:14","date_gmt":"2014-11-14T16:20:14","guid":{"rendered":"http:\/\/lausitzer-museenland.de\/?page_id=615"},"modified":"2014-12-17T17:17:08","modified_gmt":"2014-12-17T16:17:08","slug":"auf-den-spuren","status":"publish","type":"page","link":"https:\/\/www.lausitzer-museenland.de\/pl\/serwis\/kobi\/na-torach\/","title":{"rendered":"Na tropie serbo\u0142u\u017cyckich\/wendyjskich zwyczaj\u00f3w w Muzeum Wsi Sacro"},"content":{"rendered":"<p>W muzeum wiejskim zgromadzono \u015bwiadectwa \u017cycia codziennego, kt\u00f3re dokumentuj\u0105 wiejski styl \u017cycia w gminach po\u0142o\u017conych na p\u00f3\u0142noc od Forst i na wsch\u00f3d od Nysy. Zbi\u00f3r folklorystyczny ma szczeg\u00f3lne znaczenie dla historii Serbo\u0142u\u017cyczan\/Wend\u00f3w. Interesuj\u0105ca jest r\u00f3wnie\u017c kolekcja oryginalnych zdj\u0119\u0107 historycznych z okolicznych miejscowo\u015bci. Na g\u00f3rnym pi\u0119trze muzeum, kt\u00f3re mie\u015bci si\u0119 w budynku z muru pruskiego, mo\u017cna zobaczy\u0107 sypialni\u0119 z 1900 r. oraz stroje \u015bwi\u0105teczne noszone przez m\u0119\u017cczyzn i kobiety z 1805 r. Zwiedzanie g\u00f3rnego pi\u0119tra, gdzie wystawione s\u0105 zeszyty \u0107wicze\u0144 z 1805 r., ksi\u0105\u017cki z 1850 r. oraz historyczna tablica szkolna, pozwala pozna\u0107 pruskie szko\u0142y podstawowe.<\/p>\n<p>Oferta odbywa si\u0119 w pomieszczeniach zamkni\u0119tych i jest skierowana do dzieci w wieku szkolnym.<br \/>\nw klasach od 1 do 10.<br \/>\nTerminy: po uzgodnieniu<br \/>\nRejestracja wst\u0119pna: z co najmniej 2-tygodniowym wyprzedzeniem<\/p>\n<p><a title=\"Muzeum Wsi Sacro \/ Wejsny muzej Zakrjow\" href=\"\/museen\/dorfmuseum-sacro\/\">Muzeum Wsi Sacro<\/a><\/p>","protected":false},"excerpt":{"rendered":"<p>W muzeum wiejskim zebrano dowody \u017cycia codziennego, kt\u00f3re dokumentuj\u0105 wiejski spos\u00f3b \u017cycia w gminach na p\u00f3\u0142noc od Forst i na wsch\u00f3d od Nysy. Zbi\u00f3r folklorystyczny jest szczeg\u00f3lnie istotny dla historii serbo\u0142u\u017cyckiej\/wendyjskiej. Ciekawa jest r\u00f3wnie\u017c kolekcja oryginalnych historycznych zdj\u0119\u0107 z okolicznych miejscowo\u015bci. Na pi\u0119trze muzeum, kt\u00f3re prezentuje si\u0119 jako budynek z muru pruskiego, mo\u017cna podziwia\u0107 m.in.<\/p>","protected":false},"author":13,"featured_media":0,"parent":380,"menu_order":0,"comment_status":"closed","ping_status":"closed","template":"","meta":[],"_links":{"self":[{"href":"https:\/\/www.lausitzer-museenland.de\/pl\/wp-json\/wp\/v2\/pages\/615"}],"collection":[{"href":"https:\/\/www.lausitzer-museenland.de\/pl\/wp-json\/wp\/v2\/pages"}],"about":[{"href":"https:\/\/www.lausitzer-museenland.de\/pl\/wp-json\/wp\/v2\/types\/page"}],"author":[{"embeddable":true,"href":"https:\/\/www.lausitzer-museenland.de\/pl\/wp-json\/wp\/v2\/users\/13"}],"replies":[{"embeddable":true,"href":"https:\/\/www.lausitzer-museenland.de\/pl\/wp-json\/wp\/v2\/comments?post=615"}],"version-history":[{"count":4,"href":"https:\/\/www.lausitzer-museenland.de\/pl\/wp-json\/wp\/v2\/pages\/615\/revisions"}],"predecessor-version":[{"id":3612,"href":"https:\/\/www.lausitzer-museenland.de\/pl\/wp-json\/wp\/v2\/pages\/615\/revisions\/3612"}],"up":[{"embeddable":true,"href":"https:\/\/www.lausitzer-museenland.de\/pl\/wp-json\/wp\/v2\/pages\/380"}],"wp:attachment":[{"href":"https:\/\/www.lausitzer-museenland.de\/pl\/wp-json\/wp\/v2\/media?parent=615"}],"curies":[{"name":"wp","href":"https:\/\/api.w.org\/{rel}","templated":true}]}}