{"id":665,"date":"2014-11-14T17:52:56","date_gmt":"2014-11-14T16:52:56","guid":{"rendered":"http:\/\/lausitzer-museenland.de\/?page_id=665"},"modified":"2017-04-05T13:06:15","modified_gmt":"2017-04-05T12:06:15","slug":"schwarze-jule-forster-stadteisenbahn","status":"publish","type":"page","link":"https:\/\/www.lausitzer-museenland.de\/pl\/serwis\/kobi\/black-jule-forster-light-railway\/","title":{"rendered":"\"Schwarze Jule\" - Kolejka Miejska w Forster - w Brandenburskim Muzeum W\u0142\u00f3kiennictwa w Forst"},"content":{"rendered":"<p>Histori\u0119 kolei miejskiej z Forster mo\u017cna pozna\u0107 w muzeum w formie obraz\u00f3w i s\u0142\u00f3w. Zwiedzaj\u0105cy dowiedz\u0105 si\u0119 ciekawych fakt\u00f3w od pierwszej podr\u00f3\u017cy w 1893 r. do ostatniej w 1965 r. Uzyskaj\u0105 odpowiedzi na wiele pyta\u0144. Dlaczego zbudowano kolej miejsk\u0105? Kto skorzysta\u0142 z tej kolei? Co przewozi\u0142? Dlaczego zosta\u0142 usuni\u0119ty z krajobrazu miasta i z systemu transportowego?<\/p>\n<p>Dzia\u0142anie: Slajd - wyk\u0142ad, zabawa w replik\u0119 \"Czarnej Sowy\" (arkusz r\u0119kodzie\u0142a\/papier)<\/p>\n<p>Oferta odbywa si\u0119 w pomieszczeniach zamkni\u0119tych i jest skierowana do dzieci w wieku szkolnym.<br \/>\nz klas 2-5.<br \/>\nTerminy: po uzgodnieniu<br \/>\nRejestracja wst\u0119pna: co najmniej 1 tydzie\u0144 wcze\u015bniej<br \/>\nCzas trwania: ok. 1,5 do 2 godzin<br \/>\nWielko\u015b\u0107 grupy: od 5 do 30 os\u00f3b<br \/>\nWst\u0119p dla jednej osoby: 3,50 \u20ac<\/p>\n<p><a title=\"Brandenburskie Muzeum W\u0142\u00f3kiennictwa Forst (\u0141u\u017cyce) \/ Bramborski tekstilny muzej Bar\u0161\u0107 (\u0141u\u017eyca)\" href=\"\/museen\/brandenburgisches-textilmuseum-forst\/\">Brandenburskie Muzeum W\u0142\u00f3kiennictwa Forst<\/a><\/p>","protected":false},"excerpt":{"rendered":"<p>Histori\u0119 kolei miejskiej w Forster mo\u017cna prze\u017cy\u0107 w muzeum w obrazach i s\u0142owach. Zwiedzaj\u0105cy poznaj\u0105 ciekawostki od pierwszej podr\u00f3\u017cy w 1893 r. do ostatniej podr\u00f3\u017cy w 1965 r. Na wiele pyta\u0144 otrzymaj\u0105 odpowiedzi. Dlaczego zbudowano kolej miejsk\u0105? Kto skorzysta\u0142 na tej kolei? Co przewozi\u0142? Dlaczego zosta\u0142 usuni\u0119ty z krajobrazu miasta i<\/p>","protected":false},"author":13,"featured_media":0,"parent":380,"menu_order":0,"comment_status":"closed","ping_status":"closed","template":"","meta":[],"_links":{"self":[{"href":"https:\/\/www.lausitzer-museenland.de\/pl\/wp-json\/wp\/v2\/pages\/665"}],"collection":[{"href":"https:\/\/www.lausitzer-museenland.de\/pl\/wp-json\/wp\/v2\/pages"}],"about":[{"href":"https:\/\/www.lausitzer-museenland.de\/pl\/wp-json\/wp\/v2\/types\/page"}],"author":[{"embeddable":true,"href":"https:\/\/www.lausitzer-museenland.de\/pl\/wp-json\/wp\/v2\/users\/13"}],"replies":[{"embeddable":true,"href":"https:\/\/www.lausitzer-museenland.de\/pl\/wp-json\/wp\/v2\/comments?post=665"}],"version-history":[{"count":4,"href":"https:\/\/www.lausitzer-museenland.de\/pl\/wp-json\/wp\/v2\/pages\/665\/revisions"}],"predecessor-version":[{"id":10842,"href":"https:\/\/www.lausitzer-museenland.de\/pl\/wp-json\/wp\/v2\/pages\/665\/revisions\/10842"}],"up":[{"embeddable":true,"href":"https:\/\/www.lausitzer-museenland.de\/pl\/wp-json\/wp\/v2\/pages\/380"}],"wp:attachment":[{"href":"https:\/\/www.lausitzer-museenland.de\/pl\/wp-json\/wp\/v2\/media?parent=665"}],"curies":[{"name":"wp","href":"https:\/\/api.w.org\/{rel}","templated":true}]}}